{"id":10871,"date":"2022-01-03T12:54:00","date_gmt":"2022-01-03T10:54:00","guid":{"rendered":"https:\/\/www.arcticdesignweek.fi\/?page_id=10871"},"modified":"2022-01-05T13:43:20","modified_gmt":"2022-01-05T11:43:20","slug":"seminars-and-workshops","status":"publish","type":"page","link":"https:\/\/www.arcticdesignweek.fi\/en\/programme\/seminars-and-workshops\/","title":{"rendered":"Seminars and workshops"},"content":{"rendered":"<p>[et_pb_section fb_built=&#8221;1&#8243; fullwidth=&#8221;on&#8221; _builder_version=&#8221;4.14.4&#8243; background_color=&#8221;#f21063&#8243; locked=&#8221;off&#8221; global_colors_info=&#8221;{}&#8221;][et_pb_fullwidth_header title=&#8221;Seminars and workshops&#8221; text_orientation=&#8221;center&#8221; admin_label=&#8221;Kirjoita t\u00e4h\u00e4n koko sivun levyinen otsikko&#8221; module_class=&#8221;ylaotsikko&#8221; _builder_version=&#8221;4.14.4&#8243; title_font=&#8221;||||||||&#8221; background_enable_color=&#8221;off&#8221; background_enable_image=&#8221;off&#8221; global_colors_info=&#8221;{}&#8221;][\/et_pb_fullwidth_header][\/et_pb_section][et_pb_section fb_built=&#8221;1&#8243; _builder_version=&#8221;4.9.0&#8243; _module_preset=&#8221;default&#8221; global_colors_info=&#8221;{}&#8221;][et_pb_row _builder_version=&#8221;4.9.0&#8243; _module_preset=&#8221;default&#8221; locked=&#8221;off&#8221; global_colors_info=&#8221;{}&#8221;][et_pb_column type=&#8221;4_4&#8243; _builder_version=&#8221;4.9.0&#8243; _module_preset=&#8221;default&#8221; global_colors_info=&#8221;{}&#8221;][et_pb_image src=&#8221;https:\/\/www.arcticdesignweek.fi\/wp-content\/uploads\/2021\/02\/ADW2021_Webinar_Arctic-Aha-300&#215;300.jpg&#8221; title_text=&#8221;ADW2021_Webinar_Arctic Aha&#8221; url=&#8221;\/tuote\/arctic-aha-webinaarilippu\/&#8221; align=&#8221;center&#8221; _builder_version=&#8221;4.9.0&#8243; _module_preset=&#8221;default&#8221; max_height=&#8221;230px&#8221; locked=&#8221;off&#8221; global_colors_info=&#8221;{}&#8221;][\/et_pb_image][et_pb_text _builder_version=&#8221;4.9.0&#8243; _module_preset=&#8221;default&#8221; text_orientation=&#8221;center&#8221; global_colors_info=&#8221;{}&#8221;]<\/p>\n<p><span style=\"font-weight: 400;\">Umbrella theme Inspiring Awareness \u2014 To make participants feel that they want to, and that they can do. What? To mitigate climate change, see it rather as an opportunity for their business and for the society, not a threat. To grasp the opportunity, participants need to understand climate change better. The ultimate goal is to support businesses, societies to succeed. Success means we as a society, and businesses reach the ambitious goal of Europe being climate neutral by 2050, and we relate this to Finland\u2019s, Lapland\u2019s, businesses\u2019 ambitions.<\/span><\/p>\n<p>[\/et_pb_text][\/et_pb_column][\/et_pb_row][\/et_pb_section][et_pb_section fb_built=&#8221;1&#8243; admin_label=&#8221;ADW Seminaarit ja workshopit&#8221; _builder_version=&#8221;4.14.4&#8243; _module_preset=&#8221;default&#8221; background_color=&#8221;#f21063&#8243; locked=&#8221;off&#8221; global_colors_info=&#8221;{}&#8221;][et_pb_row _builder_version=&#8221;4.8.2&#8243; _module_preset=&#8221;default&#8221; background_enable_color=&#8221;off&#8221; custom_margin=&#8221;30px||||false|false&#8221; locked=&#8221;off&#8221; global_colors_info=&#8221;{}&#8221;][et_pb_column type=&#8221;4_4&#8243; _builder_version=&#8221;4.7.7&#8243; _module_preset=&#8221;default&#8221; global_colors_info=&#8221;{}&#8221;][et_pb_text admin_label=&#8221;ADW Seminaarit ja workshopit&#8221; _builder_version=&#8221;4.14.4&#8243; header_2_font=&#8221;|||on|||||&#8221; text_orientation=&#8221;center&#8221; background_layout=&#8221;dark&#8221; custom_margin=&#8221;||||false|false&#8221; custom_padding=&#8221;||||false|false&#8221; global_colors_info=&#8221;{}&#8221;]<\/p>\n<h2>Seminars and workshops<\/h2>\n<p>[\/et_pb_text][et_pb_code _builder_version=&#8221;4.8.2&#8243; _module_preset=&#8221;default&#8221; global_colors_info=&#8221;{}&#8221;]<script type=\"text\/javascript\" src=\"https:\/\/eventzwidgets-backend.eventz.today\/initial-loader-widget\/ver-3.0\/simple-page-list-3\/37898663?site_id=5d53be9978cb0a2f5d1c58c5&#038;country=FI&#038;lang=fi&#038;dataUrl=%2Fcollection%2F5f6ddee14341b3388a7d025b%2Fcontent%3Flang%3Dfi%26country%3DFI%26pageTypes%3Devent%26type%3Djson-exploded%26version%3D3%26apiKey%3D654bd350477a0a14f5cd7df6&#038;params=showCountInRow%3D3%26initialCount%3D10%26more%3D10%26limit%3D500%26useInSitePageDetails%3Dtrue%26useInSiteHash%3Dtrue%26target%3D_top%26apiKey%3D654bd350477a0a14f5cd7df6\"><\/script><!-- [et_pb_line_break_holder] --><\/p>\n<div id=\"EVENTZ-WIDGET-37898663\"><\/div>\n<p><!-- [et_pb_line_break_holder] -->[\/et_pb_code][\/et_pb_column][\/et_pb_row][\/et_pb_section][et_pb_section fb_built=&#8221;1&#8243; _builder_version=&#8221;3.29.3&#8243; locked=&#8221;off&#8221; global_colors_info=&#8221;{}&#8221;][et_pb_row _builder_version=&#8221;3.29.3&#8243; global_colors_info=&#8221;{}&#8221;][et_pb_column type=&#8221;4_4&#8243; _builder_version=&#8221;3.29.3&#8243; global_colors_info=&#8221;{}&#8221;][et_pb_text admin_label=&#8221;Kirjoita t\u00e4h\u00e4n otsikko&#8221; _builder_version=&#8221;4.8.2&#8243; text_orientation=&#8221;center&#8221; custom_margin=&#8221;||||false|false&#8221; custom_padding=&#8221;||||false|false&#8221; global_colors_info=&#8221;{}&#8221;]<\/p>\n<h2>Keskustelutilaisuudet pyrkiv\u00e4t avaamaan n\u00e4k\u00f6kulmia ja mahdollistamaan vaikuttamisen sek\u00e4 l\u00f6yt\u00e4m\u00e4\u00e4n uusia kontakteja<\/h2>\n<p>[\/et_pb_text][et_pb_divider divider_position=&#8221;center&#8221; divider_weight=&#8221;2px&#8221; disabled_on=&#8221;off|off|off&#8221; _builder_version=&#8221;4.6.5&#8243; max_width=&#8221;100px&#8221; module_alignment=&#8221;center&#8221; height=&#8221;false&#8221; custom_margin=&#8221;-10px||||false|false&#8221; animation_direction=&#8221;top&#8221; saved_tabs=&#8221;all&#8221; locked=&#8221;off&#8221; global_colors_info=&#8221;{}&#8221;][\/et_pb_divider][et_pb_text admin_label=&#8221;Ingressi&#8221; module_class=&#8221;kavennettuingressi&#8221; _builder_version=&#8221;4.8.2&#8243; text_font_size=&#8221;18px&#8221; text_orientation=&#8221;center&#8221; global_colors_info=&#8221;{}&#8221;]Design Forum Finland, Lapin yliopisto ja BusinessRovaniemi j\u00e4rjest\u00e4v\u00e4t Arctic Design Weekill\u00e4 keskustelutilaisuuksia, joissa k\u00e4sitell\u00e4\u00e4n ajankohtaisista aiheita, teemoja ja tarjotaan ratkaisuita liiketoiminnan kehitt\u00e4miseksi. Tarkemmat tiedot tapahtumista l\u00f6yd\u00e4t ohjelmakalenterista.<br \/>\n[\/et_pb_text][\/et_pb_column][\/et_pb_row][\/et_pb_section][et_pb_section fb_built=&#8221;1&#8243; _builder_version=&#8221;3.29.3&#8243; custom_padding=&#8221;0px||0px||false|false&#8221; locked=&#8221;off&#8221; global_colors_info=&#8221;{}&#8221;][et_pb_row column_structure=&#8221;1_2,1_2&#8243; use_custom_gutter=&#8221;on&#8221; gutter_width=&#8221;1&#8243; make_equal=&#8221;on&#8221; _builder_version=&#8221;4.0.3&#8243; width=&#8221;100%&#8221; max_width=&#8221;100%&#8221; custom_margin=&#8221;||||false|false&#8221; custom_padding=&#8221;0px||0px||false|false&#8221; global_colors_info=&#8221;{}&#8221;][et_pb_column type=&#8221;1_2&#8243; _builder_version=&#8221;4.0.3&#8243; background_image=&#8221;https:\/\/www.arcticdesignweek.fi\/wp-content\/uploads\/2019\/10\/Arktikum_KuvaArtoVitikka.jpg&#8221; global_colors_info=&#8221;{}&#8221;][et_pb_divider show_divider=&#8221;off&#8221; admin_label=&#8221;Jakaja: Kuvan korkeus&#8221; _builder_version=&#8221;4.9.2&#8243; height=&#8221;300px&#8221; max_height=&#8221;300px&#8221; saved_tabs=&#8221;all&#8221; global_colors_info=&#8221;{}&#8221;][\/et_pb_divider][\/et_pb_column][et_pb_column type=&#8221;1_2&#8243; _builder_version=&#8221;3.29.3&#8243; background_color=&#8221;#0a0a0a&#8221; custom_padding=&#8221;12%|12%|12%|12%|false|false&#8221; global_colors_info=&#8221;{}&#8221;][et_pb_text admin_label=&#8221;Kirjoita t\u00e4h\u00e4n otsikko&#8221; _builder_version=&#8221;4.0.3&#8243; background_layout=&#8221;dark&#8221; text_orientation_tablet=&#8221;center&#8221; text_orientation_phone=&#8221;&#8221; text_orientation_last_edited=&#8221;on|desktop&#8221; global_colors_info=&#8221;{}&#8221;]<\/p>\n<h3>Arctic Caf\u00e9 -keskustelutilaisuus<\/h3>\n<p>[\/et_pb_text][et_pb_text _builder_version=&#8221;4.0.3&#8243; background_layout=&#8221;dark&#8221; text_orientation_tablet=&#8221;center&#8221; text_orientation_phone=&#8221;&#8221; text_orientation_last_edited=&#8221;on|desktop&#8221; global_colors_info=&#8221;{}&#8221;]Arktisen keskuksen keskustelutilaisuudessa puhutaan joka vuosi eri teemasta, joka liittyy pohjoiseen elinymp\u00e4rist\u00f6\u00f6n, muotoiluun ja tietysti Arktiseen keskukseen. Tapahtuma on Arktisen keskuksen j\u00e4rjest\u00e4m\u00e4 ja avoin kaikille.<br \/>\n[\/et_pb_text][\/et_pb_column][\/et_pb_row][et_pb_row column_structure=&#8221;1_2,1_2&#8243; use_custom_gutter=&#8221;on&#8221; gutter_width=&#8221;1&#8243; make_equal=&#8221;on&#8221; _builder_version=&#8221;4.0.3&#8243; width=&#8221;100%&#8221; max_width=&#8221;100%&#8221; custom_margin=&#8221;||||false|false&#8221; custom_padding=&#8221;0px||0px||false|false&#8221; global_colors_info=&#8221;{}&#8221;][et_pb_column type=&#8221;1_2&#8243; _builder_version=&#8221;3.29.3&#8243; background_color=&#8221;#ffffff&#8221; custom_padding=&#8221;12%|12%|12%|12%|false|false&#8221; global_colors_info=&#8221;{}&#8221;][et_pb_text admin_label=&#8221;Kirjoita t\u00e4h\u00e4n otsikko&#8221; _builder_version=&#8221;4.0.3&#8243; text_orientation_tablet=&#8221;center&#8221; text_orientation_phone=&#8221;&#8221; text_orientation_last_edited=&#8221;on|desktop&#8221; global_colors_info=&#8221;{}&#8221;]<\/p>\n<h3>Pilke Caf\u00e9 -keskustelutilaisuus<\/h3>\n<p>[\/et_pb_text][et_pb_text _builder_version=&#8221;4.0.3&#8243; text_orientation_tablet=&#8221;center&#8221; text_orientation_phone=&#8221;&#8221; text_orientation_last_edited=&#8221;on|desktop&#8221; global_colors_info=&#8221;{}&#8221;]Mets\u00e4hallituksen Tiedekeskus Pilkkeess\u00e4 j\u00e4rjestetyt Pilke Caf\u00e9 -keskustelutilaisuudet puhuttavat kuuntelijoita. Tilaisuudet ovat avoimia ja antavat Mets\u00e4hallitukselle mahdollisuuden keskustella yleis\u00f6n kanssa ajankohtaisista aiheista.<br \/>\n[\/et_pb_text][\/et_pb_column][et_pb_column type=&#8221;1_2&#8243; _builder_version=&#8221;4.0.3&#8243; background_image=&#8221;https:\/\/www.arcticdesignweek.fi\/wp-content\/uploads\/2019\/10\/snowy-landscape-rovaniemi-3.jpg&#8221; global_colors_info=&#8221;{}&#8221;][et_pb_divider show_divider=&#8221;off&#8221; admin_label=&#8221;Jakaja: Kuvan korkeus&#8221; _builder_version=&#8221;4.9.2&#8243; height=&#8221;300px&#8221; max_height=&#8221;300px&#8221; saved_tabs=&#8221;all&#8221; global_colors_info=&#8221;{}&#8221;][\/et_pb_divider][\/et_pb_column][\/et_pb_row][\/et_pb_section][et_pb_section fb_built=&#8221;1&#8243; _builder_version=&#8221;3.29.3&#8243; background_image=&#8221;https:\/\/www.arcticdesignweek.fi\/wp-content\/uploads\/2019\/10\/ArcticDesignWeek_Tausta_vaalea.jpg&#8221; locked=&#8221;off&#8221; global_colors_info=&#8221;{}&#8221;][et_pb_row _builder_version=&#8221;3.29.3&#8243; global_colors_info=&#8221;{}&#8221;][et_pb_column type=&#8221;4_4&#8243; _builder_version=&#8221;3.29.3&#8243; global_colors_info=&#8221;{}&#8221;][et_pb_text admin_label=&#8221;Kirjoita t\u00e4h\u00e4n otsikko&#8221; _builder_version=&#8221;4.0.3&#8243; text_orientation=&#8221;center&#8221; custom_margin=&#8221;||||false|false&#8221; custom_padding=&#8221;||||false|false&#8221; global_colors_info=&#8221;{}&#8221;]<\/p>\n<h2>Arctic Design Weekille voi ehdottaa omia aiheitaan muotoilusta<\/h2>\n<p>[\/et_pb_text][et_pb_divider divider_position=&#8221;center&#8221; divider_weight=&#8221;2px&#8221; disabled_on=&#8221;off|off|off&#8221; _builder_version=&#8221;4.6.5&#8243; max_width=&#8221;100px&#8221; module_alignment=&#8221;center&#8221; height=&#8221;false&#8221; custom_margin=&#8221;-10px||||false|false&#8221; animation_direction=&#8221;top&#8221; saved_tabs=&#8221;all&#8221; locked=&#8221;off&#8221; global_colors_info=&#8221;{}&#8221;][\/et_pb_divider][et_pb_text module_class=&#8221;kavennettuteksti&#8221; _builder_version=&#8221;4.0.3&#8243; text_orientation=&#8221;center&#8221; global_colors_info=&#8221;{}&#8221;]Haluaisitko j\u00e4rjest\u00e4\u00e4 keskustelutilaisuuden muotoilusta ja mutoilun parissa toimimisesta. Othan yhteytt\u00e4 ja keskustellaan lis\u00e4\u00e4. Arctic Design Week toimii my\u00f6s lanseerausareenana uusille ideoille ja tuotteille.<br \/>\n[\/et_pb_text][et_pb_button button_text=&#8221;Tule mukaan&#8221; button_alignment=&#8221;center&#8221; _builder_version=&#8221;4.0.3&#8243; global_colors_info=&#8221;{}&#8221;][\/et_pb_button][\/et_pb_column][\/et_pb_row][\/et_pb_section]<\/p>\n","protected":false},"excerpt":{"rendered":"<p>Umbrella theme Inspiring Awareness \u2014 To make participants feel that they want to, and that they can do. What? To mitigate climate change, see it rather as an opportunity for their business and for the society, not a threat. To grasp the opportunity, participants need to understand climate change better. The ultimate goal is to [&hellip;]<\/p>\n","protected":false},"author":1,"featured_media":0,"parent":4501,"menu_order":0,"comment_status":"closed","ping_status":"closed","template":"","meta":{"_acf_changed":false,"_et_pb_use_builder":"on","_et_pb_old_content":"<p>[et_pb_section fb_built=\"1\" fullwidth=\"on\" _builder_version=\"4.14.4\" hover_enabled=\"0\" locked=\"off\" global_colors_info=\"{}\" sticky_enabled=\"0\" background_color=\"#f21063\"][et_pb_fullwidth_header title=\"Seminaarit ja workshopit\" text_orientation=\"center\" admin_label=\"Kirjoita t\u00e4h\u00e4n koko sivun levyinen otsikko\" module_class=\"ylaotsikko\" _builder_version=\"4.14.4\" title_font=\"||||||||\" background_enable_color=\"off\" hover_enabled=\"0\" global_colors_info=\"{}\" background_enable_image=\"off\" sticky_enabled=\"0\"][\/et_pb_fullwidth_header][\/et_pb_section][et_pb_section fb_built=\"1\" _builder_version=\"4.9.0\" _module_preset=\"default\" global_colors_info=\"{}\"][et_pb_row _builder_version=\"4.9.0\" _module_preset=\"default\" locked=\"off\" global_colors_info=\"{}\"][et_pb_column type=\"4_4\" _builder_version=\"4.9.0\" _module_preset=\"default\" global_colors_info=\"{}\"][et_pb_image src=\"https:\/\/www.arcticdesignweek.fi\/wp-content\/uploads\/2021\/02\/ADW2021_Webinar_Arctic-Aha-300x300.jpg\" title_text=\"ADW2021_Webinar_Arctic Aha\" url=\"\/tuote\/arctic-aha-webinaarilippu\/\" align=\"center\" _builder_version=\"4.9.0\" _module_preset=\"default\" max_height=\"230px\" locked=\"off\" global_colors_info=\"{}\"][\/et_pb_image][et_pb_text _builder_version=\"4.9.0\" _module_preset=\"default\" text_orientation=\"center\" global_colors_info=\"{}\"]Koettelemuksissa jotkut selvi\u00e4v\u00e4t paremmin kuin toiset ja voimme oppia niilt\u00e4, jotka selvi\u00e4v\u00e4t. Miten selviytymiskyky\u00e4 voivahvistaa? Resilienssi auttaa meit\u00e4 toipumaan koettelemuksista ja osa l\u00f6yt\u00e4\u00e4 my\u00f6s entist\u00e4 parempia ratkaisuja. Vuosi sitten korona yll\u00e4tti meid\u00e4t ja pandemia vaikuttaa yh\u00e4 meid\u00e4n kaikkien el\u00e4m\u00e4\u00e4n. Pandemia v\u00e4istyy aikanaan, mutta ennemmin tai my\u00f6hemmin tulee uusia koettelemuksia.<\/p><p>Arctic AHA! -foorumeissa jaamme kanssasi niiden yritysten kertomuksia, jotka ovat sel\u00e4tt\u00e4neet koronan vaikutukset ja l\u00f6yt\u00e4neet uusia tapoja toimia. Puhumme my\u00f6s tulevaisuudesta: millaisessa tulevaisuudessa haluamme el\u00e4\u00e4. Vaikka korona-pandemia on vienyt paljon huomiotamme, suurin haasteemme ilmastonmuutos vaatii ratkaisuja pandemiankin aikana.[\/et_pb_text][\/et_pb_column][\/et_pb_row][\/et_pb_section][et_pb_section fb_built=\"1\" admin_label=\"ADW Seminaarit ja workshopit\" _builder_version=\"4.14.4\" _module_preset=\"default\" background_color=\"#f21063\" hover_enabled=\"0\" locked=\"off\" global_colors_info=\"{}\" sticky_enabled=\"0\"][et_pb_row _builder_version=\"4.8.2\" _module_preset=\"default\" background_enable_color=\"off\" custom_margin=\"30px||||false|false\" locked=\"off\" global_colors_info=\"{}\"][et_pb_column type=\"4_4\" _builder_version=\"4.7.7\" _module_preset=\"default\" global_colors_info=\"{}\"][et_pb_text admin_label=\"ADW Seminaarit ja workshopit\" _builder_version=\"4.14.4\" header_2_font=\"|||on|||||\" text_orientation=\"center\" background_layout=\"dark\" custom_margin=\"||||false|false\" custom_padding=\"||||false|false\" hover_enabled=\"0\" global_colors_info=\"{}\" sticky_enabled=\"0\"]<\/p><h2>Seminaarit ja workshopit<\/h2><p>[\/et_pb_text][et_pb_code _builder_version=\"4.8.2\" _module_preset=\"default\" global_colors_info=\"{}\"]<script type=\"text\/javascript\" src=\"https:\/\/eventzwidgets-backend.eventz.today\/initial-loader-widget\/ver-3.0\/simple-page-list-3\/37898663?site_id=5d53be9978cb0a2f5d1c58c5&country=FI&lang=fi&dataUrl=%2Fcollection%2F5f6ddee14341b3388a7d025b%2Fcontent%3Flang%3Dfi%26country%3DFI%26pageTypes%3Devent%26type%3Djson-exploded%26version%3D3%26apiKey%3D654bd350477a0a14f5cd7df6&params=showCountInRow%3D3%26initialCount%3D10%26more%3D10%26limit%3D500%26useInSitePageDetails%3Dtrue%26useInSiteHash%3Dtrue%26target%3D_top%26apiKey%3D654bd350477a0a14f5cd7df6\"><\/script><\/p><div id=\"EVENTZ-WIDGET-37898663\">\u00a0<\/div><p>[\/et_pb_code][\/et_pb_column][\/et_pb_row][\/et_pb_section][et_pb_section fb_built=\"1\" _builder_version=\"3.29.3\" locked=\"off\" global_colors_info=\"{}\"][et_pb_row _builder_version=\"3.29.3\" global_colors_info=\"{}\"][et_pb_column type=\"4_4\" _builder_version=\"3.29.3\" global_colors_info=\"{}\"][et_pb_text admin_label=\"Kirjoita t\u00e4h\u00e4n otsikko\" _builder_version=\"4.8.2\" text_orientation=\"center\" custom_margin=\"||||false|false\" custom_padding=\"||||false|false\" global_colors_info=\"{}\"]<\/p><h2>Keskustelutilaisuudet pyrkiv\u00e4t avaamaan n\u00e4k\u00f6kulmia ja mahdollistamaan vaikuttamisen sek\u00e4 l\u00f6yt\u00e4m\u00e4\u00e4n uusia kontakteja<\/h2><p>[\/et_pb_text][et_pb_divider divider_position=\"center\" divider_weight=\"2px\" disabled_on=\"off|off|off\" _builder_version=\"4.6.5\" max_width=\"100px\" module_alignment=\"center\" height=\"false\" custom_margin=\"-10px||||false|false\" animation_direction=\"top\" global_module=\"369\" saved_tabs=\"all\" locked=\"off\" global_colors_info=\"{}\"][\/et_pb_divider][et_pb_text admin_label=\"Ingressi\" module_class=\"kavennettuingressi\" _builder_version=\"4.8.2\" text_font_size=\"18px\" text_orientation=\"center\" global_colors_info=\"{}\"]<\/p><p>Design Forum Finland, Lapin yliopisto ja BusinessRovaniemi j\u00e4rjest\u00e4v\u00e4t Arctic Design Weekill\u00e4 keskustelutilaisuuksia, joissa k\u00e4sitell\u00e4\u00e4n ajankohtaisista aiheita, teemoja ja tarjotaan ratkaisuita liiketoiminnan kehitt\u00e4miseksi. Tarkemmat tiedot tapahtumista l\u00f6yd\u00e4t ohjelmakalenterista.<\/p><p>[\/et_pb_text][\/et_pb_column][\/et_pb_row][\/et_pb_section][et_pb_section fb_built=\"1\" _builder_version=\"3.29.3\" custom_padding=\"0px||0px||false|false\" locked=\"off\" global_colors_info=\"{}\"][et_pb_row column_structure=\"1_2,1_2\" use_custom_gutter=\"on\" gutter_width=\"1\" make_equal=\"on\" _builder_version=\"4.0.3\" width=\"100%\" max_width=\"100%\" custom_margin=\"||||false|false\" custom_padding=\"0px||0px||false|false\" global_colors_info=\"{}\"][et_pb_column type=\"1_2\" _builder_version=\"4.0.3\" background_image=\"https:\/\/www.arcticdesignweek.fi\/wp-content\/uploads\/2019\/10\/Arktikum_KuvaArtoVitikka.jpg\" global_colors_info=\"{}\"][et_pb_divider show_divider=\"off\" admin_label=\"Jakaja: Kuvan korkeus\" _builder_version=\"4.9.2\" height=\"300px\" max_height=\"300px\" global_module=\"666\" saved_tabs=\"all\" global_colors_info=\"{}\"][\/et_pb_divider][\/et_pb_column][et_pb_column type=\"1_2\" _builder_version=\"3.29.3\" background_color=\"#0a0a0a\" custom_padding=\"12%|12%|12%|12%|false|false\" global_colors_info=\"{}\"][et_pb_text admin_label=\"Kirjoita t\u00e4h\u00e4n otsikko\" _builder_version=\"4.0.3\" background_layout=\"dark\" text_orientation_tablet=\"center\" text_orientation_phone=\"\" text_orientation_last_edited=\"on|desktop\" global_colors_info=\"{}\"]<\/p><h3>Arctic Caf\u00e9 -keskustelutilaisuus\u00a0<\/h3><p>[\/et_pb_text][et_pb_text _builder_version=\"4.0.3\" background_layout=\"dark\" text_orientation_tablet=\"center\" text_orientation_phone=\"\" text_orientation_last_edited=\"on|desktop\" global_colors_info=\"{}\"]<\/p><p>Arktisen keskuksen keskustelutilaisuudessa puhutaan joka vuosi eri teemasta, joka liittyy pohjoiseen elinymp\u00e4rist\u00f6\u00f6n, muotoiluun ja tietysti Arktiseen keskukseen. Tapahtuma on Arktisen keskuksen j\u00e4rjest\u00e4m\u00e4 ja avoin kaikille.\u00a0<\/p><p>[\/et_pb_text][\/et_pb_column][\/et_pb_row][et_pb_row column_structure=\"1_2,1_2\" use_custom_gutter=\"on\" gutter_width=\"1\" make_equal=\"on\" _builder_version=\"4.0.3\" width=\"100%\" max_width=\"100%\" custom_margin=\"||||false|false\" custom_padding=\"0px||0px||false|false\" global_colors_info=\"{}\"][et_pb_column type=\"1_2\" _builder_version=\"3.29.3\" background_color=\"#ffffff\" custom_padding=\"12%|12%|12%|12%|false|false\" global_colors_info=\"{}\"][et_pb_text admin_label=\"Kirjoita t\u00e4h\u00e4n otsikko\" _builder_version=\"4.0.3\" text_orientation_tablet=\"center\" text_orientation_phone=\"\" text_orientation_last_edited=\"on|desktop\" global_colors_info=\"{}\"]<\/p><h3>Pilke Caf\u00e9 -keskustelutilaisuus\u00a0<\/h3><p>[\/et_pb_text][et_pb_text _builder_version=\"4.0.3\" text_orientation_tablet=\"center\" text_orientation_phone=\"\" text_orientation_last_edited=\"on|desktop\" global_colors_info=\"{}\"]<\/p><p>Mets\u00e4hallituksen Tiedekeskus Pilkkeess\u00e4 j\u00e4rjestetyt Pilke Caf\u00e9 -keskustelutilaisuudet puhuttavat kuuntelijoita. Tilaisuudet ovat avoimia ja antavat Mets\u00e4hallitukselle mahdollisuuden keskustella yleis\u00f6n kanssa ajankohtaisista aiheista.<\/p><p>[\/et_pb_text][\/et_pb_column][et_pb_column type=\"1_2\" _builder_version=\"4.0.3\" background_image=\"https:\/\/www.arcticdesignweek.fi\/wp-content\/uploads\/2019\/10\/snowy-landscape-rovaniemi-3.jpg\" global_colors_info=\"{}\"][et_pb_divider show_divider=\"off\" admin_label=\"Jakaja: Kuvan korkeus\" _builder_version=\"4.9.2\" height=\"300px\" max_height=\"300px\" global_module=\"666\" saved_tabs=\"all\" global_colors_info=\"{}\"][\/et_pb_divider][\/et_pb_column][\/et_pb_row][\/et_pb_section][et_pb_section fb_built=\"1\" _builder_version=\"3.29.3\" background_image=\"https:\/\/www.arcticdesignweek.fi\/wp-content\/uploads\/2019\/10\/ArcticDesignWeek_Tausta_vaalea.jpg\" locked=\"off\" global_colors_info=\"{}\"][et_pb_row _builder_version=\"3.29.3\" global_colors_info=\"{}\"][et_pb_column type=\"4_4\" _builder_version=\"3.29.3\" global_colors_info=\"{}\"][et_pb_text admin_label=\"Kirjoita t\u00e4h\u00e4n otsikko\" _builder_version=\"4.0.3\" text_orientation=\"center\" custom_margin=\"||||false|false\" custom_padding=\"||||false|false\" global_colors_info=\"{}\"]<\/p><h2>Arctic Design Weekille voi ehdottaa omia aiheitaan muotoilusta<\/h2><p>[\/et_pb_text][et_pb_divider divider_position=\"center\" divider_weight=\"2px\" disabled_on=\"off|off|off\" _builder_version=\"4.6.5\" max_width=\"100px\" module_alignment=\"center\" height=\"false\" custom_margin=\"-10px||||false|false\" animation_direction=\"top\" global_module=\"369\" saved_tabs=\"all\" locked=\"off\" global_colors_info=\"{}\"][\/et_pb_divider][et_pb_text module_class=\"kavennettuteksti\" _builder_version=\"4.0.3\" text_orientation=\"center\" global_colors_info=\"{}\"]<\/p><p>Haluaisitko j\u00e4rjest\u00e4\u00e4 keskustelutilaisuuden muotoilusta ja mutoilun parissa toimimisesta. Othan yhteytt\u00e4 ja keskustellaan lis\u00e4\u00e4. Arctic Design Week toimii my\u00f6s lanseerausareenana uusille ideoille ja tuotteille.<\/p><p>[\/et_pb_text][et_pb_button button_text=\"Tule mukaan\" button_alignment=\"center\" _builder_version=\"4.0.3\" global_colors_info=\"{}\"][\/et_pb_button][\/et_pb_column][\/et_pb_row][\/et_pb_section]<\/p>","_et_gb_content_width":"","inline_featured_image":false,"footnotes":""},"class_list":["post-10871","page","type-page","status-publish","hentry"],"acf":[],"yoast_head":"<!-- This site is optimized with the Yoast SEO plugin v26.6 - https:\/\/yoast.com\/wordpress\/plugins\/seo\/ -->\n<title>Seminars and workshops - Arctic Design Week<\/title>\n<meta name=\"robots\" content=\"index, follow, max-snippet:-1, max-image-preview:large, max-video-preview:-1\" \/>\n<link rel=\"canonical\" href=\"https:\/\/www.arcticdesignweek.fi\/en\/programme\/seminars-and-workshops\/\" \/>\n<meta property=\"og:locale\" content=\"en_US\" \/>\n<meta property=\"og:type\" content=\"article\" \/>\n<meta property=\"og:title\" content=\"Seminars and workshops - Arctic Design Week\" \/>\n<meta property=\"og:description\" content=\"Umbrella theme Inspiring Awareness \u2014 To make participants feel that they want to, and that they can do. What? To mitigate climate change, see it rather as an opportunity for their business and for the society, not a threat. To grasp the opportunity, participants need to understand climate change better. The ultimate goal is to [&hellip;]\" \/>\n<meta property=\"og:url\" content=\"https:\/\/www.arcticdesignweek.fi\/en\/programme\/seminars-and-workshops\/\" \/>\n<meta property=\"og:site_name\" content=\"Arctic Design Week\" \/>\n<meta property=\"article:publisher\" content=\"https:\/\/www.facebook.com\/arcticdesignweek\" \/>\n<meta property=\"article:modified_time\" content=\"2022-01-05T11:43:20+00:00\" \/>\n<meta property=\"og:image\" content=\"https:\/\/www.arcticdesignweek.fi\/wp-content\/uploads\/2019\/10\/ArcticDesignWeek_Alisivu_1.jpg\" \/>\n\t<meta property=\"og:image:width\" content=\"1400\" \/>\n\t<meta property=\"og:image:height\" content=\"578\" \/>\n\t<meta property=\"og:image:type\" content=\"image\/jpeg\" \/>\n<meta name=\"twitter:card\" content=\"summary_large_image\" \/>\n<meta name=\"twitter:site\" content=\"@Arctic_D_Week\" \/>\n<meta name=\"twitter:label1\" content=\"Est. reading time\" \/>\n\t<meta name=\"twitter:data1\" content=\"6 minutes\" \/>\n<script type=\"application\/ld+json\" class=\"yoast-schema-graph\">{\"@context\":\"https:\/\/schema.org\",\"@graph\":[{\"@type\":\"WebPage\",\"@id\":\"https:\/\/www.arcticdesignweek.fi\/en\/programme\/seminars-and-workshops\/\",\"url\":\"https:\/\/www.arcticdesignweek.fi\/en\/programme\/seminars-and-workshops\/\",\"name\":\"Seminars and workshops - Arctic Design Week\",\"isPartOf\":{\"@id\":\"https:\/\/www.arcticdesignweek.fi\/en\/#website\"},\"datePublished\":\"2022-01-03T10:54:00+00:00\",\"dateModified\":\"2022-01-05T11:43:20+00:00\",\"breadcrumb\":{\"@id\":\"https:\/\/www.arcticdesignweek.fi\/en\/programme\/seminars-and-workshops\/#breadcrumb\"},\"inLanguage\":\"en-US\",\"potentialAction\":[{\"@type\":\"ReadAction\",\"target\":[\"https:\/\/www.arcticdesignweek.fi\/en\/programme\/seminars-and-workshops\/\"]}]},{\"@type\":\"BreadcrumbList\",\"@id\":\"https:\/\/www.arcticdesignweek.fi\/en\/programme\/seminars-and-workshops\/#breadcrumb\",\"itemListElement\":[{\"@type\":\"ListItem\",\"position\":1,\"name\":\"Home\",\"item\":\"https:\/\/www.arcticdesignweek.fi\/en\/\"},{\"@type\":\"ListItem\",\"position\":2,\"name\":\"Programme\",\"item\":\"https:\/\/www.arcticdesignweek.fi\/en\/programme\/\"},{\"@type\":\"ListItem\",\"position\":3,\"name\":\"Seminars and workshops\"}]},{\"@type\":\"WebSite\",\"@id\":\"https:\/\/www.arcticdesignweek.fi\/en\/#website\",\"url\":\"https:\/\/www.arcticdesignweek.fi\/en\/\",\"name\":\"Arctic Design Week\",\"description\":\"2020\",\"publisher\":{\"@id\":\"https:\/\/www.arcticdesignweek.fi\/en\/#organization\"},\"potentialAction\":[{\"@type\":\"SearchAction\",\"target\":{\"@type\":\"EntryPoint\",\"urlTemplate\":\"https:\/\/www.arcticdesignweek.fi\/en\/?s={search_term_string}\"},\"query-input\":{\"@type\":\"PropertyValueSpecification\",\"valueRequired\":true,\"valueName\":\"search_term_string\"}}],\"inLanguage\":\"en-US\"},{\"@type\":\"Organization\",\"@id\":\"https:\/\/www.arcticdesignweek.fi\/en\/#organization\",\"name\":\"Arctic Design Week\",\"url\":\"https:\/\/www.arcticdesignweek.fi\/en\/\",\"logo\":{\"@type\":\"ImageObject\",\"inLanguage\":\"en-US\",\"@id\":\"https:\/\/www.arcticdesignweek.fi\/en\/#\/schema\/logo\/image\/\",\"url\":\"https:\/\/www.arcticdesignweek.fi\/wp-content\/uploads\/2019\/11\/ArcticDesignWeek_Favicon_600px.jpg\",\"contentUrl\":\"https:\/\/www.arcticdesignweek.fi\/wp-content\/uploads\/2019\/11\/ArcticDesignWeek_Favicon_600px.jpg\",\"width\":600,\"height\":600,\"caption\":\"Arctic Design Week\"},\"image\":{\"@id\":\"https:\/\/www.arcticdesignweek.fi\/en\/#\/schema\/logo\/image\/\"},\"sameAs\":[\"https:\/\/www.facebook.com\/arcticdesignweek\",\"https:\/\/x.com\/Arctic_D_Week\",\"https:\/\/www.instagram.com\/arcticdesignweek\/\",\"https:\/\/www.youtube.com\/channel\/UCvGHdF2zXScI_wKMCswPbUQ\"]}]}<\/script>\n<!-- \/ Yoast SEO plugin. -->","yoast_head_json":{"title":"Seminars and workshops - Arctic Design Week","robots":{"index":"index","follow":"follow","max-snippet":"max-snippet:-1","max-image-preview":"max-image-preview:large","max-video-preview":"max-video-preview:-1"},"canonical":"https:\/\/www.arcticdesignweek.fi\/en\/programme\/seminars-and-workshops\/","og_locale":"en_US","og_type":"article","og_title":"Seminars and workshops - Arctic Design Week","og_description":"Umbrella theme Inspiring Awareness \u2014 To make participants feel that they want to, and that they can do. What? To mitigate climate change, see it rather as an opportunity for their business and for the society, not a threat. To grasp the opportunity, participants need to understand climate change better. The ultimate goal is to [&hellip;]","og_url":"https:\/\/www.arcticdesignweek.fi\/en\/programme\/seminars-and-workshops\/","og_site_name":"Arctic Design Week","article_publisher":"https:\/\/www.facebook.com\/arcticdesignweek","article_modified_time":"2022-01-05T11:43:20+00:00","og_image":[{"width":1400,"height":578,"url":"https:\/\/www.arcticdesignweek.fi\/wp-content\/uploads\/2019\/10\/ArcticDesignWeek_Alisivu_1.jpg","type":"image\/jpeg"}],"twitter_card":"summary_large_image","twitter_site":"@Arctic_D_Week","twitter_misc":{"Est. reading time":"6 minutes"},"schema":{"@context":"https:\/\/schema.org","@graph":[{"@type":"WebPage","@id":"https:\/\/www.arcticdesignweek.fi\/en\/programme\/seminars-and-workshops\/","url":"https:\/\/www.arcticdesignweek.fi\/en\/programme\/seminars-and-workshops\/","name":"Seminars and workshops - Arctic Design Week","isPartOf":{"@id":"https:\/\/www.arcticdesignweek.fi\/en\/#website"},"datePublished":"2022-01-03T10:54:00+00:00","dateModified":"2022-01-05T11:43:20+00:00","breadcrumb":{"@id":"https:\/\/www.arcticdesignweek.fi\/en\/programme\/seminars-and-workshops\/#breadcrumb"},"inLanguage":"en-US","potentialAction":[{"@type":"ReadAction","target":["https:\/\/www.arcticdesignweek.fi\/en\/programme\/seminars-and-workshops\/"]}]},{"@type":"BreadcrumbList","@id":"https:\/\/www.arcticdesignweek.fi\/en\/programme\/seminars-and-workshops\/#breadcrumb","itemListElement":[{"@type":"ListItem","position":1,"name":"Home","item":"https:\/\/www.arcticdesignweek.fi\/en\/"},{"@type":"ListItem","position":2,"name":"Programme","item":"https:\/\/www.arcticdesignweek.fi\/en\/programme\/"},{"@type":"ListItem","position":3,"name":"Seminars and workshops"}]},{"@type":"WebSite","@id":"https:\/\/www.arcticdesignweek.fi\/en\/#website","url":"https:\/\/www.arcticdesignweek.fi\/en\/","name":"Arctic Design Week","description":"2020","publisher":{"@id":"https:\/\/www.arcticdesignweek.fi\/en\/#organization"},"potentialAction":[{"@type":"SearchAction","target":{"@type":"EntryPoint","urlTemplate":"https:\/\/www.arcticdesignweek.fi\/en\/?s={search_term_string}"},"query-input":{"@type":"PropertyValueSpecification","valueRequired":true,"valueName":"search_term_string"}}],"inLanguage":"en-US"},{"@type":"Organization","@id":"https:\/\/www.arcticdesignweek.fi\/en\/#organization","name":"Arctic Design Week","url":"https:\/\/www.arcticdesignweek.fi\/en\/","logo":{"@type":"ImageObject","inLanguage":"en-US","@id":"https:\/\/www.arcticdesignweek.fi\/en\/#\/schema\/logo\/image\/","url":"https:\/\/www.arcticdesignweek.fi\/wp-content\/uploads\/2019\/11\/ArcticDesignWeek_Favicon_600px.jpg","contentUrl":"https:\/\/www.arcticdesignweek.fi\/wp-content\/uploads\/2019\/11\/ArcticDesignWeek_Favicon_600px.jpg","width":600,"height":600,"caption":"Arctic Design Week"},"image":{"@id":"https:\/\/www.arcticdesignweek.fi\/en\/#\/schema\/logo\/image\/"},"sameAs":["https:\/\/www.facebook.com\/arcticdesignweek","https:\/\/x.com\/Arctic_D_Week","https:\/\/www.instagram.com\/arcticdesignweek\/","https:\/\/www.youtube.com\/channel\/UCvGHdF2zXScI_wKMCswPbUQ"]}]}},"_links":{"self":[{"href":"https:\/\/www.arcticdesignweek.fi\/en\/wp-json\/wp\/v2\/pages\/10871","targetHints":{"allow":["GET"]}}],"collection":[{"href":"https:\/\/www.arcticdesignweek.fi\/en\/wp-json\/wp\/v2\/pages"}],"about":[{"href":"https:\/\/www.arcticdesignweek.fi\/en\/wp-json\/wp\/v2\/types\/page"}],"author":[{"embeddable":true,"href":"https:\/\/www.arcticdesignweek.fi\/en\/wp-json\/wp\/v2\/users\/1"}],"replies":[{"embeddable":true,"href":"https:\/\/www.arcticdesignweek.fi\/en\/wp-json\/wp\/v2\/comments?post=10871"}],"version-history":[{"count":5,"href":"https:\/\/www.arcticdesignweek.fi\/en\/wp-json\/wp\/v2\/pages\/10871\/revisions"}],"predecessor-version":[{"id":10914,"href":"https:\/\/www.arcticdesignweek.fi\/en\/wp-json\/wp\/v2\/pages\/10871\/revisions\/10914"}],"up":[{"embeddable":true,"href":"https:\/\/www.arcticdesignweek.fi\/en\/wp-json\/wp\/v2\/pages\/4501"}],"wp:attachment":[{"href":"https:\/\/www.arcticdesignweek.fi\/en\/wp-json\/wp\/v2\/media?parent=10871"}],"curies":[{"name":"wp","href":"https:\/\/api.w.org\/{rel}","templated":true}]}}