{"id":4052,"date":"2019-11-30T15:23:18","date_gmt":"2019-11-30T13:23:18","guid":{"rendered":"https:\/\/www.arcticdesignweek.fi\/?page_id=4052"},"modified":"2020-01-07T09:50:27","modified_gmt":"2020-01-07T07:50:27","slug":"event-locations","status":"publish","type":"page","link":"https:\/\/www.arcticdesignweek.fi\/en\/visitor-info\/event-locations\/","title":{"rendered":"Event locations"},"content":{"rendered":"<p>[et_pb_section fb_built=&#8221;1&#8243; fullwidth=&#8221;on&#8221; _builder_version=&#8221;3.29.3&#8243; locked=&#8221;off&#8221;][et_pb_fullwidth_header title=&#8221;EVENT LOCATIONS&#8221; text_orientation=&#8221;center&#8221; admin_label=&#8221;Kirjoita t\u00e4h\u00e4n koko sivun levyinen otsikko&#8221; module_class=&#8221;ylaotsikko&#8221; _builder_version=&#8221;4.0.6&#8243; title_font=&#8221;|300|||||||&#8221; background_enable_color=&#8221;off&#8221; background_image=&#8221;https:\/\/www.arcticdesignweek.fi\/wp-content\/uploads\/2019\/10\/ArcticDesignWeek_Tausta_tumma.jpg&#8221;][\/et_pb_fullwidth_header][\/et_pb_section][et_pb_section fb_built=&#8221;1&#8243; _builder_version=&#8221;4.0.3&#8243; background_enable_image=&#8221;off&#8221;][et_pb_row _builder_version=&#8221;3.29.3&#8243;][et_pb_column type=&#8221;4_4&#8243; _builder_version=&#8221;3.29.3&#8243;][et_pb_text admin_label=&#8221;Kirjoita t\u00e4h\u00e4n otsikko&#8221; _builder_version=&#8221;3.29.3&#8243; text_orientation=&#8221;center&#8221; custom_margin=&#8221;||||false|false&#8221; custom_padding=&#8221;||||false|false&#8221;]<\/p>\n<h2>KORUNDISTA KESKUSTAAN<\/h2>\n<p>[\/et_pb_text][et_pb_divider divider_position=&#8221;center&#8221; divider_weight=&#8221;2px&#8221; disabled_on=&#8221;off|off|off&#8221; _builder_version=&#8221;4.0.3&#8243; max_width=&#8221;100px&#8221; module_alignment=&#8221;center&#8221; height=&#8221;false&#8221; custom_margin=&#8221;-10px||||false|false&#8221; animation_direction=&#8221;top&#8221; saved_tabs=&#8221;all&#8221; locked=&#8221;off&#8221;][\/et_pb_divider][et_pb_text admin_label=&#8221;Ingressi&#8221; module_class=&#8221;kavennettuingressi&#8221; _builder_version=&#8221;4.0.3&#8243; text_font_size=&#8221;18px&#8221; text_orientation=&#8221;center&#8221; locked=&#8221;off&#8221;]Arctic Design Weekin tapahtumapaikat ovat keskustassa sen l\u00e4hialueella sek\u00e4 Lapin yliopiston tiloissa.<br \/>\n[\/et_pb_text][\/et_pb_column][\/et_pb_row][\/et_pb_section][et_pb_section fb_built=&#8221;1&#8243; _builder_version=&#8221;4.0.3&#8243; custom_padding=&#8221;0px||0px||true|false&#8221;][et_pb_row column_structure=&#8221;1_2,1_2&#8243; use_custom_gutter=&#8221;on&#8221; gutter_width=&#8221;1&#8243; make_equal=&#8221;on&#8221; _builder_version=&#8221;4.0.9&#8243; width=&#8221;100%&#8221; max_width=&#8221;100%&#8221; custom_margin=&#8221;||||false|false&#8221; custom_padding=&#8221;0px||0px||false|false&#8221; hover_enabled=&#8221;0&#8243;][et_pb_column type=&#8221;1_2&#8243; _builder_version=&#8221;3.29.3&#8243; background_color=&#8221;#ffffff&#8221; custom_padding=&#8221;12%|12%|12%|12%|false|false&#8221;][et_pb_text admin_label=&#8221;Kirjoita t\u00e4h\u00e4n otsikko&#8221; _builder_version=&#8221;4.0.9&#8243; hover_enabled=&#8221;0&#8243; text_orientation_tablet=&#8221;center&#8221; text_orientation_phone=&#8221;&#8221; text_orientation_last_edited=&#8221;on|desktop&#8221;]<\/p>\n<h3>PILKE HOUSE AND SCIENCE CENTRE PILKE<\/h3>\n<p>[\/et_pb_text][et_pb_text _builder_version=&#8221;4.0.9&#8243; custom_padding=&#8221;||0px|||&#8221; hover_enabled=&#8221;0&#8243; text_orientation_tablet=&#8221;center&#8221; text_orientation_phone=&#8221;&#8221; text_orientation_last_edited=&#8221;on|desktop&#8221;]Pilke House, located on the banks of the river Ounasjoki in Rovaniemi, is the wooden office building of Mets\u00e4hallitus. It is an example of top expertise in ecological wood construction and a masterpiece of Finnish architecture. It houses the Science Centre Pilke, the Pilke Shop and office premises.<\/p>\n<p>At the Science Centre Pilke, you can explore the northern forests through active participation, using all five senses. Visitors learn about the sustainable use of forests and the diverse offerings, products and commodities originating in forests. Pilke provides information on the present day and the prospects \u2013 which represent a bright future \u2013 for the diverse use of forests.[\/et_pb_text][\/et_pb_column][et_pb_column type=&#8221;1_2&#8243; _builder_version=&#8221;4.0.9&#8243; background_image=&#8221;https:\/\/www.arcticdesignweek.fi\/wp-content\/uploads\/2019\/11\/PILKE_talo_ulko_talvi_6464.jpg&#8221; hover_enabled=&#8221;0&#8243;][et_pb_divider show_divider=&#8221;off&#8221; admin_label=&#8221;Jakaja: Kuvan korkeus&#8221; _builder_version=&#8221;4.0.3&#8243; height=&#8221;300px&#8221; saved_tabs=&#8221;all&#8221;][\/et_pb_divider][\/et_pb_column][\/et_pb_row][et_pb_row _builder_version=&#8221;4.0.9&#8243; column_structure=&#8221;1_3,1_3,1_3&#8243; hover_enabled=&#8221;0&#8243;][et_pb_column _builder_version=&#8221;4.0.9&#8243; type=&#8221;1_3&#8243;][et_pb_text _builder_version=&#8221;4.0.9&#8243; hover_enabled=&#8221;0&#8243;]<\/p>\n<p><strong>Tickets<\/strong><\/p>\n<p>Adults 7 \u20ac<br \/> Children 7-15 years, students,<br \/> pensioners, unemployed 5 \u20ac<br \/> Children under 7 years are free of charge<\/p>\n<p> Family ticket 20 \u20ac<br \/> 2 adults+2 children (7-15 yrs and under 7 yrs) or 1 adult + 3 children (7-15 yrs and under 7 yrs)<\/p>\n<p>[\/et_pb_text][\/et_pb_column][et_pb_column _builder_version=&#8221;4.0.9&#8243; type=&#8221;1_3&#8243;][et_pb_text _builder_version=&#8221;4.0.9&#8243; hover_enabled=&#8221;0&#8243;]<\/p>\n<p><strong>Opening hours<\/strong><\/p>\n<p>Tue &#8211; Fri 9:00 \u2013 18:00 (closed on Mon)<br \/> Sat &#8211; Sun 10:00 \u2013 16:00<\/p>\n<p><strong>Address<\/strong><br \/> Ounasjoentie 6, 96200 Rovaniemi<br \/> www.sciencecentre-pilke.fi<\/p>\n<p> pilke(at)metsa.fi<br \/> tel. \u00a0020 639 7820<\/p>\n<p>[\/et_pb_text][\/et_pb_column][et_pb_column _builder_version=&#8221;4.0.9&#8243; type=&#8221;1_3&#8243;][et_pb_text _builder_version=&#8221;4.0.9&#8243; hover_enabled=&#8221;0&#8243;]Facebook @TiedekeskusPilke   <\/p>\n<p>Twitter @PILKEtalo   <\/p>\n<p>Instagram @pilketalo[\/et_pb_text][\/et_pb_column][\/et_pb_row][et_pb_row column_structure=&#8221;1_2,1_2&#8243; use_custom_gutter=&#8221;on&#8221; gutter_width=&#8221;1&#8243; make_equal=&#8221;on&#8221; _builder_version=&#8221;4.0.3&#8243; width=&#8221;100%&#8221; max_width=&#8221;100%&#8221; custom_margin=&#8221;||||false|false&#8221; custom_padding=&#8221;0px||0px||false|false&#8221;][et_pb_column type=&#8221;1_2&#8243; _builder_version=&#8221;4.0.3&#8243; background_image=&#8221;https:\/\/www.arcticdesignweek.fi\/wp-content\/uploads\/2019\/10\/Korundi_ulkoa_Joulukuu_2016_04.jpg&#8221;][et_pb_divider show_divider=&#8221;off&#8221; admin_label=&#8221;Jakaja: Kuvan korkeus&#8221; _builder_version=&#8221;4.0.3&#8243; height=&#8221;300px&#8221; saved_tabs=&#8221;all&#8221;][\/et_pb_divider][\/et_pb_column][et_pb_column type=&#8221;1_2&#8243; _builder_version=&#8221;3.29.3&#8243; background_color=&#8221;#0a0a0a&#8221; custom_padding=&#8221;12%|12%|12%|12%|false|false&#8221;][et_pb_text admin_label=&#8221;Kirjoita t\u00e4h\u00e4n otsikko&#8221; _builder_version=&#8221;4.0.3&#8243; background_layout=&#8221;dark&#8221; text_orientation_tablet=&#8221;center&#8221; text_orientation_phone=&#8221;&#8221; text_orientation_last_edited=&#8221;on|desktop&#8221;]<\/p>\n<h3>Korundi House of Culture<\/h3>\n<p>[\/et_pb_text][et_pb_text _builder_version=&#8221;4.0.3&#8243; background_layout=&#8221;dark&#8221; text_orientation_tablet=&#8221;center&#8221; text_orientation_phone=&#8221;&#8221; text_orientation_last_edited=&#8221;on|desktop&#8221;]<b>Pohjoinen pintaa syvemm\u00e4lt\u00e4<\/b><\/p>\n<p>Taide avaa maailmaa pohjoisesta perspektiivist\u00e4 Kulttuuritalo Korundissa Rovaniemell\u00e4. Lapin kamariorkesterin ja Rovaniemen taidemuseon kodissa kohtaavat taiteen kokijat ja tekij\u00e4t. Korundin taiden\u00e4yttelyt, konsertit, keikat ja klubi-illat rohkaisevat heitt\u00e4ytym\u00e4\u00e4n ja innostavat ajattelemaan.<br \/>\n[\/et_pb_text][\/et_pb_column][\/et_pb_row][\/et_pb_section][et_pb_section fb_built=&#8221;1&#8243; _builder_version=&#8221;4.0.3&#8243; background_color=&#8221;#f6f6f6&#8243;][et_pb_row column_structure=&#8221;1_3,1_3,1_3&#8243; _builder_version=&#8221;3.29.3&#8243;][et_pb_column type=&#8221;1_3&#8243; _builder_version=&#8221;3.29.3&#8243;][et_pb_text _builder_version=&#8221;4.0.3&#8243;]<strong>P\u00e4\u00e4syliput Rovaniemen taidemuseon n\u00e4yttelyihin vuonna 2020:<\/strong><\/p>\n<p>Aikuiset\u00a0 10,00 \u20ac<\/p>\n<p>Lapset 7-15 v., 6,00 \u20ac<br \/>\n<em>Lapset alle 7 v veloituksetta<\/em><\/p>\n<p>El\u00e4kel\u00e4iset, opiskelijat 8,00 \u20ac<\/p>\n<p>Perhelippu\u00a0 25,00 \u20ac<br \/>\nSis\u00e4lt\u00e4\u00e4: p\u00e4\u00e4syliput 2 vanhemmalle + 2 lapselle 7-15 v ja alle 7-vuotiaille<br \/>\n[\/et_pb_text][\/et_pb_column][et_pb_column type=&#8221;1_3&#8243; _builder_version=&#8221;3.29.3&#8243;][et_pb_text _builder_version=&#8221;4.0.3&#8243;]<strong>Avoinna:<\/strong><\/p>\n<p>ti-su klo 11-18<\/p>\n<p>TaideTorstaisin klo 11-20, jolloin n\u00e4yttelyihin maksuton sis\u00e4\u00e4np\u00e4\u00e4sy klo 18-20<br \/>\n[\/et_pb_text][\/et_pb_column][et_pb_column type=&#8221;1_3&#8243; _builder_version=&#8221;3.29.3&#8243;][et_pb_text _builder_version=&#8221;4.0.3&#8243;]<strong>Osoite:<\/strong><\/p>\n<p>Kulttuuritalo Korundi<\/p>\n<p>Lapink\u00e4vij\u00e4ntie 4, 96100 Rovaniemi<\/p>\n<p><a href=\"http:\/\/www.korundi.fi\/\" data-saferedirecturl=\"https:\/\/www.google.com\/url?q=http:\/\/www.korundi.fi&amp;source=gmail&amp;ust=1571374901260000&amp;usg=AFQjCNHe8tt31SWGGD167164OshsZmgCyw\">www.korundi.fi<br \/>\n<\/a><a href=\"mailto:info@korundi.fi\">info@korundi.fi<\/a><\/p>\n<p>016-322 2822<br \/>\n[\/et_pb_text][\/et_pb_column][\/et_pb_row][\/et_pb_section][et_pb_section fb_built=&#8221;1&#8243; _builder_version=&#8221;4.0.3&#8243; custom_padding=&#8221;0px||0px||true|false&#8221;][et_pb_row column_structure=&#8221;1_2,1_2&#8243; use_custom_gutter=&#8221;on&#8221; gutter_width=&#8221;1&#8243; make_equal=&#8221;on&#8221; _builder_version=&#8221;3.29.3&#8243; width=&#8221;100%&#8221; max_width=&#8221;100%&#8221; custom_margin=&#8221;||||false|false&#8221; custom_padding=&#8221;0px||0px||false|false&#8221;][et_pb_column type=&#8221;1_2&#8243; _builder_version=&#8221;3.29.3&#8243; background_color=&#8221;#ffffff&#8221; custom_padding=&#8221;12%|12%|12%|12%|false|false&#8221;][et_pb_text admin_label=&#8221;Kirjoita t\u00e4h\u00e4n otsikko&#8221; _builder_version=&#8221;3.29.3&#8243; text_orientation_tablet=&#8221;center&#8221; text_orientation_phone=&#8221;&#8221; text_orientation_last_edited=&#8221;on|desktop&#8221;]<\/p>\n<h2><b>ARKTIKUM \u2013 N\u00e4e maailma arktisin silmin<\/b><\/h2>\n<p>&nbsp;<br \/>\n[\/et_pb_text][et_pb_text _builder_version=&#8221;3.29.3&#8243; custom_padding=&#8221;||0px|||&#8221; text_orientation_tablet=&#8221;center&#8221; text_orientation_phone=&#8221;&#8221; text_orientation_last_edited=&#8221;on|desktop&#8221;]Arktikum on tiedekeskus ja museo, joka tuo pohjoisen luonnon, kulttuurit ja historian l\u00e4hellesi. Me Arktikumin toimijat, Lapin yliopiston Arktinen keskus ja Lapin maakuntamuseo teemme t\u00f6it\u00e4 pohjoisen puolesta. Yhdess\u00e4 lis\u00e4\u00e4mme ymm\u00e4rryst\u00e4, her\u00e4t\u00e4mme ajatuksia ja avaamme keskustelua \u2013 puhuttelemalla sek\u00e4 lapink\u00e4vij\u00f6it\u00e4 ett\u00e4 pohjoisen ihmisi\u00e4.<br \/>\n[\/et_pb_text][\/et_pb_column][et_pb_column type=&#8221;1_2&#8243; _builder_version=&#8221;3.29.3&#8243; background_image=&#8221;https:\/\/www.arcticdesignweek.fi\/wp-content\/uploads\/2019\/10\/Arktikum.jpg&#8221;][et_pb_divider show_divider=&#8221;off&#8221; admin_label=&#8221;Jakaja: Kuvan korkeus&#8221; _builder_version=&#8221;4.0.3&#8243; height=&#8221;300px&#8221; saved_tabs=&#8221;all&#8221;][\/et_pb_divider][\/et_pb_column][\/et_pb_row][\/et_pb_section][et_pb_section fb_built=&#8221;1&#8243; _builder_version=&#8221;4.0.3&#8243; background_color=&#8221;#f6f6f6&#8243;][et_pb_row column_structure=&#8221;1_3,1_3,1_3&#8243; _builder_version=&#8221;3.29.3&#8243;][et_pb_column type=&#8221;1_3&#8243; _builder_version=&#8221;3.29.3&#8243;][et_pb_text _builder_version=&#8221;4.0.3&#8243;]<strong>Arktikumin p\u00e4\u00e4sylippujen hinnat 2020:<\/strong><\/p>\n<p>Aikuiset 15,00 \u20ac<\/p>\n<p>Lapset 7-15 v., koululaiset 5,00 \u20ac<br \/>\n<em>Lapset alle 7 v. veloituksetta<\/em><\/p>\n<p>El\u00e4kel\u00e4iset, opiskelijat, ty\u00f6tt\u00f6m\u00e4t, varusmiehet\u00a0 9,00 \u20ac<\/p>\n<p>Perhelippu 35,00 \u20ac<br \/>\n<em>Sis\u00e4lt\u00e4\u00e4: p\u00e4\u00e4syliput 2 vanhemmalle + 2 lapselle 7-15 v. ja alle 7-vuotiaille.<\/em><br \/>\n[\/et_pb_text][\/et_pb_column][et_pb_column type=&#8221;1_3&#8243; _builder_version=&#8221;3.29.3&#8243;][et_pb_text _builder_version=&#8221;4.0.3&#8243;]<strong>Avoinna:<\/strong><\/p>\n<p>ti-su klo 10-18, maanantaisin suljettu<br \/>\n[\/et_pb_text][\/et_pb_column][et_pb_column type=&#8221;1_3&#8243; _builder_version=&#8221;3.29.3&#8243;][et_pb_text _builder_version=&#8221;4.0.3&#8243;]<strong>Osoite:<\/strong><\/p>\n<p>Arktikum<\/p>\n<p>Pohjoisranta 4, 96200 Rovaniemi<\/p>\n<p><a href=\"http:\/\/www.arktikum.fi\/\" data-saferedirecturl=\"https:\/\/www.google.com\/url?q=http:\/\/www.arktikum.fi&amp;source=gmail&amp;ust=1571374901260000&amp;usg=AFQjCNHUl-ovDbSxElpffnqLrBda-n87wg\">www.arktikum.fi<br \/>\n<\/a><a href=\"mailto:info@arktikum.fi\">info(at)arktikum.fi<\/a><\/p>\n<p>016-322 3260<br \/>\n[\/et_pb_text][\/et_pb_column][\/et_pb_row][\/et_pb_section][et_pb_section fb_built=&#8221;1&#8243; _builder_version=&#8221;4.0.3&#8243; custom_padding=&#8221;0px||0px||true|false&#8221;][et_pb_row column_structure=&#8221;1_2,1_2&#8243; use_custom_gutter=&#8221;on&#8221; gutter_width=&#8221;1&#8243; make_equal=&#8221;on&#8221; _builder_version=&#8221;3.29.3&#8243; background_image=&#8221;https:\/\/www.arcticdesignweek.fi\/wp-content\/uploads\/2019\/10\/pilke-logo.png&#8221; width=&#8221;100%&#8221; max_width=&#8221;100%&#8221; custom_margin=&#8221;||||false|false&#8221; custom_padding=&#8221;0px||0px||false|false&#8221;][et_pb_column type=&#8221;1_2&#8243; _builder_version=&#8221;3.29.3&#8243; background_image=&#8221;https:\/\/www.arcticdesignweek.fi\/wp-content\/uploads\/2019\/10\/ArcticDesignWeek_UniversityLapland.jpg&#8221;][et_pb_divider show_divider=&#8221;off&#8221; admin_label=&#8221;Jakaja: Kuvan korkeus&#8221; _builder_version=&#8221;4.0.3&#8243; height=&#8221;300px&#8221; saved_tabs=&#8221;all&#8221;][\/et_pb_divider][\/et_pb_column][et_pb_column type=&#8221;1_2&#8243; _builder_version=&#8221;3.29.3&#8243; background_color=&#8221;#0a0a0a&#8221; custom_padding=&#8221;12%|12%|12%|12%|false|false&#8221;][et_pb_text admin_label=&#8221;Kirjoita t\u00e4h\u00e4n otsikko&#8221; _builder_version=&#8221;3.29.3&#8243; background_layout=&#8221;dark&#8221; text_orientation_tablet=&#8221;center&#8221; text_orientation_phone=&#8221;&#8221; text_orientation_last_edited=&#8221;on|desktop&#8221;]<\/p>\n<h2><b>Lapin Yliopisto<\/b><\/h2>\n<p>[\/et_pb_text][et_pb_text _builder_version=&#8221;3.29.3&#8243; background_layout=&#8221;dark&#8221; custom_padding=&#8221;||0px|||&#8221; text_orientation_tablet=&#8221;center&#8221; text_orientation_phone=&#8221;&#8221; text_orientation_last_edited=&#8221;on|desktop&#8221;]Taiteiden Tiedekunnan tilat<br \/>\n[\/et_pb_text][\/et_pb_column][\/et_pb_row][\/et_pb_section][et_pb_section fb_built=&#8221;1&#8243; _builder_version=&#8221;4.0.3&#8243; background_color=&#8221;#f6f6f6&#8243;][et_pb_row _builder_version=&#8221;3.29.3&#8243;][et_pb_column type=&#8221;4_4&#8243; _builder_version=&#8221;3.29.3&#8243;][et_pb_text _builder_version=&#8221;4.0.3&#8243;]Yliopistonkatu 8,\u00a096300 Rovaniemi<\/p>\n<p>PL 122,\u00a096101 Rovaniemi<\/p>\n<p>etunimi.sukunimi@ulapland.fi<\/p>\n<p><strong>Puhelinvaihde<\/strong><br \/>\n016 341 341<br \/>\n[\/et_pb_text][\/et_pb_column][\/et_pb_row][\/et_pb_section][et_pb_section fb_built=&#8221;1&#8243; _builder_version=&#8221;3.29.3&#8243; custom_padding=&#8221;0px||0px||false|false&#8221;][et_pb_row column_structure=&#8221;1_2,1_2&#8243; use_custom_gutter=&#8221;on&#8221; gutter_width=&#8221;1&#8243; make_equal=&#8221;on&#8221; _builder_version=&#8221;4.0.6&#8243; width=&#8221;100%&#8221; max_width=&#8221;100%&#8221; custom_margin=&#8221;||||false|false&#8221; custom_padding=&#8221;0px||0px||false|false&#8221;][et_pb_column type=&#8221;1_2&#8243; _builder_version=&#8221;3.29.3&#8243; background_color=&#8221;#ffffff&#8221; custom_padding=&#8221;12%|12%|12%|12%|false|false&#8221;][et_pb_text admin_label=&#8221;Kirjoita t\u00e4h\u00e4n otsikko&#8221; _builder_version=&#8221;4.0.6&#8243; text_orientation_tablet=&#8221;center&#8221; text_orientation_phone=&#8221;&#8221; text_orientation_last_edited=&#8221;on|desktop&#8221;]<\/p>\n<h3>Kauppakeskus Revontuli ja Rinteenkulma<\/h3>\n<p>[\/et_pb_text][et_pb_text _builder_version=&#8221;4.0.6&#8243; custom_padding=&#8221;||0px|||&#8221; text_orientation_tablet=&#8221;center&#8221; text_orientation_phone=&#8221;&#8221; text_orientation_last_edited=&#8221;on|desktop&#8221;]<\/p>\n<p>Koskikatu 25 &#8211; 27,<br \/> 96200 Rovaniemi<\/p>\n<p>&nbsp;<\/p>\n<p>[\/et_pb_text][et_pb_button button_url=&#8221;http:\/\/www.kauppakeskusrevontuli.fi&#8221; button_text=&#8221;Revontuli&#8221; button_alignment=&#8221;left&#8221; _builder_version=&#8221;4.0.6&#8243;][\/et_pb_button][et_pb_button button_url=&#8221;http:\/\/www.rinteenkulma.fi&#8221; button_text=&#8221;Rinteenkulma&#8221; button_alignment=&#8221;left&#8221; _builder_version=&#8221;4.0.6&#8243; custom_margin=&#8221;40px||||false|false&#8221; custom_padding=&#8221;0px||||false|false&#8221;][\/et_pb_button][\/et_pb_column][et_pb_column type=&#8221;1_2&#8243; _builder_version=&#8221;4.0.6&#8243; background_image=&#8221;https:\/\/www.arcticdesignweek.fi\/wp-content\/uploads\/2019\/10\/revontuli_4e5a5079-2000&#215;750.jpg&#8221;][et_pb_divider show_divider=&#8221;off&#8221; admin_label=&#8221;Jakaja: Kuvan korkeus&#8221; _builder_version=&#8221;4.0.3&#8243; height=&#8221;300px&#8221; saved_tabs=&#8221;all&#8221;][\/et_pb_divider][\/et_pb_column][\/et_pb_row][et_pb_row column_structure=&#8221;1_2,1_2&#8243; use_custom_gutter=&#8221;on&#8221; gutter_width=&#8221;1&#8243; make_equal=&#8221;on&#8221; _builder_version=&#8221;4.0.6&#8243; background_image=&#8221;https:\/\/www.arcticdesignweek.fi\/wp-content\/uploads\/2019\/10\/pilke-logo.png&#8221; width=&#8221;100%&#8221; max_width=&#8221;100%&#8221; custom_margin=&#8221;||||false|false&#8221; custom_padding=&#8221;0px||0px||false|false&#8221;][et_pb_column type=&#8221;1_2&#8243; _builder_version=&#8221;4.0.6&#8243; background_image=&#8221;https:\/\/www.arcticdesignweek.fi\/wp-content\/uploads\/2019\/11\/Sampokeskus-march_1.jpg&#8221;][et_pb_divider show_divider=&#8221;off&#8221; admin_label=&#8221;Jakaja: Kuvan korkeus&#8221; _builder_version=&#8221;4.0.3&#8243; height=&#8221;300px&#8221; saved_tabs=&#8221;all&#8221;][\/et_pb_divider][\/et_pb_column][et_pb_column type=&#8221;1_2&#8243; _builder_version=&#8221;3.29.3&#8243; background_color=&#8221;#0a0a0a&#8221; custom_padding=&#8221;12%|12%|12%|12%|false|false&#8221;][et_pb_text admin_label=&#8221;Kirjoita t\u00e4h\u00e4n otsikko&#8221; _builder_version=&#8221;4.0.6&#8243; background_layout=&#8221;dark&#8221; text_orientation_tablet=&#8221;center&#8221; text_orientation_phone=&#8221;&#8221; text_orientation_last_edited=&#8221;on|desktop&#8221;]<\/p>\n<h3>Sampokeskus<\/h3>\n<p>[\/et_pb_text][et_pb_text _builder_version=&#8221;4.0.6&#8243; background_layout=&#8221;dark&#8221; custom_padding=&#8221;||0px|||&#8221; text_orientation_tablet=&#8221;center&#8221; text_orientation_phone=&#8221;&#8221; text_orientation_last_edited=&#8221;on|desktop&#8221;]<\/p>\n<p>Sampokeskus is a shopping center in the heart of Rovaniemi. Shops and cafes, experiences and movies, friends and surprising events &#8211; since 1990.<\/p>\n<p>Addresss: Maakuntakatu 29\u201331 A, 96200 \u2013 entrances from Pekankatu, Rovakatu and Koskikatu.<\/p>\n<p>Entrances open<br \/>Monday \u2013 Friday 8\u201320, Saturday 9\u201319, Sunday 12\u201316<\/p>\n<p><a href=\"https:\/\/www.facebook.com\/sampokeskus\">Facebook<\/a><\/p>\n<p><a href=\"https:\/\/www.instagram.com\/sampokeskus.fi%20\">Instagram<\/a><\/p>\n<p>&nbsp;<\/p>\n<p>[\/et_pb_text][et_pb_button button_url=&#8221;http:\/\/www.sampokeskus.fi&#8221; button_text=&#8221;About&#8221; button_alignment=&#8221;center&#8221; _builder_version=&#8221;4.0.6&#8243; background_layout=&#8221;dark&#8221;][\/et_pb_button][\/et_pb_column][\/et_pb_row][\/et_pb_section]<\/p>\n","protected":false},"excerpt":{"rendered":"<p>KORUNDISTA KESKUSTAAN Arctic Design Weekin tapahtumapaikat ovat keskustassa sen l\u00e4hialueella sek\u00e4 Lapin yliopiston tiloissa. PILKE HOUSE AND SCIENCE CENTRE PILKE Pilke House, located on the banks of the river Ounasjoki in Rovaniemi, is the wooden office building of Mets\u00e4hallitus. It is an example of top expertise in ecological wood construction and a masterpiece of Finnish [&hellip;]<\/p>\n","protected":false},"author":3,"featured_media":0,"parent":4305,"menu_order":0,"comment_status":"closed","ping_status":"closed","template":"","meta":{"_acf_changed":false,"_et_pb_use_builder":"on","_et_pb_old_content":"","_et_gb_content_width":"","inline_featured_image":false,"footnotes":""},"class_list":["post-4052","page","type-page","status-publish","hentry"],"acf":[],"yoast_head":"<!-- This site is optimized with the Yoast SEO plugin v26.6 - https:\/\/yoast.com\/wordpress\/plugins\/seo\/ -->\n<title>Event locations - Arctic Design Week<\/title>\n<meta name=\"robots\" content=\"index, follow, max-snippet:-1, max-image-preview:large, max-video-preview:-1\" \/>\n<link rel=\"canonical\" href=\"https:\/\/www.arcticdesignweek.fi\/en\/visitor-info\/event-locations\/\" \/>\n<meta property=\"og:locale\" content=\"en_US\" \/>\n<meta property=\"og:type\" content=\"article\" \/>\n<meta property=\"og:title\" content=\"Event locations - Arctic Design Week\" \/>\n<meta property=\"og:description\" content=\"KORUNDISTA KESKUSTAAN Arctic Design Weekin tapahtumapaikat ovat keskustassa sen l\u00e4hialueella sek\u00e4 Lapin yliopiston tiloissa. PILKE HOUSE AND SCIENCE CENTRE PILKE Pilke House, located on the banks of the river Ounasjoki in Rovaniemi, is the wooden office building of Mets\u00e4hallitus. It is an example of top expertise in ecological wood construction and a masterpiece of Finnish [&hellip;]\" \/>\n<meta property=\"og:url\" content=\"https:\/\/www.arcticdesignweek.fi\/en\/visitor-info\/event-locations\/\" \/>\n<meta property=\"og:site_name\" content=\"Arctic Design Week\" \/>\n<meta property=\"article:publisher\" content=\"https:\/\/www.facebook.com\/arcticdesignweek\" \/>\n<meta property=\"article:modified_time\" content=\"2020-01-07T07:50:27+00:00\" \/>\n<meta property=\"og:image\" content=\"https:\/\/www.arcticdesignweek.fi\/wp-content\/uploads\/2019\/10\/ArcticDesignWeek_Alisivu_1.jpg\" \/>\n\t<meta property=\"og:image:width\" content=\"1400\" \/>\n\t<meta property=\"og:image:height\" content=\"578\" \/>\n\t<meta property=\"og:image:type\" content=\"image\/jpeg\" \/>\n<meta name=\"twitter:card\" content=\"summary_large_image\" \/>\n<meta name=\"twitter:site\" content=\"@Arctic_D_Week\" \/>\n<meta name=\"twitter:label1\" content=\"Est. reading time\" \/>\n\t<meta name=\"twitter:data1\" content=\"10 minutes\" \/>\n<script type=\"application\/ld+json\" class=\"yoast-schema-graph\">{\"@context\":\"https:\/\/schema.org\",\"@graph\":[{\"@type\":\"WebPage\",\"@id\":\"https:\/\/www.arcticdesignweek.fi\/en\/visitor-info\/event-locations\/\",\"url\":\"https:\/\/www.arcticdesignweek.fi\/en\/visitor-info\/event-locations\/\",\"name\":\"Event locations - Arctic Design Week\",\"isPartOf\":{\"@id\":\"https:\/\/www.arcticdesignweek.fi\/en\/#website\"},\"datePublished\":\"2019-11-30T13:23:18+00:00\",\"dateModified\":\"2020-01-07T07:50:27+00:00\",\"breadcrumb\":{\"@id\":\"https:\/\/www.arcticdesignweek.fi\/en\/visitor-info\/event-locations\/#breadcrumb\"},\"inLanguage\":\"en-US\",\"potentialAction\":[{\"@type\":\"ReadAction\",\"target\":[\"https:\/\/www.arcticdesignweek.fi\/en\/visitor-info\/event-locations\/\"]}]},{\"@type\":\"BreadcrumbList\",\"@id\":\"https:\/\/www.arcticdesignweek.fi\/en\/visitor-info\/event-locations\/#breadcrumb\",\"itemListElement\":[{\"@type\":\"ListItem\",\"position\":1,\"name\":\"Home\",\"item\":\"https:\/\/www.arcticdesignweek.fi\/en\/\"},{\"@type\":\"ListItem\",\"position\":2,\"name\":\"Visitor Info\",\"item\":\"https:\/\/www.arcticdesignweek.fi\/en\/visitor-info\/\"},{\"@type\":\"ListItem\",\"position\":3,\"name\":\"Event locations\"}]},{\"@type\":\"WebSite\",\"@id\":\"https:\/\/www.arcticdesignweek.fi\/en\/#website\",\"url\":\"https:\/\/www.arcticdesignweek.fi\/en\/\",\"name\":\"Arctic Design Week\",\"description\":\"2020\",\"publisher\":{\"@id\":\"https:\/\/www.arcticdesignweek.fi\/en\/#organization\"},\"potentialAction\":[{\"@type\":\"SearchAction\",\"target\":{\"@type\":\"EntryPoint\",\"urlTemplate\":\"https:\/\/www.arcticdesignweek.fi\/en\/?s={search_term_string}\"},\"query-input\":{\"@type\":\"PropertyValueSpecification\",\"valueRequired\":true,\"valueName\":\"search_term_string\"}}],\"inLanguage\":\"en-US\"},{\"@type\":\"Organization\",\"@id\":\"https:\/\/www.arcticdesignweek.fi\/en\/#organization\",\"name\":\"Arctic Design Week\",\"url\":\"https:\/\/www.arcticdesignweek.fi\/en\/\",\"logo\":{\"@type\":\"ImageObject\",\"inLanguage\":\"en-US\",\"@id\":\"https:\/\/www.arcticdesignweek.fi\/en\/#\/schema\/logo\/image\/\",\"url\":\"https:\/\/www.arcticdesignweek.fi\/wp-content\/uploads\/2019\/11\/ArcticDesignWeek_Favicon_600px.jpg\",\"contentUrl\":\"https:\/\/www.arcticdesignweek.fi\/wp-content\/uploads\/2019\/11\/ArcticDesignWeek_Favicon_600px.jpg\",\"width\":600,\"height\":600,\"caption\":\"Arctic Design Week\"},\"image\":{\"@id\":\"https:\/\/www.arcticdesignweek.fi\/en\/#\/schema\/logo\/image\/\"},\"sameAs\":[\"https:\/\/www.facebook.com\/arcticdesignweek\",\"https:\/\/x.com\/Arctic_D_Week\",\"https:\/\/www.instagram.com\/arcticdesignweek\/\",\"https:\/\/www.youtube.com\/channel\/UCvGHdF2zXScI_wKMCswPbUQ\"]}]}<\/script>\n<!-- \/ Yoast SEO plugin. -->","yoast_head_json":{"title":"Event locations - Arctic Design Week","robots":{"index":"index","follow":"follow","max-snippet":"max-snippet:-1","max-image-preview":"max-image-preview:large","max-video-preview":"max-video-preview:-1"},"canonical":"https:\/\/www.arcticdesignweek.fi\/en\/visitor-info\/event-locations\/","og_locale":"en_US","og_type":"article","og_title":"Event locations - Arctic Design Week","og_description":"KORUNDISTA KESKUSTAAN Arctic Design Weekin tapahtumapaikat ovat keskustassa sen l\u00e4hialueella sek\u00e4 Lapin yliopiston tiloissa. PILKE HOUSE AND SCIENCE CENTRE PILKE Pilke House, located on the banks of the river Ounasjoki in Rovaniemi, is the wooden office building of Mets\u00e4hallitus. It is an example of top expertise in ecological wood construction and a masterpiece of Finnish [&hellip;]","og_url":"https:\/\/www.arcticdesignweek.fi\/en\/visitor-info\/event-locations\/","og_site_name":"Arctic Design Week","article_publisher":"https:\/\/www.facebook.com\/arcticdesignweek","article_modified_time":"2020-01-07T07:50:27+00:00","og_image":[{"width":1400,"height":578,"url":"https:\/\/www.arcticdesignweek.fi\/wp-content\/uploads\/2019\/10\/ArcticDesignWeek_Alisivu_1.jpg","type":"image\/jpeg"}],"twitter_card":"summary_large_image","twitter_site":"@Arctic_D_Week","twitter_misc":{"Est. reading time":"10 minutes"},"schema":{"@context":"https:\/\/schema.org","@graph":[{"@type":"WebPage","@id":"https:\/\/www.arcticdesignweek.fi\/en\/visitor-info\/event-locations\/","url":"https:\/\/www.arcticdesignweek.fi\/en\/visitor-info\/event-locations\/","name":"Event locations - Arctic Design Week","isPartOf":{"@id":"https:\/\/www.arcticdesignweek.fi\/en\/#website"},"datePublished":"2019-11-30T13:23:18+00:00","dateModified":"2020-01-07T07:50:27+00:00","breadcrumb":{"@id":"https:\/\/www.arcticdesignweek.fi\/en\/visitor-info\/event-locations\/#breadcrumb"},"inLanguage":"en-US","potentialAction":[{"@type":"ReadAction","target":["https:\/\/www.arcticdesignweek.fi\/en\/visitor-info\/event-locations\/"]}]},{"@type":"BreadcrumbList","@id":"https:\/\/www.arcticdesignweek.fi\/en\/visitor-info\/event-locations\/#breadcrumb","itemListElement":[{"@type":"ListItem","position":1,"name":"Home","item":"https:\/\/www.arcticdesignweek.fi\/en\/"},{"@type":"ListItem","position":2,"name":"Visitor Info","item":"https:\/\/www.arcticdesignweek.fi\/en\/visitor-info\/"},{"@type":"ListItem","position":3,"name":"Event locations"}]},{"@type":"WebSite","@id":"https:\/\/www.arcticdesignweek.fi\/en\/#website","url":"https:\/\/www.arcticdesignweek.fi\/en\/","name":"Arctic Design Week","description":"2020","publisher":{"@id":"https:\/\/www.arcticdesignweek.fi\/en\/#organization"},"potentialAction":[{"@type":"SearchAction","target":{"@type":"EntryPoint","urlTemplate":"https:\/\/www.arcticdesignweek.fi\/en\/?s={search_term_string}"},"query-input":{"@type":"PropertyValueSpecification","valueRequired":true,"valueName":"search_term_string"}}],"inLanguage":"en-US"},{"@type":"Organization","@id":"https:\/\/www.arcticdesignweek.fi\/en\/#organization","name":"Arctic Design Week","url":"https:\/\/www.arcticdesignweek.fi\/en\/","logo":{"@type":"ImageObject","inLanguage":"en-US","@id":"https:\/\/www.arcticdesignweek.fi\/en\/#\/schema\/logo\/image\/","url":"https:\/\/www.arcticdesignweek.fi\/wp-content\/uploads\/2019\/11\/ArcticDesignWeek_Favicon_600px.jpg","contentUrl":"https:\/\/www.arcticdesignweek.fi\/wp-content\/uploads\/2019\/11\/ArcticDesignWeek_Favicon_600px.jpg","width":600,"height":600,"caption":"Arctic Design Week"},"image":{"@id":"https:\/\/www.arcticdesignweek.fi\/en\/#\/schema\/logo\/image\/"},"sameAs":["https:\/\/www.facebook.com\/arcticdesignweek","https:\/\/x.com\/Arctic_D_Week","https:\/\/www.instagram.com\/arcticdesignweek\/","https:\/\/www.youtube.com\/channel\/UCvGHdF2zXScI_wKMCswPbUQ"]}]}},"_links":{"self":[{"href":"https:\/\/www.arcticdesignweek.fi\/en\/wp-json\/wp\/v2\/pages\/4052","targetHints":{"allow":["GET"]}}],"collection":[{"href":"https:\/\/www.arcticdesignweek.fi\/en\/wp-json\/wp\/v2\/pages"}],"about":[{"href":"https:\/\/www.arcticdesignweek.fi\/en\/wp-json\/wp\/v2\/types\/page"}],"author":[{"embeddable":true,"href":"https:\/\/www.arcticdesignweek.fi\/en\/wp-json\/wp\/v2\/users\/3"}],"replies":[{"embeddable":true,"href":"https:\/\/www.arcticdesignweek.fi\/en\/wp-json\/wp\/v2\/comments?post=4052"}],"version-history":[{"count":9,"href":"https:\/\/www.arcticdesignweek.fi\/en\/wp-json\/wp\/v2\/pages\/4052\/revisions"}],"predecessor-version":[{"id":5002,"href":"https:\/\/www.arcticdesignweek.fi\/en\/wp-json\/wp\/v2\/pages\/4052\/revisions\/5002"}],"up":[{"embeddable":true,"href":"https:\/\/www.arcticdesignweek.fi\/en\/wp-json\/wp\/v2\/pages\/4305"}],"wp:attachment":[{"href":"https:\/\/www.arcticdesignweek.fi\/en\/wp-json\/wp\/v2\/media?parent=4052"}],"curies":[{"name":"wp","href":"https:\/\/api.w.org\/{rel}","templated":true}]}}