{"id":5496,"date":"2020-02-06T13:36:08","date_gmt":"2020-02-06T11:36:08","guid":{"rendered":"https:\/\/www.arcticdesignweek.fi\/?page_id=5496"},"modified":"2023-03-20T21:37:24","modified_gmt":"2023-03-20T19:37:24","slug":"key-speakers","status":"publish","type":"page","link":"https:\/\/www.arcticdesignweek.fi\/en\/key-speakers\/","title":{"rendered":"Key Speakers"},"content":{"rendered":"<p>[et_pb_section fb_built=&#8221;1&#8243; fullwidth=&#8221;on&#8221; _builder_version=&#8221;4.16&#8243; locked=&#8221;off&#8221; global_colors_info=&#8221;{}&#8221;][et_pb_fullwidth_header title=&#8221;Keynote speakers&#8221; text_orientation=&#8221;center&#8221; admin_label=&#8221;Kirjoita t\u00e4h\u00e4n koko sivun levyinen otsikko&#8221; module_class=&#8221;ylaotsikko&#8221; _builder_version=&#8221;4.16&#8243; title_font=&#8221;|300|||||||&#8221; background_enable_color=&#8221;off&#8221; background_image=&#8221;https:\/\/www.arcticdesignweek.fi\/wp-content\/uploads\/2019\/10\/ArcticDesignWeek_Tausta_tumma.jpg&#8221; global_colors_info=&#8221;{}&#8221;][\/et_pb_fullwidth_header][\/et_pb_section][et_pb_section fb_built=&#8221;1&#8243; admin_label=&#8221;Our Teachers Section&#8221; _builder_version=&#8221;4.16&#8243; background_enable_color=&#8221;off&#8221; background_enable_image=&#8221;off&#8221; locked=&#8221;off&#8221; global_colors_info=&#8221;{}&#8221;][et_pb_row _builder_version=&#8221;4.16&#8243; global_colors_info=&#8221;{}&#8221;][et_pb_column type=&#8221;4_4&#8243; _builder_version=&#8221;4.16&#8243; global_colors_info=&#8221;{}&#8221;][et_pb_text admin_label=&#8221;Teksti&#8221; _builder_version=&#8221;4.20.0&#8243; text_orientation=&#8221;center&#8221; custom_margin=&#8221;||||false|false&#8221; custom_padding=&#8221;||||false|false&#8221; global_colors_info=&#8221;{}&#8221;]<\/p>\n<h2>Arctic Design Weekin Arctic AHA! foorumien keskustelijat 2023<\/h2>\n<p>[\/et_pb_text][et_pb_divider divider_position=&#8221;center&#8221; divider_weight=&#8221;2px&#8221; disabled_on=&#8221;off|off|off&#8221; _builder_version=&#8221;4.16&#8243; max_width=&#8221;100px&#8221; module_alignment=&#8221;center&#8221; height=&#8221;false&#8221; custom_margin=&#8221;-10px||||false|false&#8221; animation_direction=&#8221;top&#8221; saved_tabs=&#8221;all&#8221; locked=&#8221;off&#8221; global_colors_info=&#8221;{}&#8221;][\/et_pb_divider][et_pb_text module_class=&#8221;kavennettuingressi&#8221; _builder_version=&#8221;4.20.0&#8243; text_font_size=&#8221;18px&#8221; text_orientation=&#8221;center&#8221; global_colors_info=&#8221;{}&#8221;]<\/p>\n<p>Tule keskustelemaan kiinnostavien asiantuntijoiden ja toisten yritt\u00e4jien kanssa foorumille liven\u00e4 Tiedekeskus Pilkkeeseen sek\u00e4 luomaan uusia kontakteja!<\/p>\n<p>Verkostoidu ja hy\u00f6dynn\u00e4 uudet ideat omassa ty\u00f6ss\u00e4si!<\/p>\n<p>&nbsp;<\/p>\n<ul>\n<li style=\"text-align: left;\">Alessandro Colombo, Architect, Professor at Politecnico di Milano, Official Ambassador of Italian Design, Italia<\/li>\n<li style=\"text-align: left;\">Hester van Dijk, Architectural Design Overtreders W, Hollanti<\/li>\n<li style=\"text-align: left;\">Jonne Hellgren, CEO and Co-Founder Re-Pack Suomi<\/li>\n<li style=\"text-align: left;\">Matias Kotkasaari , CEO Joutsen Finland Ltd<\/li>\n<li style=\"text-align: left;\">Petteri Masalin, Chief Design Officer, Fiskars brand, Fiskars Group<\/li>\n<li style=\"text-align: left;\">Kara Pecknold, VP Regenerative Design, frog, Saksa<\/li>\n<li style=\"text-align: left;\">Meghan Preiss, <span>Manager of CX Design Integration<\/span>, Delta Airlines and Board Member, World Design Organisation <span>WDO Board member<\/span>, USA<\/li>\n<li style=\"text-align: left;\">Jonathan Sands, Chair, The Third Pig Company ja eniten palkintoja koskaan ker\u00e4nneen legendaarisen br\u00e4nditoimiston Elmwoodin perustaja, Iso-Britannia<\/li>\n<li style=\"text-align: left;\">Martin \u00d6sterberg, Chief of Marketing, Polestar Finland Ltd<\/li>\n<li style=\"text-align: left;\">Liina Aulin, Communications Director, Mets\u00e4hallitus, Suomi<\/li>\n<\/ul>\n<p style=\"text-align: left;\"><span>P\u00e4ivi Tahkokallio, Founder of Tahkokallio Design+, Moderator of Arctic AHA! Dialogues<\/span><\/p>\n<p>[\/et_pb_text][\/et_pb_column][\/et_pb_row][\/et_pb_section][et_pb_section fb_built=&#8221;1&#8243; disabled_on=&#8221;off|off|off&#8221; _builder_version=&#8221;4.16&#8243; background_color=&#8221;#F6F6F6&#8243; custom_padding=&#8221;|0px||||&#8221; locked=&#8221;off&#8221; global_colors_info=&#8221;{}&#8221;][et_pb_row column_structure=&#8221;1_4,3_4&#8243; _builder_version=&#8221;4.16&#8243; border_width_bottom=&#8221;2px&#8221; border_color_bottom=&#8221;#FFD200&#8243; global_colors_info=&#8221;{}&#8221;][et_pb_column type=&#8221;1_4&#8243; _builder_version=&#8221;4.16&#8243; global_colors_info=&#8221;{}&#8221;][et_pb_image src=&#8221;https:\/\/www.arcticdesignweek.fi\/wp-content\/uploads\/2023\/02\/Kara-Pecknold_pic.jpg&#8221; title_text=&#8221;Kara Pecknold_pic&#8221; _builder_version=&#8221;4.19.5&#8243; background_enable_image=&#8221;off&#8221; global_colors_info=&#8221;{}&#8221;][\/et_pb_image][\/et_pb_column][et_pb_column type=&#8221;3_4&#8243; _builder_version=&#8221;4.16&#8243; global_colors_info=&#8221;{}&#8221;][et_pb_text _builder_version=&#8221;4.19.5&#8243; custom_margin_tablet=&#8221;30px||||false|false&#8221; custom_margin_phone=&#8221;&#8221; custom_margin_last_edited=&#8221;on|desktop&#8221; text_orientation_tablet=&#8221;center&#8221; text_orientation_phone=&#8221;&#8221; text_orientation_last_edited=&#8221;on|tablet&#8221; global_colors_info=&#8221;{}&#8221;]<\/p>\n<h2>Kara Pecknold<\/h2>\n<p>a VP of Regenerative Design at frog, part of Capgemini Invent<\/p>\n<p>[\/et_pb_text][et_pb_text _builder_version=&#8221;4.19.5&#8243; text_orientation_tablet=&#8221;center&#8221; text_orientation_phone=&#8221;&#8221; text_orientation_last_edited=&#8221;on|tablet&#8221; global_colors_info=&#8221;{}&#8221;]<\/p>\n<p>For 20+ years, she has been supporting her clients to transform their products, services, teams and business models. As a global lead of sustainability within the Capgemini Group, she works at the intersection of people and planet by marrying creativity with science to better shape the future of the Next Economy organization.<\/p>\n<p>Kara was born and raised in Canada, where she had her first encounters with the arctic and now lives in Munich, Germany where she leads frog\u2019s design studio. In her free time, you can likely find her in on a mountain, in the forest or by the sea.<\/p>\n<p>[\/et_pb_text][\/et_pb_column][\/et_pb_row][et_pb_row column_structure=&#8221;1_4,3_4&#8243; _builder_version=&#8221;4.16&#8243; border_width_bottom=&#8221;2px&#8221; border_color_bottom=&#8221;#FFD200&#8243; global_colors_info=&#8221;{}&#8221;][et_pb_column type=&#8221;1_4&#8243; _builder_version=&#8221;4.16&#8243; global_colors_info=&#8221;{}&#8221;][et_pb_image src=&#8221;https:\/\/www.arcticdesignweek.fi\/wp-content\/uploads\/2022\/03\/ACrc.jpg&#8221; title_text=&#8221;ACrc&#8221; _builder_version=&#8221;4.16&#8243; background_enable_image=&#8221;off&#8221; global_colors_info=&#8221;{}&#8221;][\/et_pb_image][\/et_pb_column][et_pb_column type=&#8221;3_4&#8243; _builder_version=&#8221;4.16&#8243; global_colors_info=&#8221;{}&#8221;][et_pb_text _builder_version=&#8221;4.16&#8243; custom_margin_tablet=&#8221;30px||||false|false&#8221; custom_margin_phone=&#8221;&#8221; custom_margin_last_edited=&#8221;on|desktop&#8221; text_orientation_tablet=&#8221;center&#8221; text_orientation_phone=&#8221;&#8221; text_orientation_last_edited=&#8221;on|tablet&#8221; global_colors_info=&#8221;{}&#8221;]<\/p>\n<h2><strong>Alessandro Colombo<\/strong><\/h2>\n<p><span>a Milan born architect, Professor at Politecnico di Milano and Politecnico di Torino\u00a0<\/span><\/p>\n<p>[\/et_pb_text][et_pb_text _builder_version=&#8221;4.16&#8243; text_orientation_tablet=&#8221;center&#8221; text_orientation_phone=&#8221;&#8221; text_orientation_last_edited=&#8221;on|tablet&#8221; global_colors_info=&#8221;{}&#8221;]<\/p>\n<p><span style=\"font-size: 15px;\">Born in Milan, after his classical and musical studies he graduated in architecture at <\/span>Politecnico of Milan in 1987, supervisor Marco Zanuso, with the thesis &#8220;The Vegetables factory&#8221;. In 1989 he began his partnership with Pierluigi Cerri at Gregotti Associati International of which he is associated from 1995 to 1998.<\/p>\n<p>In 1991 he wins with Paola Garbuglio the Major of Osaka City Prize with the project: \u201cTerra: Instructions for Use\u201d. With Bruno Morassutti he participates in international architecture competitions where gets accolades. In 1998\/99 he was founding partner of Studio Cerri &amp; Associati, of Terra and Studio Cerri Associati Engineering. In 2004 he was in the winning group of the international competition for the restoration of the Royal Villa of Monza and was awarded the Compasso d&#8217;Oro for the Na\u00f2s System, Unifor office table system. He is a lecturer at the Milan Polytechnic, Polidesign, the Turin Polytechnic and Naba. He was appointed Ambassador of Italian design by the Ministry of Foreign Affairs, in collaboration with Triennale and ADI, for the &#8220;Italian Design Day&#8221; held in 2017 in Vancouver, in 2018 in Jakarta, in 2019 and 2021 in Asunci\u00f3n and in 2020 and 2022 in Helsinki.<\/p>\n<p>He is a consultant for the Salone del Mobile. Milano, the Diocesan Museum of Milan and in 2021 for ADI he designs the TAKE YOUR SEAT set-up at Supersalone 2021 and curates and sets up the Bruno Morassutti 100 + 1 exhibition! at ADI Design Museum in Milan.<\/p>\n<p>[\/et_pb_text][\/et_pb_column][\/et_pb_row][et_pb_row column_structure=&#8221;1_4,3_4&#8243; _builder_version=&#8221;4.16&#8243; border_width_bottom=&#8221;2px&#8221; border_color_bottom=&#8221;#FFD200&#8243; global_colors_info=&#8221;{}&#8221;][et_pb_column type=&#8221;1_4&#8243; _builder_version=&#8221;4.16&#8243; global_colors_info=&#8221;{}&#8221;][et_pb_image src=&#8221;https:\/\/www.arcticdesignweek.fi\/wp-content\/uploads\/2023\/02\/Petteri_Masalin_Chief-Design-Officer-Fiskars-Brand-Fiskars-Finland-Oy-Ab_5.jpg&#8221; title_text=&#8221;Petteri_Masalin_Chief Design Officer, Fiskars Brand, Fiskars Finland Oy Ab_(5)&#8221; _builder_version=&#8221;4.19.5&#8243; background_enable_image=&#8221;off&#8221; global_colors_info=&#8221;{}&#8221;][\/et_pb_image][\/et_pb_column][et_pb_column type=&#8221;3_4&#8243; _builder_version=&#8221;4.16&#8243; global_colors_info=&#8221;{}&#8221;][et_pb_text _builder_version=&#8221;4.19.5&#8243; custom_margin_tablet=&#8221;30px||||false|false&#8221; custom_margin_phone=&#8221;&#8221; custom_margin_last_edited=&#8221;on|desktop&#8221; text_orientation_tablet=&#8221;center&#8221; text_orientation_phone=&#8221;&#8221; text_orientation_last_edited=&#8221;on|tablet&#8221; global_colors_info=&#8221;{}&#8221;]<\/p>\n<h2><b>Petteri Masalin<\/b><span style=\"font-weight: 400;\">\u00a0\u00a0<\/span><\/h2>\n<p><strong>Chief Design Officer, Fiskars brand, Fiskars Group<\/strong><\/p>\n<p>[\/et_pb_text][et_pb_text _builder_version=&#8221;4.19.5&#8243; text_orientation_tablet=&#8221;center&#8221; text_orientation_phone=&#8221;&#8221; text_orientation_last_edited=&#8221;on|tablet&#8221; global_colors_info=&#8221;{}&#8221;]<\/p>\n<p>Petteri Masalin is the Chief Design Officer for the Fiskars brand. Throughout his career Masalin has pushed the Finnish design thinking forward, and he has received numerous design awards.<\/p>\n<p>Masalin holds a Bachelor\u2019s degree in Industrial Design and has graduated from Lahti University of Applied Sciences\u2019s Institute of Design. He is a board member of Lahti University of Applied Sciences and the Finnish Design Centre.<\/p>\n<p>One of the leading premium lifestyle brands in the gardening, cooking &amp; creating categories around the world, Fiskars&#8217; purpose is to increase human happiness in and around the home. In addition to a wide range of garden tools, Masalin\u2019s team also designs kitchen tools and products for watering.<\/p>\n<p>Masalin is the first person with a design background to have lead Fiskars R&amp;D. Today, design is an integral part of the company\u2019s R&amp;D process, to the extent that the two have blended together almost completely. Masalin has developed a hybrid approach, in which engineers become designers and designers become engineers.<\/p>\n<p>&nbsp;<\/p>\n<p>Together with his team, Masalin aims to develop innovative products of a high quality that deliver even after decades use. Masalin sees a lot of optimism in the way in which especially younger generations have started to fight against a throwaway culture in favour of sustainability.<\/p>\n<p>&nbsp;<\/p>\n<p><strong><em>Fiskars Group <\/em><\/strong><em>is the global home of design-driven brands for indoor and outdoor living. Since 1649, we have designed products of timeless, purposeful, and functional beauty, driving innovation and sustainable growth.<\/em><\/p>\n<p>[\/et_pb_text][\/et_pb_column][\/et_pb_row][et_pb_row column_structure=&#8221;1_4,3_4&#8243; disabled_on=&#8221;off|off|off&#8221; _builder_version=&#8221;4.19.5&#8243; custom_padding=&#8221;49px|||||&#8221; border_width_bottom=&#8221;2px&#8221; border_color_bottom=&#8221;#FFD200&#8243; global_colors_info=&#8221;{}&#8221;][et_pb_column type=&#8221;1_4&#8243; _builder_version=&#8221;4.16&#8243; global_colors_info=&#8221;{}&#8221;][et_pb_image src=&#8221;https:\/\/www.arcticdesignweek.fi\/wp-content\/uploads\/2023\/02\/Hester-van-Dijk_pic_Photo-credits-Jorn-van-Eck.jpg&#8221; title_text=&#8221;Hester van Dijk_pic_Photo credits Jorn van Eck&#8221; _builder_version=&#8221;4.19.5&#8243; background_enable_image=&#8221;off&#8221; global_colors_info=&#8221;{}&#8221;][\/et_pb_image][\/et_pb_column][et_pb_column type=&#8221;3_4&#8243; _builder_version=&#8221;4.16&#8243; global_colors_info=&#8221;{}&#8221;][et_pb_text _builder_version=&#8221;4.19.5&#8243; custom_margin_tablet=&#8221;30px||||false|false&#8221; custom_margin_phone=&#8221;&#8221; custom_margin_last_edited=&#8221;on|desktop&#8221; text_orientation_tablet=&#8221;center&#8221; text_orientation_phone=&#8221;&#8221; text_orientation_last_edited=&#8221;on|tablet&#8221; global_colors_info=&#8221;{}&#8221;]<\/p>\n<h2>Hester van Dijk<\/h2>\n<p>\u00a0Architectural Design Overtreders W,<\/p>\n<p>[\/et_pb_text][et_pb_text _builder_version=&#8221;4.19.5&#8243; text_orientation_tablet=&#8221;center&#8221; text_orientation_phone=&#8221;&#8221; text_orientation_last_edited=&#8221;on|tablet&#8221; global_colors_info=&#8221;{}&#8221;]<\/p>\n<div>\n<p class=\"Oletus\" style=\"margin-top: 0cm; line-height: normal;\"><span lang=\"EN-US\" style=\"font-size: 11.0pt;\">As one of the founders of award winning architectural design firm Overtreders W, Hester van Dijk wants to radically change architecture by innovating for a more sustainable future. By making architecture demountable and reusable, by borrowing and leasing materials, and by using biobased and recycled sources, she develops a new perspective on building. The results are delightful, unexpected and functional designs with new contemporary aesthetics.<o:p><\/o:p><\/span><\/p>\n<p class=\"Oletus\" style=\"margin-top: 0cm; line-height: normal;\"><span lang=\"EN-US\" style=\"font-size: 11.0pt;\"><o:p>\u00a0<\/o:p><\/span><\/p>\n<p class=\"Oletus\" style=\"margin-top: 0cm; line-height: normal;\"><span lang=\"EN-US\" style=\"font-size: 11.0pt;\">In 2020 van Dijk started PrettyPlastic, a company that produces building products from 100% upcycled plastic waste. The PrettyPlastic cladding tiles look great, are easy to apply and last forever. From trash to tile! Pretty Plastic contributes to a circular economy where waste does not exist and resources are used over and over again. <o:p><\/o:p><\/span><\/p>\n<p class=\"Oletus\" style=\"margin-top: 0cm; line-height: normal;\"><span lang=\"EN-US\" style=\"font-size: 11.0pt;\"><o:p>\u00a0<\/o:p><\/span><\/p>\n<p class=\"Oletus\" style=\"margin-top: 0cm; line-height: normal;\"><span lang=\"EN-US\" style=\"font-size: 11.0pt;\">Van Dijk lives with her partner in life and business Reinder Bakker and their daughter in Amsterdam. <\/span><span lang=\"EN-US\"><o:p><\/o:p><\/span><\/p>\n<\/div>\n<p>[\/et_pb_text][\/et_pb_column][\/et_pb_row][et_pb_row column_structure=&#8221;1_4,3_4&#8243; disabled_on=&#8221;off|off|off&#8221; _builder_version=&#8221;4.19.5&#8243; custom_padding=&#8221;49px|||||&#8221; border_width_bottom=&#8221;2px&#8221; border_color_bottom=&#8221;#FFD200&#8243; global_colors_info=&#8221;{}&#8221;][et_pb_column type=&#8221;1_4&#8243; _builder_version=&#8221;4.16&#8243; global_colors_info=&#8221;{}&#8221;][et_pb_image src=&#8221;https:\/\/www.arcticdesignweek.fi\/wp-content\/uploads\/2023\/02\/Martin-Osterberg_pic-sq-BW.jpg&#8221; title_text=&#8221;Martin \u00d6sterberg_pic sq-BW&#8221; _builder_version=&#8221;4.19.5&#8243; background_enable_image=&#8221;off&#8221; global_colors_info=&#8221;{}&#8221;][\/et_pb_image][\/et_pb_column][et_pb_column type=&#8221;3_4&#8243; _builder_version=&#8221;4.16&#8243; global_colors_info=&#8221;{}&#8221;][et_pb_text _builder_version=&#8221;4.19.5&#8243; custom_margin_tablet=&#8221;30px||||false|false&#8221; custom_margin_phone=&#8221;&#8221; custom_margin_last_edited=&#8221;on|desktop&#8221; text_orientation_tablet=&#8221;center&#8221; text_orientation_phone=&#8221;&#8221; text_orientation_last_edited=&#8221;on|tablet&#8221; global_colors_info=&#8221;{}&#8221;]<\/p>\n<h2>Martin \u00d6sterberg<\/h2>\n<p>Chief of Marketing, Polestar Finland Ltd<\/p>\n<p>[\/et_pb_text][et_pb_text _builder_version=&#8221;4.19.5&#8243; text_orientation_tablet=&#8221;center&#8221; text_orientation_phone=&#8221;&#8221; text_orientation_last_edited=&#8221;on|tablet&#8221; global_colors_info=&#8221;{}&#8221;]<\/p>\n<p>Martin \u00d6sterberg on pitk\u00e4n linjan markkinoinnin ja br\u00e4ndinrakennuksen ammattilainen. Nykyisess\u00e4 roolissaan Martin oli mukana luomassa Polestarin organisaatiota Suomeen tyhj\u00e4st\u00e4. H\u00e4n vastaa Polestarin br\u00e4ndist\u00e4, markkinoinnista, kumppanuuksista ja viestinn\u00e4st\u00e4 Suomessa. Polestarin kasvu on lyhyess\u00e4 ajassa muuttanut alan toimintatapoja uudelleenm\u00e4\u00e4rittelem\u00e4ll\u00e4 autokaupan asiakas- ja ostokokokemuksen, joka on konkretisoitunut br\u00e4ndin nopeaan tunnettuuden sek\u00e4 myynnin kasvuun.<\/p>\n<p>Ennen Polestaria h\u00e4n vastasi urheilukellovalmistaja Suunnon globaalista markkinoinnista. H\u00e4n on kerrytt\u00e4nyt kansainv\u00e4list\u00e4 kokemusta my\u00f6s eri markkinoinnin johtoteht\u00e4viss\u00e4 mm. Coca-Colalta, kiinteist\u00f6sijoitusyhti\u00f6 Cityconista ja Monster Energylt\u00e4.\u00a0<\/p>\n<p>&nbsp;<\/p>\n<p>EN<\/p>\n<p>Martin is recognized as a long-term marketing and brand building professional. In his current role, Martin was involved in launching Polestar&#8217;s organization in Finland and is responsible for Polestar&#8217;s brand, marketing, partnerships and communications in the market. In a short time, Polestar&#8217;s growth has changed the operating methods of the car industry by redefining the customer journey and purchase experience, which has resulted in rapid growth of the brand&#8217;s recognition and sales.<\/p>\n<p>Before Polestar, Martin was responsible for the global marketing of sports watch manufacturer Suunto. He has also gained international experience in various marketing management positions, e.g. from Coca-Cola, real estate investment company Citycon and energy drink giant Monster Energy.<\/p>\n<p>[\/et_pb_text][\/et_pb_column][\/et_pb_row][et_pb_row column_structure=&#8221;1_4,3_4&#8243; disabled_on=&#8221;off|off|off&#8221; _builder_version=&#8221;4.19.5&#8243; custom_padding=&#8221;49px|||||&#8221; border_width_bottom=&#8221;2px&#8221; border_color_bottom=&#8221;#FFD200&#8243; global_colors_info=&#8221;{}&#8221;][et_pb_column type=&#8221;1_4&#8243; _builder_version=&#8221;4.16&#8243; global_colors_info=&#8221;{}&#8221;][et_pb_image src=&#8221;https:\/\/www.arcticdesignweek.fi\/wp-content\/uploads\/2023\/02\/MeghanPreiss.jpeg&#8221; title_text=&#8221;MeghanPreiss&#8221; _builder_version=&#8221;4.19.5&#8243; background_enable_image=&#8221;off&#8221; global_colors_info=&#8221;{}&#8221;][\/et_pb_image][\/et_pb_column][et_pb_column type=&#8221;3_4&#8243; _builder_version=&#8221;4.16&#8243; global_colors_info=&#8221;{}&#8221;][et_pb_text _builder_version=&#8221;4.20.0&#8243; custom_margin_tablet=&#8221;30px||||false|false&#8221; custom_margin_phone=&#8221;&#8221; custom_margin_last_edited=&#8221;on|desktop&#8221; text_orientation_tablet=&#8221;center&#8221; text_orientation_phone=&#8221;&#8221; text_orientation_last_edited=&#8221;on|tablet&#8221; global_colors_info=&#8221;{}&#8221;]<\/p>\n<h2>Meghan Preiss<\/h2>\n<p>Manager of CX Design Integration at Delta Air Lines, WDO Board member<\/p>\n<p>[\/et_pb_text][et_pb_text _builder_version=&#8221;4.19.5&#8243; text_orientation_tablet=&#8221;center&#8221; text_orientation_phone=&#8221;&#8221; text_orientation_last_edited=&#8221;on|tablet&#8221; global_colors_info=&#8221;{}&#8221;]<\/p>\n<p>Meghan Preiss is a mobility design strategists with a passion for understanding and impacting the needs of all living things.<\/p>\n<p>She is currently a Manager of CX Design Integration at Delta Air Lines where she creates design strategies to prioritize the customer experience and develop design thinking capabilities throughout the enterprise. She is an instinctive translator traversing between complex details and big picture ideas.<\/p>\n<p>Meghan\u2019s passion to provide new paths for future generations to impact the world around them is becoming more of a reality with each new role she takes on. It was this passion that led her to become the youngest board member of the World Design Organization (WDO) in their 60-year history. Previously the United States female representative in WDO\u2019s inaugural Young Designers Circle, Meghan has worked with global communities to elevate design education and gender equality design initiatives. In the United Kingdom, she taught 12- to 18-year-olds how to merge design, engineering, user research, and business, while also mentoring them through different phases of life.<\/p>\n<p>Meghan is a motivational speaker at conferences, universities, and communities around the globe including Industrial Designers Society of America\u2019s International Design Conference, Dassault Systemes, Auburn University, Savannah College of Art and Design and more! Since graduating Savannah College of Art and Design with degrees in Service Design and Industrial Design, she gained experience in both consulting for LEGO, Boston Scientific, Hamilton Medical, BMW, Honda, and more. As well as working in-house at corporations like Ford Motor Company and IBM.\u00a0<\/p>\n<p>[\/et_pb_text][\/et_pb_column][\/et_pb_row][et_pb_row column_structure=&#8221;1_4,3_4&#8243; disabled_on=&#8221;off|off|off&#8221; _builder_version=&#8221;4.19.5&#8243; border_width_bottom=&#8221;2px&#8221; border_color_bottom=&#8221;#FFD200&#8243; global_colors_info=&#8221;{}&#8221;][et_pb_column type=&#8221;1_4&#8243; _builder_version=&#8221;4.16&#8243; global_colors_info=&#8221;{}&#8221;][et_pb_image src=&#8221;https:\/\/www.arcticdesignweek.fi\/wp-content\/uploads\/2023\/02\/sands.jpg&#8221; title_text=&#8221;sands&#8221; _builder_version=&#8221;4.19.5&#8243; background_enable_image=&#8221;off&#8221; global_colors_info=&#8221;{}&#8221;][\/et_pb_image][\/et_pb_column][et_pb_column type=&#8221;3_4&#8243; _builder_version=&#8221;4.16&#8243; global_colors_info=&#8221;{}&#8221;][et_pb_text _builder_version=&#8221;4.19.5&#8243; custom_margin_tablet=&#8221;30px||||false|false&#8221; custom_margin_phone=&#8221;&#8221; custom_margin_last_edited=&#8221;on|desktop&#8221; text_orientation_tablet=&#8221;center&#8221; text_orientation_phone=&#8221;&#8221; text_orientation_last_edited=&#8221;on|tablet&#8221; global_colors_info=&#8221;{}&#8221;]<\/p>\n<h2><strong>Jonathan Sands<\/strong><\/h2>\n<p><span style=\"font-weight: 400;\">OBE<\/span><\/p>\n<p>[\/et_pb_text][et_pb_text _builder_version=&#8221;4.19.5&#8243; text_orientation_tablet=&#8221;center&#8221; text_orientation_phone=&#8221;&#8221; text_orientation_last_edited=&#8221;on|tablet&#8221; global_colors_info=&#8221;{}&#8221;]<\/p>\n<p><span>Jonathan has a more than forty year career in the creative industries. Perhaps most notably he is known for building the UK headquartered design consultancy Elmwood into a global enterprise <\/span><span>famed for winning more design effectiveness awards than any other agency ever and all started from a small provincial studio outside Leeds in the North of England. In 2021 Jonathan handed down the various studios located in Leeds, London, New York, Singapore and Melbourne to the respective management teams with the London, New York and Singapore studios ultimately being sold to MSQ. Jonathan still retains a significant shareholding in Born Ugly which is the new name for the founding studio in Leeds however Jonathan has also stepped out of that business and now runs a new virtual enterprise for his own consulting clients called <\/span>\u2018<span>The Third Pig Company<\/span>\u2019 <span>and at the end of last year he was named as the Mentor of the Year by the business network <\/span>\u2018<span>Connect Yorkshire<\/span>\u2019<span>.<\/span><\/p>\n<p><span>Jonathan was awarded an Honorary Doctorate by Huddersfield University in 2000 where he also served for many years as a <\/span>\u2018<span>Visiting Professor of Innovation<\/span>\u2019<span>. He is a past council member of the Design Council on which he served for ten years. He is a fellow and past council member of the RSA and was the youngest ever Chairman of the Design Business Association and the first Chair from outside London. Jonathan was awarded an OBE for services to the creative Industry in the Queen<\/span>\u2019<span>s New Years Honours List in 2011. <\/span><\/p>\n<p><span>\u00a0<\/span><span>Finally Jonathan is a current Trustee of the Royal Armouries and Chairman of their commercial business RATE. He is a collector of classic cars, a proud father of three, a moderate golfer and a long suffering Derby County supporter.<\/span><\/p>\n<p>[\/et_pb_text][\/et_pb_column][\/et_pb_row][et_pb_row column_structure=&#8221;1_4,3_4&#8243; disabled_on=&#8221;off|off|off&#8221; _builder_version=&#8221;4.20.0&#8243; border_width_bottom=&#8221;2px&#8221; border_color_bottom=&#8221;#FFD200&#8243; global_colors_info=&#8221;{}&#8221;][et_pb_column type=&#8221;1_4&#8243; _builder_version=&#8221;4.16&#8243; global_colors_info=&#8221;{}&#8221;][et_pb_image src=&#8221;https:\/\/www.arcticdesignweek.fi\/wp-content\/uploads\/2023\/03\/Jonne-Hellgren-pic-1.png&#8221; title_text=&#8221;Jonne Hellgren pic (1)&#8221; _builder_version=&#8221;4.20.0&#8243; background_enable_image=&#8221;off&#8221; global_colors_info=&#8221;{}&#8221;][\/et_pb_image][\/et_pb_column][et_pb_column type=&#8221;3_4&#8243; _builder_version=&#8221;4.16&#8243; global_colors_info=&#8221;{}&#8221;][et_pb_text _builder_version=&#8221;4.20.0&#8243; custom_margin_tablet=&#8221;30px||||false|false&#8221; custom_margin_phone=&#8221;&#8221; custom_margin_last_edited=&#8221;on|desktop&#8221; text_orientation_tablet=&#8221;center&#8221; text_orientation_phone=&#8221;&#8221; text_orientation_last_edited=&#8221;on|tablet&#8221; global_colors_info=&#8221;{}&#8221;]<\/p>\n<h2>Jonne Hellgren<\/h2>\n<p>CEO and Co-Founder Re-Pack<\/p>\n<p>[\/et_pb_text][et_pb_text _builder_version=&#8221;4.20.0&#8243; text_orientation_tablet=&#8221;center&#8221; text_orientation_phone=&#8221;&#8221; text_orientation_last_edited=&#8221;on|tablet&#8221; global_colors_info=&#8221;{}&#8221;]<\/p>\n<p>Jonne Hellgren is a business leader and developer and has founded two pioneering companies in sustainability and circular economy.<\/p>\n<p>His first company introduced the term carbon footprint \u2014 and the popular online test \u2014 to Finnish audiences. Years of exposure to LCA&#8217;s and ESG strategies of cities, companies, products and supply chains taught Jonne how value is created (and lost).<\/p>\n<p>\u00a0In his second company, together with two industrial designers, sustainability analysis was combined with new product development &amp; design, based on the belief that 80% of the environmental impact of any product is determined in the design process. Since then Jonne has realised marketing and budgeting often play a bigger role.<\/p>\n<p>Countless hours in warehouses led them to create a globally unique reusable packaging service for e-commerce. Today RePack is used by hundreds of online retailers in Europe and North America from global giants to brand owners. It&#8217;s a multi-award-winning innovation that combines product, operational and business model design in an elegant way.<\/p>\n<p>&nbsp;<\/p>\n<p>In his current role as CEO of RePack Jonne works in the business and on the business; strategy, sales, product, concept, marketing, funding and team development &amp; execution.<\/p>\n<p>&nbsp;<\/p>\n<p>Jonne grew up in Finnish Lapland and studied management in the UK.<\/p>\n<p>[\/et_pb_text][\/et_pb_column][\/et_pb_row][et_pb_row column_structure=&#8221;1_4,3_4&#8243; disabled_on=&#8221;off|off|off&#8221; _builder_version=&#8221;4.20.0&#8243; border_width_bottom=&#8221;2px&#8221; border_color_bottom=&#8221;#FFD200&#8243; global_colors_info=&#8221;{}&#8221;][et_pb_column type=&#8221;1_4&#8243; _builder_version=&#8221;4.16&#8243; global_colors_info=&#8221;{}&#8221;][et_pb_image src=&#8221;https:\/\/www.arcticdesignweek.fi\/wp-content\/uploads\/2023\/03\/liina-aulin.jpg&#8221; title_text=&#8221;liina aulin&#8221; _builder_version=&#8221;4.20.0&#8243; background_enable_image=&#8221;off&#8221; global_colors_info=&#8221;{}&#8221;][\/et_pb_image][\/et_pb_column][et_pb_column type=&#8221;3_4&#8243; _builder_version=&#8221;4.16&#8243; global_colors_info=&#8221;{}&#8221;][et_pb_text _builder_version=&#8221;4.20.0&#8243; custom_margin_tablet=&#8221;30px||||false|false&#8221; custom_margin_phone=&#8221;&#8221; custom_margin_last_edited=&#8221;on|desktop&#8221; text_orientation_tablet=&#8221;center&#8221; text_orientation_phone=&#8221;&#8221; text_orientation_last_edited=&#8221;on|tablet&#8221; global_colors_info=&#8221;{}&#8221;]<\/p>\n<h2><b>Liisa Aulin<\/b><\/h2>\n<p><span style=\"font-weight: 400;\">Viesint\u00e4johtaja \/ Communications director<\/span><\/p>\n<p>[\/et_pb_text][et_pb_text _builder_version=&#8221;4.20.0&#8243; text_orientation_tablet=&#8221;center&#8221; text_orientation_phone=&#8221;&#8221; text_orientation_last_edited=&#8221;on|tablet&#8221; global_colors_info=&#8221;{}&#8221;]<\/p>\n<p>Mets\u00e4hallituksen viestint\u00e4johtaja Liina Aulinilla on vahva kokemus vaativista viestinn\u00e4n ja yhteiskuntasuhteiden sek\u00e4 yritysvastuun johtamisteht\u00e4vist\u00e4. Metsien k\u00e4ytt\u00f6\u00f6n, ilmastoon ja luonnon monimuotoisuuteen liittyv\u00e4t kysymykset kiinnostavat laajasti eri sidosryhmi\u00e4, mik\u00e4 korostaa viestinn\u00e4n ja avoimen vuoropuhelun merkityst\u00e4.<\/p>\n<p>&nbsp;<\/p>\n<p>Mets\u00e4hallitus&#8217; communications director Liina Aulin has strong experience in demanding communications and social relations and corporate responsibility management tasks. Questions related to the use of forests, climate and biodiversity are widely of interest to various stakeholders, which emphasizes the importance of communication and open dialogue.<\/p>\n<p>&nbsp;<\/p>\n<p>[\/et_pb_text][\/et_pb_column][\/et_pb_row][et_pb_row column_structure=&#8221;1_4,3_4&#8243; disabled_on=&#8221;off|off|off&#8221; _builder_version=&#8221;4.20.2&#8243; hover_enabled=&#8221;0&#8243; border_width_bottom=&#8221;2px&#8221; border_color_bottom=&#8221;#FFD200&#8243; global_colors_info=&#8221;{}&#8221; sticky_enabled=&#8221;0&#8243;][et_pb_column type=&#8221;1_4&#8243; _builder_version=&#8221;4.16&#8243; global_colors_info=&#8221;{}&#8221;][et_pb_image src=&#8221;https:\/\/www.arcticdesignweek.fi\/wp-content\/uploads\/2023\/03\/Joutsen_CEO_Kotkasaari.webp&#8221; title_text=&#8221;Joutsen_CEO_Kotkasaari&#8221; _builder_version=&#8221;4.20.2&#8243; background_enable_image=&#8221;off&#8221; hover_enabled=&#8221;0&#8243; global_colors_info=&#8221;{}&#8221; sticky_enabled=&#8221;0&#8243;][\/et_pb_image][\/et_pb_column][et_pb_column type=&#8221;3_4&#8243; _builder_version=&#8221;4.16&#8243; global_colors_info=&#8221;{}&#8221;][et_pb_text _builder_version=&#8221;4.20.2&#8243; custom_margin_tablet=&#8221;30px||||false|false&#8221; custom_margin_phone=&#8221;&#8221; custom_margin_last_edited=&#8221;on|desktop&#8221; hover_enabled=&#8221;0&#8243; text_orientation_tablet=&#8221;center&#8221; text_orientation_phone=&#8221;&#8221; text_orientation_last_edited=&#8221;on|tablet&#8221; global_colors_info=&#8221;{}&#8221; sticky_enabled=&#8221;0&#8243;]<\/p>\n<h2>Matias Kotkasaari<\/h2>\n<p><span>CEO Joutsen Finland Ltd<\/span><\/p>\n<p>[\/et_pb_text][et_pb_text _builder_version=&#8221;4.20.2&#8243; hover_enabled=&#8221;0&#8243; text_orientation_tablet=&#8221;center&#8221; text_orientation_phone=&#8221;&#8221; text_orientation_last_edited=&#8221;on|tablet&#8221; global_colors_info=&#8221;{}&#8221; sticky_enabled=&#8221;0&#8243;]<\/p>\n<p>Matias Kotkasaari on perheyritys Joutsen Finland Oy:n toimitusjohtaja jo nelj\u00e4nness\u00e4 polvessa. Yrityksen perusti h\u00e4nen isoisois\u00e4ns\u00e4 vuonna 1936. Jo alusta asti kantavana ajatuksena on ollut laadukkaiden, hyv\u00e4\u00e4 oloa ja mielt\u00e4 tuottavien tuotteiden valmistus mukavassa ty\u00f6yhteis\u00f6ss\u00e4. Ajaton design ja huolellinen suunnittelu ovat tuotteiden pitk\u00e4ik\u00e4isyyden kulmakivet. Tuotteiden muotoilun ja ominaisuudet nostaa omalle tasolleen ainutlaatuisen puhdas vastuullisesti tuotettu untuva, joka jalostetaan Joutsenen omassa tehtaassa. Joutsenen tuotteissa muotoilu, laatu ja vastuullisuus kulkevat k\u00e4si k\u00e4dess\u00e4, toisiaan tukien.<\/p>\n<p>&nbsp;<\/p>\n<p>Matias Kotkasaari is the fourth generation CEO of the Finnish family business Joutsen Finland Oy. The company was founded by his great-grandparents in 1936. Marius and Saima, the great-grandparents said from day one \u2019The goal is to manufacture high quality products, creating pleasure and wellbeing for their users, in a working environment that creates wellbeing also to the employers\u2019. The goal is as valid today. Timeless design and a well thought design process create products with a long lifespan. The raw material is the key, the unique down produced sustainably is given a final touch in Joutsen\u2019s own factory. In Joutsen design, quality and responsibility always go hand in hand, supporting each other.<\/p>\n<p>[\/et_pb_text][\/et_pb_column][\/et_pb_row][et_pb_row column_structure=&#8221;1_4,3_4&#8243; disabled_on=&#8221;on|on|on&#8221; _builder_version=&#8221;4.19.5&#8243; border_width_bottom=&#8221;2px&#8221; border_color_bottom=&#8221;#FFD200&#8243; disabled=&#8221;on&#8221; global_colors_info=&#8221;{}&#8221;][et_pb_column type=&#8221;1_4&#8243; _builder_version=&#8221;4.16&#8243; global_colors_info=&#8221;{}&#8221;][et_pb_image src=&#8221;https:\/\/www.arcticdesignweek.fi\/wp-content\/uploads\/2022\/02\/Miikka-Niemi.jpg&#8221; title_text=&#8221;Miikka Niemi&#8221; _builder_version=&#8221;4.16&#8243; background_enable_image=&#8221;off&#8221; global_colors_info=&#8221;{}&#8221;][\/et_pb_image][\/et_pb_column][et_pb_column type=&#8221;3_4&#8243; _builder_version=&#8221;4.16&#8243; global_colors_info=&#8221;{}&#8221;][et_pb_text _builder_version=&#8221;4.16&#8243; custom_margin_tablet=&#8221;30px||||false|false&#8221; custom_margin_phone=&#8221;&#8221; custom_margin_last_edited=&#8221;on|desktop&#8221; text_orientation_tablet=&#8221;center&#8221; text_orientation_phone=&#8221;&#8221; text_orientation_last_edited=&#8221;on|tablet&#8221; global_colors_info=&#8221;{}&#8221;]<\/p>\n<h2>Miikka Niemi<\/h2>\n<p><span>CEO, Flatlight\u00a0 \u00a0<\/span><\/p>\n<p>[\/et_pb_text][et_pb_text _builder_version=&#8221;4.16&#8243; text_orientation_tablet=&#8221;center&#8221; text_orientation_phone=&#8221;&#8221; text_orientation_last_edited=&#8221;on|tablet&#8221; global_colors_info=&#8221;{}&#8221;]<\/p>\n<p><span style=\"font-weight: 400;\">Miikka Niemi is the founder, CEO of Flatlight and founder of Y_North. He&#8217;s award-winning marketing and film professional with over 15 years of experience in the intersection of marketing communication, design, entertainment and art. Working with clients like Business Finland, City of Rovaniemi, House of Lapland, Alibaba, Alipay and Lapland Hotels.<\/span><\/p>\n<p>&nbsp;<\/p>\n<p><span style=\"font-weight: 400;\">Flatlight is a creative house that creates ideas, brands, stories and experiences for all senses. Y_North is a future-driven co-working, meeting and event space in Rovaniemi, Lapland, Finland.<\/span><\/p>\n<p>[\/et_pb_text][\/et_pb_column][\/et_pb_row][et_pb_row column_structure=&#8221;1_4,3_4&#8243; disabled_on=&#8221;on|on|on&#8221; _builder_version=&#8221;4.19.5&#8243; border_width_bottom=&#8221;2px&#8221; border_color_bottom=&#8221;#FFD200&#8243; disabled=&#8221;on&#8221; global_colors_info=&#8221;{}&#8221;][et_pb_column type=&#8221;1_4&#8243; _builder_version=&#8221;4.16&#8243; global_colors_info=&#8221;{}&#8221;][et_pb_image src=&#8221;https:\/\/www.arcticdesignweek.fi\/wp-content\/uploads\/2022\/02\/LapuanKankurit-Jaana-Hjelt-1.jpg&#8221; title_text=&#8221;LapuanKankurit Jaana Hjelt 1&#8243; _builder_version=&#8221;4.16&#8243; background_enable_image=&#8221;off&#8221; global_colors_info=&#8221;{}&#8221;][\/et_pb_image][\/et_pb_column][et_pb_column type=&#8221;3_4&#8243; _builder_version=&#8221;4.16&#8243; global_colors_info=&#8221;{}&#8221;][et_pb_text _builder_version=&#8221;4.16&#8243; custom_margin_tablet=&#8221;30px||||false|false&#8221; custom_margin_phone=&#8221;&#8221; custom_margin_last_edited=&#8221;on|desktop&#8221; text_orientation_tablet=&#8221;center&#8221; text_orientation_phone=&#8221;&#8221; text_orientation_last_edited=&#8221;on|tablet&#8221; global_colors_info=&#8221;{}&#8221;]<\/p>\n<h2>Jaana Hjelt<\/h2>\n<p><span>Lapuan Kankurit, markkinointijohtaja, omistaja\u00a0<\/span><\/p>\n<p>[\/et_pb_text][et_pb_text _builder_version=&#8221;4.16&#8243; text_orientation_tablet=&#8221;center&#8221; text_orientation_phone=&#8221;&#8221; text_orientation_last_edited=&#8221;on|tablet&#8221; global_colors_info=&#8221;{}&#8221;]<\/p>\n<p><span style=\"font-weight: 400;\">\u201dVastaan Lapuan Kankureiden myynnist\u00e4 ja markkinoinnista, hallinnosta ja olen tuotekehitystiimimme j\u00e4sen. Olen koulutukseltani tuotantotalouden diplomi-insin\u00f6\u00f6ri, p\u00e4\u00e4aineena kansainv\u00e4linen markkinointi.\u00a0<\/span><\/p>\n<p><span style=\"font-weight: 400;\">Me Lapuan Kankureissa haluamme omalta osaltamme j\u00e4tt\u00e4\u00e4 tuleville sukupolville kest\u00e4v\u00e4n perinn\u00f6n ja kaiken kehitysty\u00f6mme tavoitteena onkin toimia yh\u00e4 vastuullisemmin.<\/span><span style=\"font-weight: 400;\">\u201d<\/span><\/p>\n<p>[\/et_pb_text][\/et_pb_column][\/et_pb_row][et_pb_row column_structure=&#8221;1_4,3_4&#8243; disabled_on=&#8221;on|on|on&#8221; _builder_version=&#8221;4.19.5&#8243; border_width_bottom=&#8221;2px&#8221; border_color_bottom=&#8221;#FFD200&#8243; disabled=&#8221;on&#8221; global_colors_info=&#8221;{}&#8221;][et_pb_column type=&#8221;1_4&#8243; _builder_version=&#8221;4.16&#8243; global_colors_info=&#8221;{}&#8221;][et_pb_image src=&#8221;https:\/\/www.arcticdesignweek.fi\/wp-content\/uploads\/2022\/02\/juho-official.jpg&#8221; title_text=&#8221;juho-official&#8221; _builder_version=&#8221;4.16&#8243; background_enable_image=&#8221;off&#8221; global_colors_info=&#8221;{}&#8221;][\/et_pb_image][\/et_pb_column][et_pb_column type=&#8221;3_4&#8243; _builder_version=&#8221;4.16&#8243; global_colors_info=&#8221;{}&#8221;][et_pb_text _builder_version=&#8221;4.16&#8243; custom_margin_tablet=&#8221;30px||||false|false&#8221; custom_margin_phone=&#8221;&#8221; custom_margin_last_edited=&#8221;on|desktop&#8221; text_orientation_tablet=&#8221;center&#8221; text_orientation_phone=&#8221;&#8221; text_orientation_last_edited=&#8221;on|tablet&#8221; global_colors_info=&#8221;{}&#8221;]<\/p>\n<h2>Juho Uutela<\/h2>\n<p><span>CEO, Beyong Arctic <\/span><\/p>\n<p>[\/et_pb_text][et_pb_text _builder_version=&#8221;4.16&#8243; text_orientation_tablet=&#8221;center&#8221; text_orientation_phone=&#8221;&#8221; text_orientation_last_edited=&#8221;on|tablet&#8221; global_colors_info=&#8221;{}&#8221;]<\/p>\n<p><span style=\"font-weight: 400;\">Juholla on pitk\u00e4 kokemus matkailualan monipuolisista teht\u00e4vist\u00e4. Vuonna 2016 h\u00e4n perusti yhti\u00f6kumppanien kanssa Beyond Arctic ohjelmapalveluyrityksen, jossa h\u00e4n on toiminut yritt\u00e4j\u00e4n\u00e4 siit\u00e4 l\u00e4htien. Beyond Arctic oli ensimm\u00e4inen valokuvausmatkailuun keskittyv\u00e4 yritys Lapissa, joka t\u00e4n\u00e4 p\u00e4iv\u00e4n\u00e4 ty\u00f6llist\u00e4\u00e4 sesonkiluonteisesti 12-14 henkil\u00f6\u00e4. Kest\u00e4v\u00e4 matkailu on ollut alusta asti keskeinen arvo kaikessa yrityksen toiminnassa ja sen kehitt\u00e4minen isossa osassa joka p\u00e4iv\u00e4ist\u00e4 toimintaa.<\/span><\/p>\n<p>[\/et_pb_text][\/et_pb_column][\/et_pb_row][et_pb_row column_structure=&#8221;1_4,3_4&#8243; disabled_on=&#8221;on|on|on&#8221; _builder_version=&#8221;4.19.5&#8243; border_width_bottom=&#8221;2px&#8221; border_color_bottom=&#8221;#FFD200&#8243; disabled=&#8221;on&#8221; global_colors_info=&#8221;{}&#8221;][et_pb_column type=&#8221;1_4&#8243; _builder_version=&#8221;4.16&#8243; global_colors_info=&#8221;{}&#8221;][et_pb_image src=&#8221;https:\/\/www.arcticdesignweek.fi\/wp-content\/uploads\/2022\/02\/marlou1-400&#215;400-50-50-q100.jpg&#8221; title_text=&#8221;marlou1-400&#215;400-50-50-q100&#8243; _builder_version=&#8221;4.16&#8243; background_enable_image=&#8221;off&#8221; global_colors_info=&#8221;{}&#8221;][\/et_pb_image][\/et_pb_column][et_pb_column type=&#8221;3_4&#8243; _builder_version=&#8221;4.16&#8243; global_colors_info=&#8221;{}&#8221;][et_pb_text _builder_version=&#8221;4.16&#8243; custom_margin_tablet=&#8221;30px||||false|false&#8221; custom_margin_phone=&#8221;&#8221; custom_margin_last_edited=&#8221;on|desktop&#8221; text_orientation_tablet=&#8221;center&#8221; text_orientation_phone=&#8221;&#8221; text_orientation_last_edited=&#8221;on|tablet&#8221; global_colors_info=&#8221;{}&#8221;]<\/p>\n<h2>Marlou van der Cruijsen<\/h2>\n<p><span>Project director, Baltan Laboratories, Eindhoven, Netherlands<\/span><\/p>\n<p>[\/et_pb_text][et_pb_text _builder_version=&#8221;4.16&#8243; custom_padding=&#8221;3px|||||&#8221; text_orientation_tablet=&#8221;center&#8221; text_orientation_phone=&#8221;&#8221; text_orientation_last_edited=&#8221;on|tablet&#8221; global_colors_info=&#8221;{}&#8221;]<\/p>\n<p><span style=\"font-weight: 400;\">Marlou van der Cruijsen has a strong interest in the transformative power of arts and culture. She holds a master\u2019s degree in Cultural Studies from Radboud University in Nijmegen (NL). In her role as program leader, she has led Baltan participation in several European projects as well as the organization cultural program.<\/span><\/p>\n<p>[\/et_pb_text][\/et_pb_column][\/et_pb_row][et_pb_row column_structure=&#8221;1_4,3_4&#8243; disabled_on=&#8221;on|on|on&#8221; _builder_version=&#8221;4.19.5&#8243; border_width_bottom=&#8221;2px&#8221; border_color_bottom=&#8221;#FFD200&#8243; disabled=&#8221;on&#8221; global_colors_info=&#8221;{}&#8221;][et_pb_column type=&#8221;1_4&#8243; _builder_version=&#8221;4.16&#8243; global_colors_info=&#8221;{}&#8221;][et_pb_image src=&#8221;https:\/\/www.arcticdesignweek.fi\/wp-content\/uploads\/2022\/02\/Simon-Ballen_Portrait_Photo-Frederik-Behre.jpg&#8221; title_text=&#8221;Processed with VSCO with hb2 preset&#8221; _builder_version=&#8221;4.16&#8243; background_enable_image=&#8221;off&#8221; global_colors_info=&#8221;{}&#8221;][\/et_pb_image][\/et_pb_column][et_pb_column type=&#8221;3_4&#8243; _builder_version=&#8221;4.16&#8243; global_colors_info=&#8221;{}&#8221;][et_pb_text _builder_version=&#8221;4.16&#8243; custom_margin_tablet=&#8221;30px||||false|false&#8221; custom_margin_phone=&#8221;&#8221; custom_margin_last_edited=&#8221;on|desktop&#8221; text_orientation_tablet=&#8221;center&#8221; text_orientation_phone=&#8221;&#8221; text_orientation_last_edited=&#8221;on|tablet&#8221; global_colors_info=&#8221;{}&#8221;]<\/p>\n<h2>Sim\u00f3n Ballen Botero<\/h2>\n<p><span>Designer (born in Colombia, lives in The Netherlands)<\/span><\/p>\n<p>[\/et_pb_text][et_pb_text _builder_version=&#8221;4.16&#8243; text_orientation_tablet=&#8221;center&#8221; text_orientation_phone=&#8221;&#8221; text_orientation_last_edited=&#8221;on|tablet&#8221; global_colors_info=&#8221;{}&#8221;]<\/p>\n<p>Sim\u00f3n Ballen Botero (*1992) is a Colombian product designer currently based<br \/>between Amsterdam and Medell\u00edn. He has lived and studied in Colombia,<br \/>Italy, Finland, Iceland, Greenland and the Netherlands where he graduated<br \/>from the Man and Wellbeing department at the Design Academy Eindhoven in<br \/>2018. Through his work, he researches the intangible relations between objects,<br \/>people and local traditions. Sim\u00f3n has built a practice of collaborations with<br \/>different artisans, craftsmen and local communities using design as a tool for<br \/>critical discourse and empowerment. He has developed a body of work focused<br \/>on the use of local resources and local materials to create sustainable solutions<br \/>with the communities and contexts he works in. Although being trained as a<br \/>designer, his practice is built in close relation to the fields of anthropology and<br \/>material culture, through which he explores issues related to ecology, identity,<br \/>heritage and colonialism.<\/p>\n<p>[\/et_pb_text][\/et_pb_column][\/et_pb_row][et_pb_row column_structure=&#8221;1_4,3_4&#8243; disabled_on=&#8221;on|on|on&#8221; _builder_version=&#8221;4.19.5&#8243; border_width_bottom=&#8221;2px&#8221; border_color_bottom=&#8221;#FFD200&#8243; disabled=&#8221;on&#8221; global_colors_info=&#8221;{}&#8221;][et_pb_column type=&#8221;1_4&#8243; _builder_version=&#8221;4.16&#8243; global_colors_info=&#8221;{}&#8221;][et_pb_image src=&#8221;https:\/\/www.arcticdesignweek.fi\/wp-content\/uploads\/2022\/02\/KaltioCreative-KatariinaImporanta-FlatlightCreative.jpg&#8221; title_text=&#8221;KaltioCreative-KatariinaImporanta-FlatlightCreative&#8221; _builder_version=&#8221;4.16&#8243; background_enable_image=&#8221;off&#8221; global_colors_info=&#8221;{}&#8221;][\/et_pb_image][\/et_pb_column][et_pb_column type=&#8221;3_4&#8243; _builder_version=&#8221;4.16&#8243; global_colors_info=&#8221;{}&#8221;][et_pb_text _builder_version=&#8221;4.16&#8243; custom_margin_tablet=&#8221;30px||||false|false&#8221; custom_margin_phone=&#8221;&#8221; custom_margin_last_edited=&#8221;on|desktop&#8221; text_orientation_tablet=&#8221;center&#8221; text_orientation_phone=&#8221;&#8221; text_orientation_last_edited=&#8221;on|tablet&#8221; global_colors_info=&#8221;{}&#8221;]<\/p>\n<h2>Katariina Imporanta<\/h2>\n<p>CEO, br\u00e4ndijohtaja<\/p>\n<p>[\/et_pb_text][et_pb_text _builder_version=&#8221;4.16&#8243; text_orientation_tablet=&#8221;center&#8221; text_orientation_phone=&#8221;&#8221; text_orientation_last_edited=&#8221;on|tablet&#8221; global_colors_info=&#8221;{}&#8221;]<\/p>\n<p><span style=\"font-weight: 400;\">Kaltio Creativen Katariinalla on pitk\u00e4 kokemus erilaisten br\u00e4ndien, luovien konseptien ja markkinointisis\u00e4lt\u00f6jen suunnittelusta ja rakentamisesta, strategiaty\u00f6st\u00e4 ja erikokoisten yritysrahoitusten hakemisesta. Ty\u00f6ss\u00e4\u00e4n h\u00e4n auttaa asiakkaitaan n\u00e4kem\u00e4\u00e4n br\u00e4ndien ja konseptien ytimeen, kirkastamaan niiden p\u00e4\u00e4ajatukset, viestit ja visiot.\u00a0<\/span><\/p>\n<p><span style=\"font-weight: 400;\">Katariinan vahvuuksia suunnittelu- ja strategiaty\u00f6ss\u00e4 ovat heikkojen signaalien tunnistaminen, ainutlaatuisten kilpailuk\u00e4rkien l\u00f6yt\u00e4minen, asiakasymm\u00e4rrys, erottuvat luovat ratkaisut sek\u00e4 kohderyhmi\u00e4 puhuttelevien sis\u00e4lt\u00f6jen tuottaminen. Katariina rakastaa ongelmanratkaisua ja iloitsee hyvien ideoiden kehittymisest\u00e4, konseptien ja liiketoiminnan lentoon l\u00e4htemisest\u00e4 sek\u00e4 positiivisista rahoitusp\u00e4\u00e4t\u00f6ksist\u00e4.<\/span><\/p>\n<p>&nbsp;<\/p>\n<p>[\/et_pb_text][\/et_pb_column][\/et_pb_row][et_pb_row column_structure=&#8221;1_4,3_4&#8243; disabled_on=&#8221;on|on|on&#8221; _builder_version=&#8221;4.19.5&#8243; border_width_bottom=&#8221;2px&#8221; border_color_bottom=&#8221;#FFD200&#8243; disabled=&#8221;on&#8221; global_colors_info=&#8221;{}&#8221;][et_pb_column type=&#8221;1_4&#8243; _builder_version=&#8221;4.16&#8243; global_colors_info=&#8221;{}&#8221;][et_pb_image src=&#8221;https:\/\/www.arcticdesignweek.fi\/wp-content\/uploads\/2022\/02\/Taija-Sailio-FabPatch-Vaatelaastari-Photo-Kati-Valjus.jpg&#8221; title_text=&#8221;Taija Sailio FabPatch Vaatelaastari Photo Kati Valjus&#8221; _builder_version=&#8221;4.16&#8243; background_enable_image=&#8221;off&#8221; global_colors_info=&#8221;{}&#8221;][\/et_pb_image][\/et_pb_column][et_pb_column type=&#8221;3_4&#8243; _builder_version=&#8221;4.16&#8243; global_colors_info=&#8221;{}&#8221;][et_pb_text _builder_version=&#8221;4.16&#8243; custom_margin_tablet=&#8221;30px||||false|false&#8221; custom_margin_phone=&#8221;&#8221; custom_margin_last_edited=&#8221;on|desktop&#8221; text_orientation_tablet=&#8221;center&#8221; text_orientation_phone=&#8221;&#8221; text_orientation_last_edited=&#8221;on|tablet&#8221; global_colors_info=&#8221;{}&#8221;]<\/p>\n<h2>Taija Sailio<\/h2>\n<p><span>Oikiat Design Oy, Design Manager, Vaatelaastari<\/span><\/p>\n<p>[\/et_pb_text][et_pb_text _builder_version=&#8221;4.16&#8243; text_orientation_tablet=&#8221;center&#8221; text_orientation_phone=&#8221;&#8221; text_orientation_last_edited=&#8221;on|tablet&#8221; global_colors_info=&#8221;{}&#8221;]<\/p>\n<p><span style=\"font-weight: 400;\">TaM Taija Sailio vastaa korjausinnovaatio FabPatch Vaatelaastarin mallistoista, muotoiluosaamisen hankkimisesta sek\u00e4 Oikiat Design Oy:n tuotteiden ja palveluiden kehitt\u00e4misest\u00e4. <\/span><\/p>\n<p><span style=\"font-weight: 400;\">Taija on aiemmin toiminut mm. luovien alojen managerina, projektip\u00e4\u00e4llikk\u00f6n\u00e4, yritt\u00e4j\u00e4n\u00e4 sek\u00e4 muotoilijana. H\u00e4nen kiertotalouteen perustuva aiempi tuotteensa Rissarossi on ollut myynniss\u00e4 17:ssa maassa, esimerkiksi MoMa NY:n ja Tokion myym\u00e4l\u00f6iss\u00e4. Sek\u00e4 arjen pieniin ongelmiin ett\u00e4 globaaliin tekstiilij\u00e4teongelmaan vastaavan FabPatch Vaatelaastarin muotoilujohtajana Taija p\u00e4\u00e4see hy\u00f6dynt\u00e4m\u00e4\u00e4n intohimoaan sek\u00e4 vastuullisuuteen ett\u00e4 muotoiluun.<\/span><\/p>\n<p>[\/et_pb_text][\/et_pb_column][\/et_pb_row][et_pb_row column_structure=&#8221;1_4,3_4&#8243; disabled_on=&#8221;on|on|on&#8221; _builder_version=&#8221;4.19.5&#8243; border_width_bottom=&#8221;2px&#8221; border_color_bottom=&#8221;#FFD200&#8243; disabled=&#8221;on&#8221; global_colors_info=&#8221;{}&#8221;][et_pb_column type=&#8221;1_4&#8243; _builder_version=&#8221;4.16&#8243; global_colors_info=&#8221;{}&#8221;][et_pb_image src=&#8221;https:\/\/www.arcticdesignweek.fi\/wp-content\/uploads\/2022\/02\/Mikko-Hauru.jpg&#8221; title_text=&#8221;Mikko Hauru&#8221; _builder_version=&#8221;4.16&#8243; background_enable_image=&#8221;off&#8221; global_colors_info=&#8221;{}&#8221;][\/et_pb_image][\/et_pb_column][et_pb_column type=&#8221;3_4&#8243; _builder_version=&#8221;4.16&#8243; global_colors_info=&#8221;{}&#8221;][et_pb_text _builder_version=&#8221;4.16&#8243; custom_margin_tablet=&#8221;30px||||false|false&#8221; custom_margin_phone=&#8221;&#8221; custom_margin_last_edited=&#8221;on|desktop&#8221; text_orientation_tablet=&#8221;center&#8221; text_orientation_phone=&#8221;&#8221; text_orientation_last_edited=&#8221;on|tablet&#8221; global_colors_info=&#8221;{}&#8221;]<\/p>\n<h2>Mikko Hauru<\/h2>\n<p><span>Haurun J\u00e4teauto, toimitusjohtaja, CEO<\/span><\/p>\n<p>[\/et_pb_text][et_pb_text _builder_version=&#8221;4.16&#8243; text_orientation_tablet=&#8221;center&#8221; text_orientation_phone=&#8221;&#8221; text_orientation_last_edited=&#8221;on|tablet&#8221; global_colors_info=&#8221;{}&#8221;]<\/p>\n<p><span style=\"font-weight: 400;\">Mikko Hauru, Haurun J\u00e4teauto Oy, omistaja ja toimitusjohtaja. Hauru on Suomen \u00e4lykk\u00e4in ymp\u00e4rist\u00f6alan yritys ja oululainen kiertotalouden innovatiivinen toimija, joka hy\u00f6dynt\u00e4\u00e4 liiketoiminnassaan mm. sensoreita sek\u00e4 mobiilisovelluksia. Haurun palvelutarjontaan lukeutuvat kokonaisvaltaiset j\u00e4tehuolto-, vaihtolava- sek\u00e4 viem\u00e4rihuoltopalvelut. T\u00e4rkeimm\u00e4ksi arvoksi toiminnassamme nousevat vastuullisuus ja alan eteenp\u00e4in vieminen \u2013 meill\u00e4 on Pohjois-Pohjanmaan ja Oulun v\u00e4h\u00e4p\u00e4\u00e4st\u00f6isimm\u00e4t j\u00e4teautot ja olemme kulkeneet biokaasulla jo vuodesta 2018.<\/span><\/p>\n<p>[\/et_pb_text][\/et_pb_column][\/et_pb_row][et_pb_row column_structure=&#8221;1_4,3_4&#8243; _builder_version=&#8221;4.16&#8243; custom_margin=&#8221;|auto|31px|auto||&#8221; border_width_bottom=&#8221;2px&#8221; border_color_bottom=&#8221;#FFD200&#8243; global_colors_info=&#8221;{}&#8221;][et_pb_column type=&#8221;1_4&#8243; _builder_version=&#8221;4.16&#8243; global_colors_info=&#8221;{}&#8221;][et_pb_image src=&#8221;https:\/\/www.arcticdesignweek.fi\/wp-content\/uploads\/2020\/02\/Nimet\u00f6n.png&#8221; _builder_version=&#8221;4.16&#8243; background_enable_image=&#8221;off&#8221; global_colors_info=&#8221;{}&#8221;][\/et_pb_image][\/et_pb_column][et_pb_column type=&#8221;3_4&#8243; _builder_version=&#8221;4.16&#8243; global_colors_info=&#8221;{}&#8221;][et_pb_text _builder_version=&#8221;4.16&#8243; custom_margin_tablet=&#8221;30px||||false|false&#8221; custom_margin_phone=&#8221;&#8221; custom_margin_last_edited=&#8221;on|desktop&#8221; text_orientation_tablet=&#8221;center&#8221; text_orientation_phone=&#8221;&#8221; text_orientation_last_edited=&#8221;on|tablet&#8221; global_colors_info=&#8221;{}&#8221;]<\/p>\n<h2>P\u00e4ivi Tahkokallio<\/h2>\n<p><span>Muotoilufoorumiemme moderaattori P\u00e4ivi Tahkokallio on strategisen muotoilun asiantuntija ja Tahkokallio Design+ -yrityksen perustaja ja toimitusjohtaja.\u00a0<\/span><\/p>\n<p>[\/et_pb_text][et_pb_text _builder_version=&#8221;4.16&#8243; custom_margin=&#8221;||41px|||&#8221; text_orientation_tablet=&#8221;center&#8221; text_orientation_phone=&#8221;&#8221; text_orientation_last_edited=&#8221;on|tablet&#8221; global_colors_info=&#8221;{}&#8221;]<span>(FI) P\u00e4ivi oli vuosina 2019\u20132021 eurooppalaisen muotoilualan katto-organisaation BEDAn, The Bureau of European Design Associations, puheenjohtaja. BEDAan kuuluu 52 j\u00e4senorganisaatiota 27 maasta.\u00a0<\/span><\/p>\n<div>P\u00e4ivi\u00e4 on kutsuttu arktisen muotoilun \u00e4idiksi. Arktinen muotoilu varmistaa osaltaan, ett\u00e4 haastavien olosuhteiden arktista aluetta kehitet\u00e4\u00e4n kest\u00e4v\u00e4sti. P\u00e4ivill\u00e4 on vuosikymmenien mittainen kokemus vastuullisesta ja sosiaalisesta muotoilusta.<\/div>\n<p><\/p>\n<div>P\u00e4ivi on Suomen Arktisen Seuran neuvottelukunnan j\u00e4sen, Fellow of Royal Society of Arts (FRSA) ja Shanghai Academy of Fine Artsin professori.<\/div>\n<p>\nKuva: Pascal Demeester<\/p>\n<p>&nbsp;<\/p>\n<div>(EN) P\u00e4ivi Tahkokallio is the moderator of Arctic AHA! Dialogues.<\/div>\n<div><\/div>\n<div>As Founder and CEO of the strategic design agency Tahkokallio Design+ and with decades long experience on responsible and social design P\u00e4ivi has often been called the Mother of Arctic Design. The ambition of Arctic Design is to ensure that the Arctic region is developed sustainably. After the publication of the latest IPCC report on 28 Feb 2022 the ambition can only gain strength.<\/div>\n<div><\/div>\n<div>P\u00e4ivi is a Committee Member of Arctic Society of Finland and a Fellow of Royal Society of Arts FRSA.<\/div>\n<div><\/div>\n<div>Photo: Pascal Demeester<\/div>\n<p>[\/et_pb_text][\/et_pb_column][\/et_pb_row][\/et_pb_section][et_pb_section fb_built=&#8221;1&#8243; disabled_on=&#8221;on|on|on&#8221; _builder_version=&#8221;4.20.0&#8243; background_color=&#8221;#F6F6F6&#8243; custom_padding=&#8221;|0px||||&#8221; disabled=&#8221;on&#8221; locked=&#8221;off&#8221; global_colors_info=&#8221;{}&#8221;][et_pb_row column_structure=&#8221;1_4,3_4&#8243; _builder_version=&#8221;4.16&#8243; border_width_bottom=&#8221;2px&#8221; border_color_bottom=&#8221;#FFD200&#8243; global_colors_info=&#8221;{}&#8221;][et_pb_column type=&#8221;1_4&#8243; _builder_version=&#8221;4.16&#8243; global_colors_info=&#8221;{}&#8221;][et_pb_image src=&#8221;https:\/\/www.arcticdesignweek.fi\/wp-content\/uploads\/2022\/02\/Fredrika_Klar_n.jpg&#8221; title_text=&#8221;Fredrika_Klar_n&#8221; _builder_version=&#8221;4.16&#8243; background_enable_image=&#8221;off&#8221; global_colors_info=&#8221;{}&#8221;][\/et_pb_image][\/et_pb_column][et_pb_column type=&#8221;3_4&#8243; _builder_version=&#8221;4.16&#8243; global_colors_info=&#8221;{}&#8221;][et_pb_text _builder_version=&#8221;4.16&#8243; custom_margin_tablet=&#8221;30px||||false|false&#8221; custom_margin_phone=&#8221;&#8221; custom_margin_last_edited=&#8221;on|desktop&#8221; text_orientation_tablet=&#8221;center&#8221; text_orientation_phone=&#8221;&#8221; text_orientation_last_edited=&#8221;on|tablet&#8221; global_colors_info=&#8221;{}&#8221;]<\/p>\n<h2><strong>Fredrika Klar\u00e9n<\/strong><\/h2>\n<p><span style=\"font-weight: 400;\">Sustainability Polestar<\/span><\/p>\n<p>[\/et_pb_text][et_pb_text _builder_version=&#8221;4.16&#8243; text_orientation_tablet=&#8221;center&#8221; text_orientation_phone=&#8221;&#8221; text_orientation_last_edited=&#8221;on|tablet&#8221; global_colors_info=&#8221;{}&#8221;]<\/p>\n<p><span style=\"font-weight: 400;\">Fredrika is a firm believer in the role of business as a catalyst for sustainable development and has held sustainability positions over the past decade at IKEA and Swedish fashion retailer KappAhl. She studied Civil Engineering with a focus on Environmental Systems Analysis at Chalmers University of Technology in Gothenburg, Sweden. Fredrika joined Polestar in April 2020 to drive the company\u2019s sustainability ambitions forward on issues such as climate-neutrality, circularity, transparency and inclusion. Fredrika is chair of the board for Agenda 2030 West, an organisation enabling partnership between academia, business, civil society and public sector for the 17 SDGs.\u00a0<\/span><\/p>\n<p>[\/et_pb_text][\/et_pb_column][\/et_pb_row][et_pb_row column_structure=&#8221;1_4,3_4&#8243; _builder_version=&#8221;4.16&#8243; border_width_bottom=&#8221;2px&#8221; border_color_bottom=&#8221;#FFD200&#8243; global_colors_info=&#8221;{}&#8221;][et_pb_column type=&#8221;1_4&#8243; _builder_version=&#8221;4.16&#8243; global_colors_info=&#8221;{}&#8221;][et_pb_image src=&#8221;https:\/\/www.arcticdesignweek.fi\/wp-content\/uploads\/2022\/03\/ACrc.jpg&#8221; title_text=&#8221;ACrc&#8221; _builder_version=&#8221;4.16&#8243; background_enable_image=&#8221;off&#8221; global_colors_info=&#8221;{}&#8221;][\/et_pb_image][\/et_pb_column][et_pb_column type=&#8221;3_4&#8243; _builder_version=&#8221;4.16&#8243; global_colors_info=&#8221;{}&#8221;][et_pb_text _builder_version=&#8221;4.16&#8243; custom_margin_tablet=&#8221;30px||||false|false&#8221; custom_margin_phone=&#8221;&#8221; custom_margin_last_edited=&#8221;on|desktop&#8221; text_orientation_tablet=&#8221;center&#8221; text_orientation_phone=&#8221;&#8221; text_orientation_last_edited=&#8221;on|tablet&#8221; global_colors_info=&#8221;{}&#8221;]<\/p>\n<h2><strong>Alessandro Colombo<\/strong><\/h2>\n<p>&nbsp;<\/p>\n<p>[\/et_pb_text][et_pb_text _builder_version=&#8221;4.16&#8243; text_orientation_tablet=&#8221;center&#8221; text_orientation_phone=&#8221;&#8221; text_orientation_last_edited=&#8221;on|tablet&#8221; global_colors_info=&#8221;{}&#8221;]<\/p>\n<p><span style=\"font-size: 15px;\">Born in Milan, after his classical and musical studies he graduated in architecture at <\/span>Politecnico of Milan in 1987, supervisor Marco Zanuso, with the thesis &#8220;The Vegetables factory&#8221;. In 1989 he began his partnership with Pierluigi Cerri at Gregotti Associati International of which he is associated from 1995 to 1998.<\/p>\n<p>In 1991 he wins with Paola Garbuglio the Major of Osaka City Prize with the project: \u201cTerra: Instructions for Use\u201d. With Bruno Morassutti he participates in international architecture competitions where gets accolades. In 1998\/99 he was founding partner of Studio Cerri &amp; Associati, of Terra and Studio Cerri Associati Engineering. In 2004 he was in the winning group of the international competition for the restoration of the Royal Villa of Monza and was awarded the Compasso d&#8217;Oro for the Na\u00f2s System, Unifor office table system. He is a lecturer at the Milan Polytechnic, Polidesign, the Turin Polytechnic and Naba. He was appointed Ambassador of Italian design by the Ministry of Foreign Affairs, in collaboration with Triennale and ADI, for the &#8220;Italian Design Day&#8221; held in 2017 in Vancouver, in 2018 in Jakarta, in 2019 and 2021 in Asunci\u00f3n and in 2020 and 2022 in Helsinki.<\/p>\n<p>He is a consultant for the Salone del Mobile. Milano, the Diocesan Museum of Milan and in 2021 for ADI he designs the TAKE YOUR SEAT set-up at Supersalone 2021 and curates and sets up the Bruno Morassutti 100 + 1 exhibition! at ADI Design Museum in Milan.<\/p>\n<p>[\/et_pb_text][\/et_pb_column][\/et_pb_row][et_pb_row column_structure=&#8221;1_4,3_4&#8243; _builder_version=&#8221;4.16&#8243; border_width_bottom=&#8221;2px&#8221; border_color_bottom=&#8221;#FFD200&#8243; global_colors_info=&#8221;{}&#8221;][et_pb_column type=&#8221;1_4&#8243; _builder_version=&#8221;4.16&#8243; global_colors_info=&#8221;{}&#8221;][et_pb_image src=&#8221;https:\/\/www.arcticdesignweek.fi\/wp-content\/uploads\/2022\/02\/Elsebeth-Gerner-Nielsen.jpg&#8221; title_text=&#8221;Elsebeth Gerner Nielsen&#8221; _builder_version=&#8221;4.16&#8243; background_enable_image=&#8221;off&#8221; global_colors_info=&#8221;{}&#8221;][\/et_pb_image][\/et_pb_column][et_pb_column type=&#8221;3_4&#8243; _builder_version=&#8221;4.16&#8243; global_colors_info=&#8221;{}&#8221;][et_pb_text _builder_version=&#8221;4.16&#8243; custom_margin_tablet=&#8221;30px||||false|false&#8221; custom_margin_phone=&#8221;&#8221; custom_margin_last_edited=&#8221;on|desktop&#8221; text_orientation_tablet=&#8221;center&#8221; text_orientation_phone=&#8221;&#8221; text_orientation_last_edited=&#8221;on|tablet&#8221; global_colors_info=&#8221;{}&#8221;]<\/p>\n<h2><b>Elsebeth Gerner Nielsen<\/b><span style=\"font-weight: 400;\">\u00a0\u00a0<\/span><\/h2>\n<p><span style=\"font-weight: 400;\">Boardmember, chairperson the Danish Unesco National Commission<\/span><\/p>\n<p>[\/et_pb_text][et_pb_text _builder_version=&#8221;4.16&#8243; text_orientation_tablet=&#8221;center&#8221; text_orientation_phone=&#8221;&#8221; text_orientation_last_edited=&#8221;on|tablet&#8221; global_colors_info=&#8221;{}&#8221;]<\/p>\n<p><span style=\"font-weight: 400;\">Positions of Trust:<\/span><\/p>\n<p><span style=\"font-weight: 400;\">Vice Chairman Spar Nord Fonden.<\/span><\/p>\n<p><span style=\"font-weight: 400;\">Board member Grundfos Fonden.<\/span><\/p>\n<p><span style=\"font-weight: 400;\">Board member; Nicolai og Felix Fonden.<\/span><\/p>\n<p>[\/et_pb_text][\/et_pb_column][\/et_pb_row][et_pb_row column_structure=&#8221;1_4,3_4&#8243; _builder_version=&#8221;4.16&#8243; custom_padding=&#8221;49px|||||&#8221; border_width_bottom=&#8221;2px&#8221; border_color_bottom=&#8221;#FFD200&#8243; global_colors_info=&#8221;{}&#8221;][et_pb_column type=&#8221;1_4&#8243; _builder_version=&#8221;4.16&#8243; global_colors_info=&#8221;{}&#8221;][et_pb_image src=&#8221;https:\/\/www.arcticdesignweek.fi\/wp-content\/uploads\/2022\/03\/Kari-Poikela_1500px.jpg&#8221; title_text=&#8221;Kari Poikela_1500px&#8221; _builder_version=&#8221;4.16&#8243; background_enable_image=&#8221;off&#8221; global_colors_info=&#8221;{}&#8221;][\/et_pb_image][\/et_pb_column][et_pb_column type=&#8221;3_4&#8243; _builder_version=&#8221;4.16&#8243; global_colors_info=&#8221;{}&#8221;][et_pb_text _builder_version=&#8221;4.16&#8243; custom_margin_tablet=&#8221;30px||||false|false&#8221; custom_margin_phone=&#8221;&#8221; custom_margin_last_edited=&#8221;on|desktop&#8221; text_orientation_tablet=&#8221;center&#8221; text_orientation_phone=&#8221;&#8221; text_orientation_last_edited=&#8221;on|tablet&#8221; global_colors_info=&#8221;{}&#8221;]<\/p>\n<h2>Kari Poikela<\/h2>\n<p><span>liiketoiminnan kehitysjohtaja, Pohjaset Oy<\/span><\/p>\n<p>[\/et_pb_text][et_pb_text _builder_version=&#8221;4.16&#8243; text_orientation_tablet=&#8221;center&#8221; text_orientation_phone=&#8221;&#8221; text_orientation_last_edited=&#8221;on|tablet&#8221; global_colors_info=&#8221;{}&#8221;]<\/p>\n<div><b>Kari Poikelan<\/b>\u00a0vastuulla on etenkin kiertotalouden ja kierr\u00e4tyksen kehitt\u00e4minen sek\u00e4 konsernin liiketoiminnan kehitt\u00e4minen ja yritysviestint\u00e4.<\/div>\n<div><\/div>\n<div>Karilla on erityisen vahva kiertotalouden osaaminen. Kari vastasi Digipolis Oy:n kierto- ja biotalouskeskuksen toiminnan suunnittelusta, k\u00e4ynnist\u00e4misest\u00e4 ja usean vuoden ajan keskuksen johtamisesta. Keskus perustettiin vastaamaan yritysten toimialarajat ylitt\u00e4viin kiertotaloustarpeisiin, koska uudet toimintamahdollisuudet syntyv\u00e4t eri arvoketjujen v\u00e4lill\u00e4 ja mahdollisuuksiin vastaaminen vaatii uusia toimintatapoja. T\u00e4t\u00e4 ennen Kari vastasi Digipolis Oy:ss\u00e4 Teollisuuden palveluyritysten kehitt\u00e4misohjelmasta ja Teollisen kiertotalouden kehitt\u00e4misohjelmasta.<\/div>\n<div><\/div>\n<p>[\/et_pb_text][\/et_pb_column][\/et_pb_row][et_pb_row column_structure=&#8221;1_4,3_4&#8243; _builder_version=&#8221;4.16&#8243; custom_padding=&#8221;49px|||||&#8221; border_width_bottom=&#8221;2px&#8221; border_color_bottom=&#8221;#FFD200&#8243; global_colors_info=&#8221;{}&#8221;][et_pb_column type=&#8221;1_4&#8243; _builder_version=&#8221;4.16&#8243; global_colors_info=&#8221;{}&#8221;][et_pb_image src=&#8221;https:\/\/www.arcticdesignweek.fi\/wp-content\/uploads\/2022\/03\/MICHELA-MAGAS.jpg&#8221; title_text=&#8221;MICHELA MAGAS&#8221; _builder_version=&#8221;4.16&#8243; background_enable_image=&#8221;off&#8221; global_colors_info=&#8221;{}&#8221;][\/et_pb_image][\/et_pb_column][et_pb_column type=&#8221;3_4&#8243; _builder_version=&#8221;4.16&#8243; global_colors_info=&#8221;{}&#8221;][et_pb_text _builder_version=&#8221;4.16&#8243; custom_margin_tablet=&#8221;30px||||false|false&#8221; custom_margin_phone=&#8221;&#8221; custom_margin_last_edited=&#8221;on|desktop&#8221; text_orientation_tablet=&#8221;center&#8221; text_orientation_phone=&#8221;&#8221; text_orientation_last_edited=&#8221;on|tablet&#8221; global_colors_info=&#8221;{}&#8221;]<\/p>\n<h2>Michela Magas<\/h2>\n<p><span>Designer, Chair of the Industry Commons Foundation<\/span><\/p>\n<p>[\/et_pb_text][et_pb_text _builder_version=&#8221;4.16&#8243; text_orientation_tablet=&#8221;center&#8221; text_orientation_phone=&#8221;&#8221; text_orientation_last_edited=&#8221;on|tablet&#8221; global_colors_info=&#8221;{}&#8221;]<\/p>\n<p>Michela Magas is a designer who bridges science and art, design and technology, and academic research and industry. She is Chair of the Industry Commons Foundation, innovation advisor to the European Commission and the G7 leaders, Member of President von der Leyen\u2019s High Level Round Table for the New European Bauhaus, and member of the Advisory Board of CERN IdeaSquare (ISAB-G). Michela is the Founder of Stockholm-based MTF Labs and has over the past 10 years been feeding policy directly from grassroots experimentation with its global community of 8000 contributors from the arts and sciences. In 2017 she was awarded European Woman Innovator of the Year and in 2016 she was presented with an Innovation Luminary Award for Creative Innovation by the European Commission and Intel Labs Europe.<\/p>\n<p>[\/et_pb_text][\/et_pb_column][\/et_pb_row][et_pb_row column_structure=&#8221;1_4,3_4&#8243; _builder_version=&#8221;4.16&#8243; custom_padding=&#8221;49px|||||&#8221; border_width_bottom=&#8221;2px&#8221; border_color_bottom=&#8221;#FFD200&#8243; global_colors_info=&#8221;{}&#8221;][et_pb_column type=&#8221;1_4&#8243; _builder_version=&#8221;4.16&#8243; global_colors_info=&#8221;{}&#8221;][et_pb_image src=&#8221;https:\/\/www.arcticdesignweek.fi\/wp-content\/uploads\/2021\/03\/Vera_Winthagen_foto-1-1024&#215;683.jpg&#8221; title_text=&#8221;Vera_Winthagen_foto-1&#8243; _builder_version=&#8221;4.16&#8243; background_enable_image=&#8221;off&#8221; global_colors_info=&#8221;{}&#8221;][\/et_pb_image][\/et_pb_column][et_pb_column type=&#8221;3_4&#8243; _builder_version=&#8221;4.16&#8243; global_colors_info=&#8221;{}&#8221;][et_pb_text _builder_version=&#8221;4.16&#8243; custom_margin_tablet=&#8221;30px||||false|false&#8221; custom_margin_phone=&#8221;&#8221; custom_margin_last_edited=&#8221;on|desktop&#8221; text_orientation_tablet=&#8221;center&#8221; text_orientation_phone=&#8221;&#8221; text_orientation_last_edited=&#8221;on|tablet&#8221; global_colors_info=&#8221;{}&#8221;]<\/p>\n<h2>Vera Winthagen<\/h2>\n<p><span>Policy analyst and Industrial designer, Joint Research Centre JRC, New European Bauhaus Team of the European Commission<\/span><\/p>\n<p>[\/et_pb_text][et_pb_text _builder_version=&#8221;4.16&#8243; text_orientation_tablet=&#8221;center&#8221; text_orientation_phone=&#8221;&#8221; text_orientation_last_edited=&#8221;on|tablet&#8221; global_colors_info=&#8221;{}&#8221;]Vera Winthagen, Industrial designer by training and a policy analyst, works in the European Commission\u2019s New European Bauhaus Team. She has previously worked as the chief design officer of the City of Eindhoven in the Netherlands.[\/et_pb_text][\/et_pb_column][\/et_pb_row][et_pb_row column_structure=&#8221;1_4,3_4&#8243; _builder_version=&#8221;4.16&#8243; border_width_bottom=&#8221;2px&#8221; border_color_bottom=&#8221;#FFD200&#8243; global_colors_info=&#8221;{}&#8221;][et_pb_column type=&#8221;1_4&#8243; _builder_version=&#8221;4.16&#8243; global_colors_info=&#8221;{}&#8221;][et_pb_image src=&#8221;https:\/\/www.arcticdesignweek.fi\/wp-content\/uploads\/2022\/02\/Jose-Miguel-Oliveira-Reis.jpg&#8221; title_text=&#8221;Jos\u00e9 Miguel Oliveira Reis&#8221; _builder_version=&#8221;4.16&#8243; background_enable_image=&#8221;off&#8221; global_colors_info=&#8221;{}&#8221;][\/et_pb_image][\/et_pb_column][et_pb_column type=&#8221;3_4&#8243; _builder_version=&#8221;4.16&#8243; global_colors_info=&#8221;{}&#8221;][et_pb_text _builder_version=&#8221;4.16&#8243; custom_margin_tablet=&#8221;30px||||false|false&#8221; custom_margin_phone=&#8221;&#8221; custom_margin_last_edited=&#8221;on|desktop&#8221; text_orientation_tablet=&#8221;center&#8221; text_orientation_phone=&#8221;&#8221; text_orientation_last_edited=&#8221;on|tablet&#8221; global_colors_info=&#8221;{}&#8221;]<\/p>\n<h2><strong>Jos\u00e9 Reis<\/strong><\/h2>\n<p><span style=\"font-weight: 400;\">Industrial Designer, Porto Design Factory<\/span><\/p>\n<p>[\/et_pb_text][et_pb_text _builder_version=&#8221;4.16&#8243; text_orientation_tablet=&#8221;center&#8221; text_orientation_phone=&#8221;&#8221; text_orientation_last_edited=&#8221;on|tablet&#8221; global_colors_info=&#8221;{}&#8221;]<\/p>\n<p><span style=\"font-weight: 400;\">Started out as a student in Porto Design Factory\u2019s educational programs in 2016 and progressed to an internship and assistant position in the following years, giving support to PDF\u2019s activities.<\/span><\/p>\n<p><span style=\"font-weight: 400;\">Currently a Higher Education Technician in Polytechnic of Porto, Jos\u00e9 is responsible for mentoring and guiding students in Porto Design Factory\u2019s educational programs such as PdP Product Development Project and ME310 \u2013 Post-Grad in Product and Service Innovation.\u00a0<\/span><\/p>\n<p><span style=\"font-weight: 400;\">He is also involved in implementing and monitoring the actions planned in the context of the Interreg Europe project RegionArts, in the region of North of Portugal.<\/span><\/p>\n<p><span style=\"font-weight: 400;\">His skills include drawing, 3D modelling and rapid prototyping, workshop tools, and project management.<\/span><\/p>\n<p>[\/et_pb_text][\/et_pb_column][\/et_pb_row][et_pb_row column_structure=&#8221;1_4,3_4&#8243; _builder_version=&#8221;4.16&#8243; border_width_bottom=&#8221;2px&#8221; border_color_bottom=&#8221;#FFD200&#8243; global_colors_info=&#8221;{}&#8221;][et_pb_column type=&#8221;1_4&#8243; _builder_version=&#8221;4.16&#8243; global_colors_info=&#8221;{}&#8221;][et_pb_image src=&#8221;https:\/\/www.arcticdesignweek.fi\/wp-content\/uploads\/2022\/02\/Lisa-Lang.png&#8221; title_text=&#8221;Lisa Lang&#8221; _builder_version=&#8221;4.16&#8243; background_enable_image=&#8221;off&#8221; global_colors_info=&#8221;{}&#8221;][\/et_pb_image][\/et_pb_column][et_pb_column type=&#8221;3_4&#8243; _builder_version=&#8221;4.16&#8243; global_colors_info=&#8221;{}&#8221;][et_pb_text _builder_version=&#8221;4.16&#8243; custom_margin_tablet=&#8221;30px||||false|false&#8221; custom_margin_phone=&#8221;&#8221; custom_margin_last_edited=&#8221;on|desktop&#8221; text_orientation_tablet=&#8221;center&#8221; text_orientation_phone=&#8221;&#8221; text_orientation_last_edited=&#8221;on|tablet&#8221; global_colors_info=&#8221;{}&#8221;]<\/p>\n<h2>Lisa Lang<\/h2>\n<p><span style=\"font-weight: 400;\">the Director for EU Affairs &amp; Policy Orchestrator for EIT Climate KIC.<\/span><\/p>\n<p>[\/et_pb_text][et_pb_text _builder_version=&#8221;4.16&#8243; text_orientation_tablet=&#8221;center&#8221; text_orientation_phone=&#8221;&#8221; text_orientation_last_edited=&#8221;on|tablet&#8221; global_colors_info=&#8221;{}&#8221;]<\/p>\n<p><a href=\"https:\/\/www.linkedin.com\/company\/climate-kic\/\"><span style=\"font-weight: 400;\">Climate-KIC<\/span><\/a><span style=\"font-weight: 400;\"> is a knowledge and innovation community established and funded by the <\/span><a href=\"https:\/\/www.linkedin.com\/company\/european-institute-of-innovation-and-technology---eit\/\"><span style=\"font-weight: 400;\">EIT &#8211; European Institute of Innovation and Technology<\/span><\/a><span style=\"font-weight: 400;\"> in 2010.<\/span><\/p>\n<p><span style=\"font-weight: 400;\">Our purpose is to tackle climate change through innovation. We are Europe\u2019s largest public-private partnership with this purpose \u2013 a growing pan-European community of diverse organisations united by a commitment to direct the power of creativity and human ingenuity at the climate change challenge.<\/span><\/p>\n<p><span style=\"font-weight: 400;\">Lisa Lang has gained recognition as one of Forbes Europe\u2019s Top 50 Women in Tech, and has been listed as one of the 50 most important women for innovation &amp; startups in the EU.<\/span><\/p>\n<p><span style=\"font-weight: 400;\">She founded highly recognized companies like ElektroCouture, ThePowerHouse and FNDMT who are dedicated to push innovation within the creative and innovative industry eco systems.\u00a0 Lisa Lang is a direct adviser for creative industries, digitalisation and entrepreneurship for the European Commission on several high-level advisory boards, including Pact for Skills, Industrial Forum and the US\/EU Trade &amp; Technology Council.<\/span><\/p>\n<p><span style=\"font-weight: 400;\">Lisa Lang is on the advisory board to the Zurich university of arts as well as a policy advisor for Fashion Innovation Centre Sweden.<\/span><\/p>\n<p>[\/et_pb_text][\/et_pb_column][\/et_pb_row][et_pb_row column_structure=&#8221;1_4,3_4&#8243; _builder_version=&#8221;4.16&#8243; border_width_bottom=&#8221;2px&#8221; border_color_bottom=&#8221;#FFD200&#8243; global_colors_info=&#8221;{}&#8221;][et_pb_column type=&#8221;1_4&#8243; _builder_version=&#8221;4.16&#8243; global_colors_info=&#8221;{}&#8221;][et_pb_image src=&#8221;https:\/\/www.arcticdesignweek.fi\/wp-content\/uploads\/2022\/02\/Henryk-Stawicki-Change-Pilots-bio-photo-2.jpg&#8221; title_text=&#8221;Henryk Stawicki Change Pilots bio photo 2&#8243; _builder_version=&#8221;4.16&#8243; background_enable_image=&#8221;off&#8221; global_colors_info=&#8221;{}&#8221;][\/et_pb_image][\/et_pb_column][et_pb_column type=&#8221;3_4&#8243; _builder_version=&#8221;4.16&#8243; global_colors_info=&#8221;{}&#8221;][et_pb_text _builder_version=&#8221;4.16&#8243; custom_margin_tablet=&#8221;30px||||false|false&#8221; custom_margin_phone=&#8221;&#8221; custom_margin_last_edited=&#8221;on|desktop&#8221; text_orientation_tablet=&#8221;center&#8221; text_orientation_phone=&#8221;&#8221; text_orientation_last_edited=&#8221;on|tablet&#8221; global_colors_info=&#8221;{}&#8221;]<\/p>\n<h2><b>Henryk Stawicki<\/b><\/h2>\n<p><span style=\"font-weight: 400;\">Design Strategy Pilot<\/span><\/p>\n<p>[\/et_pb_text][et_pb_text _builder_version=&#8221;4.16&#8243; text_orientation_tablet=&#8221;center&#8221; text_orientation_phone=&#8221;&#8221; text_orientation_last_edited=&#8221;on|tablet&#8221; global_colors_info=&#8221;{}&#8221;]<\/p>\n<p><span style=\"font-weight: 400;\">Co-leading Change Pilots, a design consultancy, I help companies create strategies for services and products based on sustainable and circular design. In my team, I provide a multicultural perspective thanks to years of practice in New York, London and Poland. I am a partner in the Swedish consulting company Next Agents, a member of the Service Design Polska think tank and the program coordinator of the Design Talks Business Summit, an annual sustainability focused conference. I teach Design Management and Human-Centred Design at the School of Form, as well as Circular Design as a guests faculty at universities in Poland and abroad. In my spare time, I teach yoga, hike, run longer distances and tinker a lot.<\/span><\/p>\n<p>&nbsp;<\/p>\n<p><i><span style=\"font-weight: 400;\">Links:<\/span><\/i><\/p>\n<p><a href=\"http:\/\/changepilots.pl\"><span style=\"font-weight: 400;\">changepilots.pl<\/span><\/a><\/p>\n<p><a href=\"http:\/\/nextagents.se\"><span style=\"font-weight: 400;\">nextagents.se<\/span><\/a><span style=\"font-weight: 400;\">\u00a0<\/span><\/p>\n<p><a href=\"http:\/\/circulardesign.pl\"><span style=\"font-weight: 400;\">circulardesign.pl<\/span><\/a><\/p>\n<p>[\/et_pb_text][\/et_pb_column][\/et_pb_row][et_pb_row column_structure=&#8221;1_4,3_4&#8243; _builder_version=&#8221;4.16&#8243; border_width_bottom=&#8221;2px&#8221; border_color_bottom=&#8221;#FFD200&#8243; global_colors_info=&#8221;{}&#8221;][et_pb_column type=&#8221;1_4&#8243; _builder_version=&#8221;4.16&#8243; global_colors_info=&#8221;{}&#8221;][et_pb_image src=&#8221;https:\/\/www.arcticdesignweek.fi\/wp-content\/uploads\/2022\/02\/Anna-kuva.png&#8221; title_text=&#8221;Anna kuva&#8221; _builder_version=&#8221;4.16&#8243; background_enable_image=&#8221;off&#8221; global_colors_info=&#8221;{}&#8221;][\/et_pb_image][\/et_pb_column][et_pb_column type=&#8221;3_4&#8243; _builder_version=&#8221;4.16&#8243; global_colors_info=&#8221;{}&#8221;][et_pb_text _builder_version=&#8221;4.16&#8243; custom_margin_tablet=&#8221;30px||||false|false&#8221; custom_margin_phone=&#8221;&#8221; custom_margin_last_edited=&#8221;on|desktop&#8221; text_orientation_tablet=&#8221;center&#8221; text_orientation_phone=&#8221;&#8221; text_orientation_last_edited=&#8221;on|tablet&#8221; global_colors_info=&#8221;{}&#8221;]<\/p>\n<h2>Anna K\u00e4r\u00e4v\u00e4<\/h2>\n<p><span>Kaleva Media, Br\u00e4ndi- ja kulttuurijohtaja, Brand and Culture Director<\/span><\/p>\n<p>[\/et_pb_text][et_pb_text _builder_version=&#8221;4.16&#8243; text_orientation_tablet=&#8221;center&#8221; text_orientation_phone=&#8221;&#8221; text_orientation_last_edited=&#8221;on|tablet&#8221; global_colors_info=&#8221;{}&#8221;]<\/p>\n<p><span style=\"font-weight: 400;\">Anna K\u00e4r\u00e4v\u00e4 on pitk\u00e4nlinjan markkinoinnin ja viestinn\u00e4n ammattilainen. Takana on vuosia eri mainostoimistojen asiakkuusjohtajana, markkinoinnin ja viestinn\u00e4n pestej\u00e4 Soneralla sek\u00e4 yrityskulttuurin konsultointia yritt\u00e4j\u00e4n\u00e4. H\u00e4n on asunut my\u00f6s 10 vuotta Ranskassa. Noina vuosina Anna opetti markkinointia ja viestint\u00e4\u00e4 paikallisessa yliopistossa. Anna uskoo vahvasti br\u00e4ndill\u00e4 johtamiseen, jossa yrityksen suurempi tarkoitus ja arvopohja ohjaavat koko liikennett\u00e4, niin liiketoimintaa, ihmisi\u00e4 kuin vastuutekoja. T\u00e4t\u00e4 ty\u00f6t\u00e4 h\u00e4n tekee nyt Kaleva Mediassa vastuunaan yhti\u00f6n br\u00e4ndien vastuullisuus ja vetovoima, markkinointi, viestint\u00e4 sek\u00e4 yrityskulttuurin kehitt\u00e4minen.<\/span><\/p>\n<p>[\/et_pb_text][\/et_pb_column][\/et_pb_row][et_pb_row column_structure=&#8221;1_4,3_4&#8243; _builder_version=&#8221;4.16&#8243; border_width_bottom=&#8221;2px&#8221; border_color_bottom=&#8221;#FFD200&#8243; global_colors_info=&#8221;{}&#8221;][et_pb_column type=&#8221;1_4&#8243; _builder_version=&#8221;4.16&#8243; global_colors_info=&#8221;{}&#8221;][et_pb_image src=&#8221;https:\/\/www.arcticdesignweek.fi\/wp-content\/uploads\/2022\/02\/Miikka-Niemi.jpg&#8221; title_text=&#8221;Miikka Niemi&#8221; _builder_version=&#8221;4.16&#8243; background_enable_image=&#8221;off&#8221; global_colors_info=&#8221;{}&#8221;][\/et_pb_image][\/et_pb_column][et_pb_column type=&#8221;3_4&#8243; _builder_version=&#8221;4.16&#8243; global_colors_info=&#8221;{}&#8221;][et_pb_text _builder_version=&#8221;4.16&#8243; custom_margin_tablet=&#8221;30px||||false|false&#8221; custom_margin_phone=&#8221;&#8221; custom_margin_last_edited=&#8221;on|desktop&#8221; text_orientation_tablet=&#8221;center&#8221; text_orientation_phone=&#8221;&#8221; text_orientation_last_edited=&#8221;on|tablet&#8221; global_colors_info=&#8221;{}&#8221;]<\/p>\n<h2>Miikka Niemi<\/h2>\n<p><span>CEO, Flatlight\u00a0 \u00a0<\/span><\/p>\n<p>[\/et_pb_text][et_pb_text _builder_version=&#8221;4.16&#8243; text_orientation_tablet=&#8221;center&#8221; text_orientation_phone=&#8221;&#8221; text_orientation_last_edited=&#8221;on|tablet&#8221; global_colors_info=&#8221;{}&#8221;]<\/p>\n<p><span style=\"font-weight: 400;\">Miikka Niemi is the founder, CEO of Flatlight and founder of Y_North. He&#8217;s award-winning marketing and film professional with over 15 years of experience in the intersection of marketing communication, design, entertainment and art. Working with clients like Business Finland, City of Rovaniemi, House of Lapland, Alibaba, Alipay and Lapland Hotels.<\/span><\/p>\n<p>&nbsp;<\/p>\n<p><span style=\"font-weight: 400;\">Flatlight is a creative house that creates ideas, brands, stories and experiences for all senses. Y_North is a future-driven co-working, meeting and event space in Rovaniemi, Lapland, Finland.<\/span><\/p>\n<p>[\/et_pb_text][\/et_pb_column][\/et_pb_row][et_pb_row column_structure=&#8221;1_4,3_4&#8243; _builder_version=&#8221;4.16&#8243; border_width_bottom=&#8221;2px&#8221; border_color_bottom=&#8221;#FFD200&#8243; global_colors_info=&#8221;{}&#8221;][et_pb_column type=&#8221;1_4&#8243; _builder_version=&#8221;4.16&#8243; global_colors_info=&#8221;{}&#8221;][et_pb_image src=&#8221;https:\/\/www.arcticdesignweek.fi\/wp-content\/uploads\/2022\/02\/LapuanKankurit-Jaana-Hjelt-1.jpg&#8221; title_text=&#8221;LapuanKankurit Jaana Hjelt 1&#8243; _builder_version=&#8221;4.16&#8243; background_enable_image=&#8221;off&#8221; global_colors_info=&#8221;{}&#8221;][\/et_pb_image][\/et_pb_column][et_pb_column type=&#8221;3_4&#8243; _builder_version=&#8221;4.16&#8243; global_colors_info=&#8221;{}&#8221;][et_pb_text _builder_version=&#8221;4.16&#8243; custom_margin_tablet=&#8221;30px||||false|false&#8221; custom_margin_phone=&#8221;&#8221; custom_margin_last_edited=&#8221;on|desktop&#8221; text_orientation_tablet=&#8221;center&#8221; text_orientation_phone=&#8221;&#8221; text_orientation_last_edited=&#8221;on|tablet&#8221; global_colors_info=&#8221;{}&#8221;]<\/p>\n<h2>Jaana Hjelt<\/h2>\n<p><span>Lapuan Kankurit, markkinointijohtaja, omistaja\u00a0<\/span><\/p>\n<p>[\/et_pb_text][et_pb_text _builder_version=&#8221;4.16&#8243; text_orientation_tablet=&#8221;center&#8221; text_orientation_phone=&#8221;&#8221; text_orientation_last_edited=&#8221;on|tablet&#8221; global_colors_info=&#8221;{}&#8221;]<\/p>\n<p><span style=\"font-weight: 400;\">\u201dVastaan Lapuan Kankureiden myynnist\u00e4 ja markkinoinnista, hallinnosta ja olen tuotekehitystiimimme j\u00e4sen. Olen koulutukseltani tuotantotalouden diplomi-insin\u00f6\u00f6ri, p\u00e4\u00e4aineena kansainv\u00e4linen markkinointi.\u00a0<\/span><\/p>\n<p><span style=\"font-weight: 400;\">Me Lapuan Kankureissa haluamme omalta osaltamme j\u00e4tt\u00e4\u00e4 tuleville sukupolville kest\u00e4v\u00e4n perinn\u00f6n ja kaiken kehitysty\u00f6mme tavoitteena onkin toimia yh\u00e4 vastuullisemmin.<\/span><span style=\"font-weight: 400;\">\u201d<\/span><\/p>\n<p>[\/et_pb_text][\/et_pb_column][\/et_pb_row][et_pb_row column_structure=&#8221;1_4,3_4&#8243; _builder_version=&#8221;4.16&#8243; border_width_bottom=&#8221;2px&#8221; border_color_bottom=&#8221;#FFD200&#8243; global_colors_info=&#8221;{}&#8221;][et_pb_column type=&#8221;1_4&#8243; _builder_version=&#8221;4.16&#8243; global_colors_info=&#8221;{}&#8221;][et_pb_image src=&#8221;https:\/\/www.arcticdesignweek.fi\/wp-content\/uploads\/2022\/02\/juho-official.jpg&#8221; title_text=&#8221;juho-official&#8221; _builder_version=&#8221;4.16&#8243; background_enable_image=&#8221;off&#8221; global_colors_info=&#8221;{}&#8221;][\/et_pb_image][\/et_pb_column][et_pb_column type=&#8221;3_4&#8243; _builder_version=&#8221;4.16&#8243; global_colors_info=&#8221;{}&#8221;][et_pb_text _builder_version=&#8221;4.16&#8243; custom_margin_tablet=&#8221;30px||||false|false&#8221; custom_margin_phone=&#8221;&#8221; custom_margin_last_edited=&#8221;on|desktop&#8221; text_orientation_tablet=&#8221;center&#8221; text_orientation_phone=&#8221;&#8221; text_orientation_last_edited=&#8221;on|tablet&#8221; global_colors_info=&#8221;{}&#8221;]<\/p>\n<h2>Juho Uutela<\/h2>\n<p><span>CEO, Beyong Arctic <\/span><\/p>\n<p>[\/et_pb_text][et_pb_text _builder_version=&#8221;4.16&#8243; text_orientation_tablet=&#8221;center&#8221; text_orientation_phone=&#8221;&#8221; text_orientation_last_edited=&#8221;on|tablet&#8221; global_colors_info=&#8221;{}&#8221;]<\/p>\n<p><span style=\"font-weight: 400;\">Juholla on pitk\u00e4 kokemus matkailualan monipuolisista teht\u00e4vist\u00e4. Vuonna 2016 h\u00e4n perusti yhti\u00f6kumppanien kanssa Beyond Arctic ohjelmapalveluyrityksen, jossa h\u00e4n on toiminut yritt\u00e4j\u00e4n\u00e4 siit\u00e4 l\u00e4htien. Beyond Arctic oli ensimm\u00e4inen valokuvausmatkailuun keskittyv\u00e4 yritys Lapissa, joka t\u00e4n\u00e4 p\u00e4iv\u00e4n\u00e4 ty\u00f6llist\u00e4\u00e4 sesonkiluonteisesti 12-14 henkil\u00f6\u00e4. Kest\u00e4v\u00e4 matkailu on ollut alusta asti keskeinen arvo kaikessa yrityksen toiminnassa ja sen kehitt\u00e4minen isossa osassa joka p\u00e4iv\u00e4ist\u00e4 toimintaa.<\/span><\/p>\n<p>[\/et_pb_text][\/et_pb_column][\/et_pb_row][et_pb_row column_structure=&#8221;1_4,3_4&#8243; _builder_version=&#8221;4.16&#8243; border_width_bottom=&#8221;2px&#8221; border_color_bottom=&#8221;#FFD200&#8243; global_colors_info=&#8221;{}&#8221;][et_pb_column type=&#8221;1_4&#8243; _builder_version=&#8221;4.16&#8243; global_colors_info=&#8221;{}&#8221;][et_pb_image src=&#8221;https:\/\/www.arcticdesignweek.fi\/wp-content\/uploads\/2022\/02\/marlou1-400&#215;400-50-50-q100.jpg&#8221; title_text=&#8221;marlou1-400&#215;400-50-50-q100&#8243; _builder_version=&#8221;4.16&#8243; background_enable_image=&#8221;off&#8221; global_colors_info=&#8221;{}&#8221;][\/et_pb_image][\/et_pb_column][et_pb_column type=&#8221;3_4&#8243; _builder_version=&#8221;4.16&#8243; global_colors_info=&#8221;{}&#8221;][et_pb_text _builder_version=&#8221;4.16&#8243; custom_margin_tablet=&#8221;30px||||false|false&#8221; custom_margin_phone=&#8221;&#8221; custom_margin_last_edited=&#8221;on|desktop&#8221; text_orientation_tablet=&#8221;center&#8221; text_orientation_phone=&#8221;&#8221; text_orientation_last_edited=&#8221;on|tablet&#8221; global_colors_info=&#8221;{}&#8221;]<\/p>\n<h2>Marlou van der Cruijsen<\/h2>\n<p><span>Project director, Baltan Laboratories, Eindhoven, Netherlands<\/span><\/p>\n<p>[\/et_pb_text][et_pb_text _builder_version=&#8221;4.16&#8243; custom_padding=&#8221;3px|||||&#8221; text_orientation_tablet=&#8221;center&#8221; text_orientation_phone=&#8221;&#8221; text_orientation_last_edited=&#8221;on|tablet&#8221; global_colors_info=&#8221;{}&#8221;]<\/p>\n<p><span style=\"font-weight: 400;\">Marlou van der Cruijsen has a strong interest in the transformative power of arts and culture. She holds a master\u2019s degree in Cultural Studies from Radboud University in Nijmegen (NL). In her role as program leader, she has led Baltan participation in several European projects as well as the organization cultural program.<\/span><\/p>\n<p>[\/et_pb_text][\/et_pb_column][\/et_pb_row][et_pb_row column_structure=&#8221;1_4,3_4&#8243; _builder_version=&#8221;4.16&#8243; border_width_bottom=&#8221;2px&#8221; border_color_bottom=&#8221;#FFD200&#8243; global_colors_info=&#8221;{}&#8221;][et_pb_column type=&#8221;1_4&#8243; _builder_version=&#8221;4.16&#8243; global_colors_info=&#8221;{}&#8221;][et_pb_image src=&#8221;https:\/\/www.arcticdesignweek.fi\/wp-content\/uploads\/2022\/02\/Simon-Ballen_Portrait_Photo-Frederik-Behre.jpg&#8221; title_text=&#8221;Processed with VSCO with hb2 preset&#8221; _builder_version=&#8221;4.16&#8243; background_enable_image=&#8221;off&#8221; global_colors_info=&#8221;{}&#8221;][\/et_pb_image][\/et_pb_column][et_pb_column type=&#8221;3_4&#8243; _builder_version=&#8221;4.16&#8243; global_colors_info=&#8221;{}&#8221;][et_pb_text _builder_version=&#8221;4.16&#8243; custom_margin_tablet=&#8221;30px||||false|false&#8221; custom_margin_phone=&#8221;&#8221; custom_margin_last_edited=&#8221;on|desktop&#8221; text_orientation_tablet=&#8221;center&#8221; text_orientation_phone=&#8221;&#8221; text_orientation_last_edited=&#8221;on|tablet&#8221; global_colors_info=&#8221;{}&#8221;]<\/p>\n<h2>Sim\u00f3n Ballen Botero<\/h2>\n<p><span>Designer (born in Colombia, lives in The Netherlands)<\/span><\/p>\n<p>[\/et_pb_text][et_pb_text _builder_version=&#8221;4.16&#8243; text_orientation_tablet=&#8221;center&#8221; text_orientation_phone=&#8221;&#8221; text_orientation_last_edited=&#8221;on|tablet&#8221; global_colors_info=&#8221;{}&#8221;]<\/p>\n<p>Sim\u00f3n Ballen Botero (*1992) is a Colombian product designer currently based<br \/>between Amsterdam and Medell\u00edn. He has lived and studied in Colombia,<br \/>Italy, Finland, Iceland, Greenland and the Netherlands where he graduated<br \/>from the Man and Wellbeing department at the Design Academy Eindhoven in<br \/>2018. Through his work, he researches the intangible relations between objects,<br \/>people and local traditions. Sim\u00f3n has built a practice of collaborations with<br \/>different artisans, craftsmen and local communities using design as a tool for<br \/>critical discourse and empowerment. He has developed a body of work focused<br \/>on the use of local resources and local materials to create sustainable solutions<br \/>with the communities and contexts he works in. Although being trained as a<br \/>designer, his practice is built in close relation to the fields of anthropology and<br \/>material culture, through which he explores issues related to ecology, identity,<br \/>heritage and colonialism.<\/p>\n<p>[\/et_pb_text][\/et_pb_column][\/et_pb_row][et_pb_row column_structure=&#8221;1_4,3_4&#8243; _builder_version=&#8221;4.16&#8243; border_width_bottom=&#8221;2px&#8221; border_color_bottom=&#8221;#FFD200&#8243; global_colors_info=&#8221;{}&#8221;][et_pb_column type=&#8221;1_4&#8243; _builder_version=&#8221;4.16&#8243; global_colors_info=&#8221;{}&#8221;][et_pb_image src=&#8221;https:\/\/www.arcticdesignweek.fi\/wp-content\/uploads\/2022\/02\/KaltioCreative-KatariinaImporanta-FlatlightCreative.jpg&#8221; title_text=&#8221;KaltioCreative-KatariinaImporanta-FlatlightCreative&#8221; _builder_version=&#8221;4.16&#8243; background_enable_image=&#8221;off&#8221; global_colors_info=&#8221;{}&#8221;][\/et_pb_image][\/et_pb_column][et_pb_column type=&#8221;3_4&#8243; _builder_version=&#8221;4.16&#8243; global_colors_info=&#8221;{}&#8221;][et_pb_text _builder_version=&#8221;4.16&#8243; custom_margin_tablet=&#8221;30px||||false|false&#8221; custom_margin_phone=&#8221;&#8221; custom_margin_last_edited=&#8221;on|desktop&#8221; text_orientation_tablet=&#8221;center&#8221; text_orientation_phone=&#8221;&#8221; text_orientation_last_edited=&#8221;on|tablet&#8221; global_colors_info=&#8221;{}&#8221;]<\/p>\n<h2>Katariina Imporanta<\/h2>\n<p>CEO, br\u00e4ndijohtaja<\/p>\n<p>[\/et_pb_text][et_pb_text _builder_version=&#8221;4.16&#8243; text_orientation_tablet=&#8221;center&#8221; text_orientation_phone=&#8221;&#8221; text_orientation_last_edited=&#8221;on|tablet&#8221; global_colors_info=&#8221;{}&#8221;]<\/p>\n<p><span style=\"font-weight: 400;\">Kaltio Creativen Katariinalla on pitk\u00e4 kokemus erilaisten br\u00e4ndien, luovien konseptien ja markkinointisis\u00e4lt\u00f6jen suunnittelusta ja rakentamisesta, strategiaty\u00f6st\u00e4 ja erikokoisten yritysrahoitusten hakemisesta. Ty\u00f6ss\u00e4\u00e4n h\u00e4n auttaa asiakkaitaan n\u00e4kem\u00e4\u00e4n br\u00e4ndien ja konseptien ytimeen, kirkastamaan niiden p\u00e4\u00e4ajatukset, viestit ja visiot.\u00a0<\/span><\/p>\n<p><span style=\"font-weight: 400;\">Katariinan vahvuuksia suunnittelu- ja strategiaty\u00f6ss\u00e4 ovat heikkojen signaalien tunnistaminen, ainutlaatuisten kilpailuk\u00e4rkien l\u00f6yt\u00e4minen, asiakasymm\u00e4rrys, erottuvat luovat ratkaisut sek\u00e4 kohderyhmi\u00e4 puhuttelevien sis\u00e4lt\u00f6jen tuottaminen. Katariina rakastaa ongelmanratkaisua ja iloitsee hyvien ideoiden kehittymisest\u00e4, konseptien ja liiketoiminnan lentoon l\u00e4htemisest\u00e4 sek\u00e4 positiivisista rahoitusp\u00e4\u00e4t\u00f6ksist\u00e4.<\/span><\/p>\n<p>&nbsp;<\/p>\n<p>[\/et_pb_text][\/et_pb_column][\/et_pb_row][et_pb_row column_structure=&#8221;1_4,3_4&#8243; _builder_version=&#8221;4.16&#8243; border_width_bottom=&#8221;2px&#8221; border_color_bottom=&#8221;#FFD200&#8243; global_colors_info=&#8221;{}&#8221;][et_pb_column type=&#8221;1_4&#8243; _builder_version=&#8221;4.16&#8243; global_colors_info=&#8221;{}&#8221;][et_pb_image src=&#8221;https:\/\/www.arcticdesignweek.fi\/wp-content\/uploads\/2022\/02\/Taija-Sailio-FabPatch-Vaatelaastari-Photo-Kati-Valjus.jpg&#8221; title_text=&#8221;Taija Sailio FabPatch Vaatelaastari Photo Kati Valjus&#8221; _builder_version=&#8221;4.16&#8243; background_enable_image=&#8221;off&#8221; global_colors_info=&#8221;{}&#8221;][\/et_pb_image][\/et_pb_column][et_pb_column type=&#8221;3_4&#8243; _builder_version=&#8221;4.16&#8243; global_colors_info=&#8221;{}&#8221;][et_pb_text _builder_version=&#8221;4.16&#8243; custom_margin_tablet=&#8221;30px||||false|false&#8221; custom_margin_phone=&#8221;&#8221; custom_margin_last_edited=&#8221;on|desktop&#8221; text_orientation_tablet=&#8221;center&#8221; text_orientation_phone=&#8221;&#8221; text_orientation_last_edited=&#8221;on|tablet&#8221; global_colors_info=&#8221;{}&#8221;]<\/p>\n<h2>Taija Sailio<\/h2>\n<p><span>Oikiat Design Oy, Design Manager, Vaatelaastari<\/span><\/p>\n<p>[\/et_pb_text][et_pb_text _builder_version=&#8221;4.16&#8243; text_orientation_tablet=&#8221;center&#8221; text_orientation_phone=&#8221;&#8221; text_orientation_last_edited=&#8221;on|tablet&#8221; global_colors_info=&#8221;{}&#8221;]<\/p>\n<p><span style=\"font-weight: 400;\">TaM Taija Sailio vastaa korjausinnovaatio FabPatch Vaatelaastarin mallistoista, muotoiluosaamisen hankkimisesta sek\u00e4 Oikiat Design Oy:n tuotteiden ja palveluiden kehitt\u00e4misest\u00e4. <\/span><\/p>\n<p><span style=\"font-weight: 400;\">Taija on aiemmin toiminut mm. luovien alojen managerina, projektip\u00e4\u00e4llikk\u00f6n\u00e4, yritt\u00e4j\u00e4n\u00e4 sek\u00e4 muotoilijana. H\u00e4nen kiertotalouteen perustuva aiempi tuotteensa Rissarossi on ollut myynniss\u00e4 17:ssa maassa, esimerkiksi MoMa NY:n ja Tokion myym\u00e4l\u00f6iss\u00e4. Sek\u00e4 arjen pieniin ongelmiin ett\u00e4 globaaliin tekstiilij\u00e4teongelmaan vastaavan FabPatch Vaatelaastarin muotoilujohtajana Taija p\u00e4\u00e4see hy\u00f6dynt\u00e4m\u00e4\u00e4n intohimoaan sek\u00e4 vastuullisuuteen ett\u00e4 muotoiluun.<\/span><\/p>\n<p>[\/et_pb_text][\/et_pb_column][\/et_pb_row][et_pb_row column_structure=&#8221;1_4,3_4&#8243; _builder_version=&#8221;4.16&#8243; border_width_bottom=&#8221;2px&#8221; border_color_bottom=&#8221;#FFD200&#8243; global_colors_info=&#8221;{}&#8221;][et_pb_column type=&#8221;1_4&#8243; _builder_version=&#8221;4.16&#8243; global_colors_info=&#8221;{}&#8221;][et_pb_image src=&#8221;https:\/\/www.arcticdesignweek.fi\/wp-content\/uploads\/2022\/02\/Mikko-Hauru.jpg&#8221; title_text=&#8221;Mikko Hauru&#8221; _builder_version=&#8221;4.16&#8243; background_enable_image=&#8221;off&#8221; global_colors_info=&#8221;{}&#8221;][\/et_pb_image][\/et_pb_column][et_pb_column type=&#8221;3_4&#8243; _builder_version=&#8221;4.16&#8243; global_colors_info=&#8221;{}&#8221;][et_pb_text _builder_version=&#8221;4.16&#8243; custom_margin_tablet=&#8221;30px||||false|false&#8221; custom_margin_phone=&#8221;&#8221; custom_margin_last_edited=&#8221;on|desktop&#8221; text_orientation_tablet=&#8221;center&#8221; text_orientation_phone=&#8221;&#8221; text_orientation_last_edited=&#8221;on|tablet&#8221; global_colors_info=&#8221;{}&#8221;]<\/p>\n<h2>Mikko Hauru<\/h2>\n<p><span>Haurun J\u00e4teauto, toimitusjohtaja, CEO<\/span><\/p>\n<p>[\/et_pb_text][et_pb_text _builder_version=&#8221;4.16&#8243; text_orientation_tablet=&#8221;center&#8221; text_orientation_phone=&#8221;&#8221; text_orientation_last_edited=&#8221;on|tablet&#8221; global_colors_info=&#8221;{}&#8221;]<\/p>\n<p><span style=\"font-weight: 400;\">Mikko Hauru, Haurun J\u00e4teauto Oy, omistaja ja toimitusjohtaja. Hauru on Suomen \u00e4lykk\u00e4in ymp\u00e4rist\u00f6alan yritys ja oululainen kiertotalouden innovatiivinen toimija, joka hy\u00f6dynt\u00e4\u00e4 liiketoiminnassaan mm. sensoreita sek\u00e4 mobiilisovelluksia. Haurun palvelutarjontaan lukeutuvat kokonaisvaltaiset j\u00e4tehuolto-, vaihtolava- sek\u00e4 viem\u00e4rihuoltopalvelut. T\u00e4rkeimm\u00e4ksi arvoksi toiminnassamme nousevat vastuullisuus ja alan eteenp\u00e4in vieminen \u2013 meill\u00e4 on Pohjois-Pohjanmaan ja Oulun v\u00e4h\u00e4p\u00e4\u00e4st\u00f6isimm\u00e4t j\u00e4teautot ja olemme kulkeneet biokaasulla jo vuodesta 2018.<\/span><\/p>\n<p>[\/et_pb_text][\/et_pb_column][\/et_pb_row][et_pb_row column_structure=&#8221;1_4,3_4&#8243; _builder_version=&#8221;4.16&#8243; custom_margin=&#8221;|auto|31px|auto||&#8221; border_width_bottom=&#8221;2px&#8221; border_color_bottom=&#8221;#FFD200&#8243; global_colors_info=&#8221;{}&#8221;][et_pb_column type=&#8221;1_4&#8243; _builder_version=&#8221;4.16&#8243; global_colors_info=&#8221;{}&#8221;][et_pb_image src=&#8221;https:\/\/www.arcticdesignweek.fi\/wp-content\/uploads\/2020\/02\/Nimet\u00f6n.png&#8221; _builder_version=&#8221;4.16&#8243; background_enable_image=&#8221;off&#8221; global_colors_info=&#8221;{}&#8221;][\/et_pb_image][\/et_pb_column][et_pb_column type=&#8221;3_4&#8243; _builder_version=&#8221;4.16&#8243; global_colors_info=&#8221;{}&#8221;][et_pb_text _builder_version=&#8221;4.16&#8243; custom_margin_tablet=&#8221;30px||||false|false&#8221; custom_margin_phone=&#8221;&#8221; custom_margin_last_edited=&#8221;on|desktop&#8221; text_orientation_tablet=&#8221;center&#8221; text_orientation_phone=&#8221;&#8221; text_orientation_last_edited=&#8221;on|tablet&#8221; global_colors_info=&#8221;{}&#8221;]<\/p>\n<h2>P\u00e4ivi Tahkokallio<\/h2>\n<p><span>Muotoilufoorumiemme moderaattori P\u00e4ivi Tahkokallio on strategisen muotoilun asiantuntija ja Tahkokallio Design+ -yrityksen perustaja ja toimitusjohtaja.\u00a0<\/span><\/p>\n<p>[\/et_pb_text][et_pb_text _builder_version=&#8221;4.16&#8243; custom_margin=&#8221;||41px|||&#8221; text_orientation_tablet=&#8221;center&#8221; text_orientation_phone=&#8221;&#8221; text_orientation_last_edited=&#8221;on|tablet&#8221; global_colors_info=&#8221;{}&#8221;]<span>(FI) P\u00e4ivi oli vuosina 2019\u20132021 eurooppalaisen muotoilualan katto-organisaation BEDAn, The Bureau of European Design Associations, puheenjohtaja. BEDAan kuuluu 52 j\u00e4senorganisaatiota 27 maasta.\u00a0<\/span><\/p>\n<div>P\u00e4ivi\u00e4 on kutsuttu arktisen muotoilun \u00e4idiksi. Arktinen muotoilu varmistaa osaltaan, ett\u00e4 haastavien olosuhteiden arktista aluetta kehitet\u00e4\u00e4n kest\u00e4v\u00e4sti. P\u00e4ivill\u00e4 on vuosikymmenien mittainen kokemus vastuullisesta ja sosiaalisesta muotoilusta.<\/div>\n<p><\/p>\n<div>P\u00e4ivi on Suomen Arktisen Seuran neuvottelukunnan j\u00e4sen, Fellow of Royal Society of Arts (FRSA) ja Shanghai Academy of Fine Artsin professori.<\/div>\n<p>\nKuva: Pascal Demeester<\/p>\n<p>&nbsp;<\/p>\n<div>(EN) P\u00e4ivi Tahkokallio is the moderator of Arctic AHA! Dialogues.<\/div>\n<div><\/div>\n<div>As Founder and CEO of the strategic design agency Tahkokallio Design+ and with decades long experience on responsible and social design P\u00e4ivi has often been called the Mother of Arctic Design. The ambition of Arctic Design is to ensure that the Arctic region is developed sustainably. After the publication of the latest IPCC report on 28 Feb 2022 the ambition can only gain strength.<\/div>\n<div><\/div>\n<div>P\u00e4ivi is a Committee Member of Arctic Society of Finland and a Fellow of Royal Society of Arts FRSA.<\/div>\n<div><\/div>\n<div>Photo: Pascal Demeester<\/div>\n<p>[\/et_pb_text][\/et_pb_column][\/et_pb_row][\/et_pb_section]<\/p>\n","protected":false},"excerpt":{"rendered":"<p>Arctic Design Weekin Arctic AHA! foorumien keskustelijat 2023Tule keskustelemaan kiinnostavien asiantuntijoiden ja toisten yritt\u00e4jien kanssa foorumille liven\u00e4 Tiedekeskus Pilkkeeseen sek\u00e4 luomaan uusia kontakteja! Verkostoidu ja hy\u00f6dynn\u00e4 uudet ideat omassa ty\u00f6ss\u00e4si! &nbsp; Alessandro Colombo, Architect, Professor at Politecnico di Milano, Official Ambassador of Italian Design, Italia Hester van Dijk, Architectural Design Overtreders W, Hollanti Jonne Hellgren, [&hellip;]<\/p>\n","protected":false},"author":3,"featured_media":0,"parent":0,"menu_order":0,"comment_status":"closed","ping_status":"closed","template":"","meta":{"_acf_changed":false,"_et_pb_use_builder":"on","_et_pb_old_content":"<p>[et_pb_section fb_built=\"1\" fullwidth=\"on\" _builder_version=\"3.29.3\" locked=\"off\"][et_pb_fullwidth_header title=\"keynote-Puhujamme\" text_orientation=\"center\" admin_label=\"Kirjoita t\u00e4h\u00e4n koko sivun levyinen otsikko\" module_class=\"ylaotsikko\" _builder_version=\"4.1\" title_font=\"|300|||||||\" background_enable_color=\"off\" background_image=\"https:\/\/www.arcticdesignweek.fi\/wp-content\/uploads\/2019\/10\/ArcticDesignWeek_Tausta_tumma.jpg\"][\/et_pb_fullwidth_header][\/et_pb_section][et_pb_section fb_built=\"1\" admin_label=\"Our Teachers Section\" _builder_version=\"4.0.3\" background_enable_color=\"off\" background_enable_image=\"off\" locked=\"off\"][et_pb_row _builder_version=\"3.29.3\"][et_pb_column type=\"4_4\" _builder_version=\"3.29.3\"][et_pb_text admin_label=\"Teksti\" _builder_version=\"3.29.3\" text_orientation=\"center\" custom_margin=\"||||false|false\" custom_padding=\"||||false|false\"]<\/p><h2>Arctic Design Week Puhujat<\/h2><p>[\/et_pb_text][et_pb_divider divider_position=\"center\" divider_weight=\"2px\" disabled_on=\"off|off|off\" _builder_version=\"4.0.3\" max_width=\"100px\" module_alignment=\"center\" height=\"false\" custom_margin=\"-10px||||false|false\" animation_direction=\"top\" global_module=\"369\" saved_tabs=\"all\" locked=\"off\"][\/et_pb_divider][et_pb_text module_class=\"kavennettuingressi\" _builder_version=\"4.0.3\" text_font_size=\"18px\" text_orientation=\"center\"]<\/p><p>Tapaa kiinnostavat Keynote-puhujamme!<\/p><p>[\/et_pb_text][\/et_pb_column][\/et_pb_row][et_pb_row _builder_version=\"3.29.3\"][et_pb_column type=\"4_4\" _builder_version=\"3.29.3\"][et_pb_slider show_image_video_mobile=\"on\" dot_nav_custom_color=\"#ededed\" admin_label=\"Vieritys\" _builder_version=\"4.1\" header_level=\"h4\" header_font=\"|700|||||||\" header_font_size=\"30px\" body_font=\"||||||||\" body_font_size=\"18px\" background_color=\"#ffffff\" header_font_size_last_edited=\"off|tablet\" box_shadow_style=\"preset1\"][et_pb_slide heading=\"Keynote-puhujat\" image=\"https:\/\/www.arcticdesignweek.fi\/wp-content\/uploads\/2019\/10\/ArcticDesignWeek_owl.png\" _builder_version=\"4.1\" header_level=\"h3\" background_layout=\"light\"]<\/p><p>Julkaisemme tapahtuman huippupuhujat<\/p><p>[\/et_pb_slide][\/et_pb_slider][\/et_pb_column][\/et_pb_row][\/et_pb_section][et_pb_section fb_built=\"1\" disabled_on=\"on|on|on\" _builder_version=\"4.0.3\" disabled=\"on\"][et_pb_row column_structure=\"1_4,3_4\" _builder_version=\"4.0.2\"][et_pb_column type=\"1_4\" _builder_version=\"4.0.2\"][et_pb_image src=\"https:\/\/www.arcticdesignweek.fi\/wp-content\/uploads\/2019\/10\/Ahjo_Sari-Liia-33.jpg\" _builder_version=\"4.0.5\" background_enable_image=\"off\"][\/et_pb_image][\/et_pb_column][et_pb_column type=\"3_4\" _builder_version=\"4.0.2\"][et_pb_text _builder_version=\"4.2.2\" custom_margin_tablet=\"30px||||false|false\" custom_margin_phone=\"\" custom_margin_last_edited=\"on|desktop\" text_orientation_tablet=\"center\" text_orientation_phone=\"\" text_orientation_last_edited=\"on|tablet\"]<\/p><h2>Sari-Liia tonttila<\/h2><p>hallituksen puheenjohtaja, Ahjo Communications Oy<\/p><p>[\/et_pb_text][et_pb_text _builder_version=\"4.0.3\" text_orientation_tablet=\"center\" text_orientation_phone=\"\" text_orientation_last_edited=\"on|tablet\"]<\/p><p>Sari-Liia Tonttila uskoo merkityksen ja viestinn\u00e4n voimaan muuttaa yrityksi\u00e4 ja saada ihmiset muuttamaan maailmaa. H\u00e4nell\u00e4 on pitk\u00e4 ura yritysten ja muidenkin toimijoiden ajatusjohtajuuden\u00a0kehitt\u00e4misest\u00e4 niin kansallisesti kuin kansainv\u00e4lisesti. Sari-Liia on Viestinn\u00e4n eettisen neuvottelukunnan j\u00e4sen.<\/p><p>H\u00e4nelle on aina ollut t\u00e4rke\u00e4\u00e4, ett\u00e4 menestyv\u00e4t yritykset k\u00e4ytt\u00e4v\u00e4t vaikutusvaltaansa pelk\u00e4n tuloksen teon sijaan muuttaakseen maailmaa paremmaksi. Sen eteen h\u00e4n on ty\u00f6ss\u00e4\u00e4n ideoinut ratkaisuja.\u00a0 Vuodesta 2010 l\u00e4htien h\u00e4n on toiminut Markkinoinnin teknologian ja luovuuden liiton viestint\u00e4toimistojen hallituksessa. Sari-Liia\u00a0on entinen uutis- ja ajankohtaistoimituksen toimittaja YLElt\u00e4, jonka tulenpalavarakkaus hyv\u00e4\u00e4n journalismiin ja sis\u00e4lt\u00f6ihin ei sammu koskaan. Tiedostavan yritystoiminnan ja merkityksen viestiminen ajatusjohtajuutta rakentamalla on Tonttilan\u00a0 23 vuoden viestint\u00e4toimistoty\u00f6uran kohokohta. Se on juuri nyt.\u00a0<\/p><p>[\/et_pb_text][et_pb_social_media_follow _builder_version=\"4.0.2\" text_orientation_tablet=\"center\" text_orientation_phone=\"\" text_orientation_last_edited=\"on|phone\" border_radii=\"on|50%|50%|50%|50%\"][et_pb_social_media_follow_network social_network=\"facebook\" _builder_version=\"4.0.2\" background_color=\"#3b5998\" follow_button=\"off\" url_new_window=\"on\"]facebook[\/et_pb_social_media_follow_network][et_pb_social_media_follow_network social_network=\"twitter\" _builder_version=\"4.0.2\" background_color=\"#00aced\" follow_button=\"off\" url_new_window=\"on\"]twitter[\/et_pb_social_media_follow_network][\/et_pb_social_media_follow][\/et_pb_column][\/et_pb_row][et_pb_row _builder_version=\"4.0.2\"][et_pb_column type=\"4_4\" _builder_version=\"4.0.2\"][et_pb_divider _builder_version=\"4.0.2\"][\/et_pb_divider][\/et_pb_column][\/et_pb_row][et_pb_row column_structure=\"1_4,3_4\" _builder_version=\"4.0.2\"][et_pb_column type=\"1_4\" _builder_version=\"4.0.2\"][et_pb_image src=\"https:\/\/www.arcticdesignweek.fi\/wp-content\/uploads\/2019\/11\/thumbnail_image001-1-300x300.jpg\" _builder_version=\"4.0.5\" background_enable_image=\"off\"][\/et_pb_image][\/et_pb_column][et_pb_column type=\"3_4\" _builder_version=\"4.0.2\"][et_pb_text _builder_version=\"4.2.2\" custom_margin_tablet=\"30px||||false|false\" custom_margin_phone=\"\" custom_margin_last_edited=\"on|desktop\" text_orientation_tablet=\"center\" text_orientation_phone=\"\" text_orientation_last_edited=\"on|tablet\"]<\/p><h3>Terhi Koipij\u00e4rvi<\/h3><p>[\/et_pb_text][et_pb_text _builder_version=\"4.2.2\" text_orientation_tablet=\"center\" text_orientation_phone=\"\" text_orientation_last_edited=\"on|tablet\"]<\/p><p>Mets\u00e4nhoitaja<\/p><p>Terhi Koipij\u00e4rvi on Mets\u00e4hallituksen viestint\u00e4johtaja. Koipij\u00e4rvell\u00e4 on pitk\u00e4 kokemus mets\u00e4sektorin eri johtoteht\u00e4vist\u00e4 ja vastuullisuusty\u00f6n johtamisesta sek\u00e4 kotimaassa ett\u00e4 kansainv\u00e4lisesti.<\/p><p>[\/et_pb_text][\/et_pb_column][\/et_pb_row][et_pb_row _builder_version=\"4.0.2\"][et_pb_column type=\"4_4\" _builder_version=\"4.0.2\"][et_pb_divider _builder_version=\"4.0.2\"][\/et_pb_divider][\/et_pb_column][\/et_pb_row][et_pb_row column_structure=\"1_4,3_4\" _builder_version=\"4.0.2\"][et_pb_column type=\"1_4\" _builder_version=\"4.0.2\"][et_pb_image src=\"https:\/\/www.arcticdesignweek.fi\/wp-content\/uploads\/2019\/12\/Josefin-Emilia-EOE-EYEWEAR.jpeg\" _builder_version=\"4.0.9\" background_enable_image=\"off\"][\/et_pb_image][\/et_pb_column][et_pb_column type=\"3_4\" _builder_version=\"4.0.2\"][et_pb_text _builder_version=\"4.2.2\" custom_margin_tablet=\"30px||||false|false\" custom_margin_phone=\"\" custom_margin_last_edited=\"on|desktop\" text_orientation_tablet=\"center\" text_orientation_phone=\"\" text_orientation_last_edited=\"on|tablet\"]<\/p><h2>Emilia Lindmark and Josefin Gustafsson<\/h2><p>[\/et_pb_text][et_pb_text _builder_version=\"4.2.2\" text_orientation_tablet=\"center\" text_orientation_phone=\"\" text_orientation_last_edited=\"on|tablet\"]<\/p><p>Founder and PR and communication manager<\/p><p>EOE Eyewear is a Swedish brand, founded by Erik and Emilia Lindmark in 2010 during a snowmobile ride in the small village of Ammarna\u0308s in Swedish Lapland. The vision was to state eyewear as an obvious accessory for each and every occasion. EOE is created out of love for the elegance and simplicity of Swedish design, combined with the barren beauty of the nature in Swedish Lapland. The frames are sustainably produced and completely recyclable and biodegradable. The heritage from the Swedish north is reflected both in the names and colors of the eyewear, not least in the details and materials brought from the wild and beautiful nature.<\/p><p>[\/et_pb_text][\/et_pb_column][\/et_pb_row][et_pb_row _builder_version=\"4.0.2\"][et_pb_column type=\"4_4\" _builder_version=\"4.0.2\"][et_pb_divider _builder_version=\"4.0.2\"][\/et_pb_divider][\/et_pb_column][\/et_pb_row][et_pb_row column_structure=\"1_4,3_4\" _builder_version=\"4.0.2\"][et_pb_column type=\"1_4\" _builder_version=\"4.0.2\"][et_pb_image src=\"https:\/\/www.arcticdesignweek.fi\/wp-content\/uploads\/2020\/01\/Heidi-Kananen.jpg\" _builder_version=\"4.1\" background_enable_image=\"off\"][\/et_pb_image][\/et_pb_column][et_pb_column type=\"3_4\" _builder_version=\"4.0.2\"][et_pb_text _builder_version=\"4.2.2\" custom_margin_tablet=\"30px||||false|false\" custom_margin_phone=\"\" custom_margin_last_edited=\"on|desktop\" text_orientation_tablet=\"center\" text_orientation_phone=\"\" text_orientation_last_edited=\"on|tablet\"]<\/p><h2>Heidi Kananen, KTM, YTM,\u00a0<\/h2><p>[\/et_pb_text][et_pb_text _builder_version=\"4.2.2\" text_orientation_tablet=\"center\" text_orientation_phone=\"\" text_orientation_last_edited=\"on|tablet\"]<\/p><p>Kehitysp\u00e4\u00e4llikk\u00f6 Kaleva Media<\/p><p>Heidi Kananen vastaa Kaleva Mediassa asiakaskokemuksen johtamisesta ja kehitt\u00e4\u00e4 asiakkaisiin ja sis\u00e4lt\u00f6ihin liittyvi\u00e4 data-, analytiikka- ja teko\u00e4lyratkaisuja. H\u00e4n toimii kouluttajana teko\u00e4lyn hy\u00f6dynt\u00e4misest\u00e4 liiketoiminnassa ja on kirjoittanut kirjan Teko\u00e4ly -bisneksen uudet ty\u00f6kalut yhdess\u00e4 Harri Puolitaipaleen kanssa.<\/p><p>[\/et_pb_text][\/et_pb_column][\/et_pb_row][et_pb_row _builder_version=\"4.0.2\"][et_pb_column type=\"4_4\" _builder_version=\"4.0.2\"][et_pb_divider _builder_version=\"4.0.2\"][\/et_pb_divider][\/et_pb_column][\/et_pb_row][et_pb_row column_structure=\"1_4,3_4\" _builder_version=\"4.0.2\"][et_pb_column type=\"1_4\" _builder_version=\"4.0.2\"][et_pb_image src=\"https:\/\/www.arcticdesignweek.fi\/wp-content\/uploads\/2020\/01\/Stefan-Moritz.jpg\" _builder_version=\"4.2.2\" background_enable_image=\"off\"][\/et_pb_image][\/et_pb_column][et_pb_column type=\"3_4\" _builder_version=\"4.0.2\"][et_pb_text _builder_version=\"4.2.2\" custom_margin_tablet=\"30px||||false|false\" custom_margin_phone=\"\" custom_margin_last_edited=\"on|desktop\" text_orientation_tablet=\"center\" text_orientation_phone=\"\" text_orientation_last_edited=\"on|tablet\"]<\/p><h2>Stefan Moritz<\/h2><p>[\/et_pb_text][et_pb_text _builder_version=\"4.2.2\" text_orientation_tablet=\"center\" text_orientation_phone=\"\" text_orientation_last_edited=\"on|tablet\"]<\/p><p>Hei<\/p><p>[\/et_pb_text][\/et_pb_column][\/et_pb_row][et_pb_row _builder_version=\"4.0.2\"][et_pb_column type=\"4_4\" _builder_version=\"4.0.2\"][et_pb_divider _builder_version=\"4.0.2\"][\/et_pb_divider][\/et_pb_column][\/et_pb_row][et_pb_row column_structure=\"1_4,3_4\" _builder_version=\"4.0.2\"][et_pb_column type=\"1_4\" _builder_version=\"4.0.2\"][et_pb_image src=\"https:\/\/www.arcticdesignweek.fi\/wp-content\/uploads\/2020\/01\/Ga\u00eblle-le-G\u00e9lard.jpg\" _builder_version=\"4.2.2\" background_enable_image=\"off\"][\/et_pb_image][\/et_pb_column][et_pb_column type=\"3_4\" _builder_version=\"4.0.2\"][et_pb_text _builder_version=\"4.2.2\" custom_margin_tablet=\"30px||||false|false\" custom_margin_phone=\"\" custom_margin_last_edited=\"on|desktop\" text_orientation_tablet=\"center\" text_orientation_phone=\"\" text_orientation_last_edited=\"on|tablet\"]<\/p><h2>Ga\u00eblle le G\u00e9lard<\/h2><p>[\/et_pb_text][et_pb_text _builder_version=\"4.2.2\" text_orientation_tablet=\"center\" text_orientation_phone=\"\" text_orientation_last_edited=\"on|tablet\"]<\/p><p>Heid<\/p><p>[\/et_pb_text][\/et_pb_column][\/et_pb_row][et_pb_row _builder_version=\"4.0.2\"][et_pb_column type=\"4_4\" _builder_version=\"4.0.2\"][et_pb_divider _builder_version=\"4.0.2\"][\/et_pb_divider][\/et_pb_column][\/et_pb_row][et_pb_row column_structure=\"1_4,3_4\" _builder_version=\"4.0.2\"][et_pb_column type=\"1_4\" _builder_version=\"4.0.2\"][et_pb_image src=\"https:\/\/www.arcticdesignweek.fi\/wp-content\/uploads\/2020\/01\/Mika-in-Blue.jpg\" _builder_version=\"4.2.2\" background_enable_image=\"off\"][\/et_pb_image][\/et_pb_column][et_pb_column type=\"3_4\" _builder_version=\"4.0.2\"][et_pb_text _builder_version=\"4.2.2\" custom_margin_tablet=\"30px||||false|false\" custom_margin_phone=\"\" custom_margin_last_edited=\"on|desktop\" text_orientation_tablet=\"center\" text_orientation_phone=\"\" text_orientation_last_edited=\"on|tablet\"]<\/p><h2>Mika Aaltonen<\/h2><p>[\/et_pb_text][et_pb_text _builder_version=\"4.2.2\" text_orientation_tablet=\"center\" text_orientation_phone=\"\" text_orientation_last_edited=\"on|tablet\"]<\/p><p>Mika Aaltonen on kauppatieteen tohtori, ennakoinnin ja kompleksisuuden dosentti, E:CO (Emergence: Complexity & Organizations) sek\u00e4 European Futures Research aikakausilehtien toimituskunnan j\u00e4sen, Royal Society of Artsin j\u00e4sen, The Millennium Projectin j\u00e4sen, Soprano Oyj:n hallituksen j\u00e4sen, Valtion liikuntaneuvoston ennakointijaoston j\u00e4sen, Kirkon liikunta- ja urheiluneuvottelukunnan j\u00e4sen ja tutkimusjohtaja FCG:ssa.<\/p><p>Mika Aaltonen on konsultoinut useiden eri maiden hallituksia ja suuryritysten ylint\u00e4 johtoa. H\u00e4n on kirjoittanut 12 kirjaa ja lukuisia artikkeleita p\u00e4\u00e4t\u00f6ksenteosta, ennakoinnista ja yhteiskunnan muutoksesta. H\u00e4nen viimeiset suomalaista yhteiskuntaa k\u00e4sittelev\u00e4t kirjoituksensa ovat Ei vain urheilua \u2013 liikunnan ja urheilun merkitys yhteiskunnan uusiutumisen kannalta (2016) Valtion liikuntaneuvoston toimeksianto, Suomi ja SOTE 2040 \u2013 kohti taloudellisesti, sosiaalisesti ja moraalisesti kest\u00e4v\u00e4\u00e4 Suomea (2016) professori Erkki Vauramon kanssa sek\u00e4 El\u00e4kepommi ei tule kuin varas y\u00f6ll\u00e4 (2017) Jack Ilmosen ja Hannu Kahran kanssa. Laajempaa eurooppalaista ja globaalia muutosta k\u00e4sittelev\u00e4t Arktinen Myrsky ja Crossroads \u2013 transformations on the road to 2040 (2015) amerikkalaisen analyytikon Michael Loescherin kanssa, Renaissance Society (2013) ja Storm Warning (2017) tanskalaisen futuristin Rolf Jensenin kanssa sek\u00e4 Sustainability Manifesto Shellin skenaariosuunnittelijana tunnetun Ian Dunlopin ja YK:n entisen policy planning yksik\u00f6n johtajan Tapio Kannisen kanssa.<\/p><p><strong>Mikan teemoja ovat; strategia, p\u00e4\u00e4t\u00f6ksenteko, ennakointi, kompleksisuus, trendit ja muuttuva yhteiskunta.<\/strong><\/p><p>[\/et_pb_text][\/et_pb_column][\/et_pb_row][et_pb_row _builder_version=\"4.0.2\"][et_pb_column type=\"4_4\" _builder_version=\"4.0.2\"][et_pb_divider _builder_version=\"4.0.2\"][\/et_pb_divider][\/et_pb_column][\/et_pb_row][et_pb_row column_structure=\"1_4,3_4\" _builder_version=\"4.0.2\"][et_pb_column type=\"1_4\" _builder_version=\"4.0.2\"][et_pb_image src=\"https:\/\/www.arcticdesignweek.fi\/wp-content\/uploads\/2020\/01\/Hakkarainen-Maria_Matrikkelikuva.jpg\" _builder_version=\"4.2.2\" background_enable_image=\"off\" hover_enabled=\"0\"][\/et_pb_image][\/et_pb_column][et_pb_column type=\"3_4\" _builder_version=\"4.0.2\"][et_pb_text _builder_version=\"4.2.2\" custom_margin_tablet=\"30px||||false|false\" custom_margin_phone=\"\" custom_margin_last_edited=\"on|desktop\" hover_enabled=\"0\" text_orientation_tablet=\"center\" text_orientation_phone=\"\" text_orientation_last_edited=\"on|tablet\"]<\/p><h2>Maria Hakkarainen YTT ja Minni Haanp\u00e4\u00e4 YTT<\/h2><p>[\/et_pb_text][et_pb_text _builder_version=\"4.2.2\" hover_enabled=\"0\" text_orientation_tablet=\"center\" text_orientation_phone=\"\" text_orientation_last_edited=\"on|tablet\"]<\/p><p><strong>Miten matkailijat liikkuvat tulevaisuudessa? Arktista liikkumisen ekosysteemi\u00e4 muotoilemassa<\/strong><\/p><p>Maria Hakkarainen (YTT) toimii yliopistonlehtorina Lapin yliopistossa, Matkailualan tutkimus- ja koulutusinstituutissa. Maria on erikoistunut matkailun osallistavien talouksien kysymyksiin ja h\u00e4nen keskeinen osaamisensa keskittyy matkailun liikkumisen ekosysteemeihin, matkailun jakamistalouteen, osallistaviin tutkimusmenetelmiin sek\u00e4 projektikehitt\u00e4miseen. Maria on ollut mukana useissa kansallisen ja alueellisen tason matkailun kehitt\u00e4mishankkeissa ja -prosesseissa. Parhaillaan h\u00e4n ty\u00f6skentelee projektip\u00e4\u00e4llikk\u00f6n\u00e4 Business Finlandin rahoittamassa Foreign Individual travelers Hospitality and Mobility Ecosystem, FIT ME! -hankkeessa.<\/p><p>Maria Hakkarainen (YTT) toimii yliopistonlehtorina Lapin yliopistossa, Matkailualan tutkimus- ja koulutusinstituutissa. Maria on erikoistunut matkailun osallistavien talouksien kysymyksiin ja h\u00e4nen keskeinen osaamisensa keskittyy matkailun liikkumisen ekosysteemeihin, matkailun jakamistalouteen, osallistaviin tutkimusmenetelmiin sek\u00e4 projektikehitt\u00e4miseen. Maria on ollut mukana useissa kansallisen ja alueellisen tason matkailun kehitt\u00e4mishankkeissa ja -prosesseissa. Parhaillaan h\u00e4n ty\u00f6skentelee projektip\u00e4\u00e4llikk\u00f6n\u00e4 Business Finlandin rahoittamassa Foreign Individual travelers Hospitality and Mobility Ecosystem, FIT ME! -hankkeessa.<\/p><p>[\/et_pb_text][\/et_pb_column][\/et_pb_row][et_pb_row _builder_version=\"4.0.2\"][et_pb_column type=\"4_4\" _builder_version=\"4.0.2\"][et_pb_divider _builder_version=\"4.0.2\"][\/et_pb_divider][\/et_pb_column][\/et_pb_row][et_pb_row column_structure=\"1_4,3_4\" _builder_version=\"4.0.2\"][et_pb_column type=\"1_4\" _builder_version=\"4.0.2\"][et_pb_image _builder_version=\"4.2.2\" background_enable_image=\"off\"][\/et_pb_image][\/et_pb_column][et_pb_column type=\"3_4\" _builder_version=\"4.0.2\"][et_pb_text _builder_version=\"4.2.2\" custom_margin_tablet=\"30px||||false|false\" custom_margin_phone=\"\" custom_margin_last_edited=\"on|desktop\" text_orientation_tablet=\"center\" text_orientation_phone=\"\" text_orientation_last_edited=\"on|tablet\"]<\/p><h2>Johannes Torpe<\/h2><p>[\/et_pb_text][et_pb_text _builder_version=\"4.2.2\" text_orientation_tablet=\"center\" text_orientation_phone=\"\" text_orientation_last_edited=\"on|tablet\"]<\/p><p>Hei<\/p><p>[\/et_pb_text][\/et_pb_column][\/et_pb_row][et_pb_row _builder_version=\"4.0.2\"][et_pb_column type=\"4_4\" _builder_version=\"4.0.2\"][et_pb_divider _builder_version=\"4.0.2\"][\/et_pb_divider][\/et_pb_column][\/et_pb_row][et_pb_row column_structure=\"1_4,3_4\" _builder_version=\"4.0.2\"][et_pb_column type=\"1_4\" _builder_version=\"4.0.2\"][et_pb_image _builder_version=\"4.2.2\" background_enable_image=\"off\"][\/et_pb_image][\/et_pb_column][et_pb_column type=\"3_4\" _builder_version=\"4.0.2\"][et_pb_text _builder_version=\"4.2.2\" custom_margin_tablet=\"30px||||false|false\" custom_margin_phone=\"\" custom_margin_last_edited=\"on|desktop\" text_orientation_tablet=\"center\" text_orientation_phone=\"\" text_orientation_last_edited=\"on|tablet\"]<\/p><h2>Hanna Johnson<\/h2><p>[\/et_pb_text][et_pb_text _builder_version=\"4.2.2\" text_orientation_tablet=\"center\" text_orientation_phone=\"\" text_orientation_last_edited=\"on|tablet\"]<\/p><p>He<\/p><p>[\/et_pb_text][\/et_pb_column][\/et_pb_row][et_pb_row _builder_version=\"4.0.2\"][et_pb_column type=\"4_4\" _builder_version=\"4.0.2\"][et_pb_divider _builder_version=\"4.0.2\"][\/et_pb_divider][\/et_pb_column][\/et_pb_row][et_pb_row column_structure=\"1_4,3_4\" _builder_version=\"4.0.2\"][et_pb_column type=\"1_4\" _builder_version=\"4.0.2\"][et_pb_image _builder_version=\"4.2.2\" background_enable_image=\"off\"][\/et_pb_image][\/et_pb_column][et_pb_column type=\"3_4\" _builder_version=\"4.0.2\"][et_pb_text _builder_version=\"4.2.2\" custom_margin_tablet=\"30px||||false|false\" custom_margin_phone=\"\" custom_margin_last_edited=\"on|desktop\" text_orientation_tablet=\"center\" text_orientation_phone=\"\" text_orientation_last_edited=\"on|tablet\"]<\/p><h2>Essi Sundman<\/h2><p>[\/et_pb_text][et_pb_text _builder_version=\"4.2.2\" text_orientation_tablet=\"center\" text_orientation_phone=\"\" text_orientation_last_edited=\"on|tablet\"]<\/p><p>He<\/p><p>[\/et_pb_text][\/et_pb_column][\/et_pb_row][et_pb_row _builder_version=\"4.0.2\"][et_pb_column type=\"4_4\" _builder_version=\"4.0.2\"][et_pb_divider _builder_version=\"4.0.2\"][\/et_pb_divider][\/et_pb_column][\/et_pb_row][et_pb_row column_structure=\"1_4,3_4\" _builder_version=\"4.0.2\"][et_pb_column type=\"1_4\" _builder_version=\"4.0.2\"][et_pb_image _builder_version=\"4.2.2\" background_enable_image=\"off\"][\/et_pb_image][\/et_pb_column][et_pb_column type=\"3_4\" _builder_version=\"4.0.2\"][et_pb_text _builder_version=\"4.2.2\" custom_margin_tablet=\"30px||||false|false\" custom_margin_phone=\"\" custom_margin_last_edited=\"on|desktop\" text_orientation_tablet=\"center\" text_orientation_phone=\"\" text_orientation_last_edited=\"on|tablet\"]<\/p><h2>Pekka Kilpel\u00e4inen ja Heikki Koivurova<\/h2><p>[\/et_pb_text][et_pb_text _builder_version=\"4.2.2\" text_orientation_tablet=\"center\" text_orientation_phone=\"\" text_orientation_last_edited=\"on|tablet\"]<\/p><p>He<\/p><p>[\/et_pb_text][\/et_pb_column][\/et_pb_row][\/et_pb_section]<\/p>","_et_gb_content_width":"","inline_featured_image":false,"footnotes":""},"class_list":["post-5496","page","type-page","status-publish","hentry"],"acf":[],"yoast_head":"<!-- This site is optimized with the Yoast SEO plugin v26.6 - https:\/\/yoast.com\/wordpress\/plugins\/seo\/ -->\n<title>Key Speakers - Arctic Design Week<\/title>\n<meta name=\"robots\" content=\"index, follow, max-snippet:-1, max-image-preview:large, max-video-preview:-1\" \/>\n<link rel=\"canonical\" href=\"https:\/\/www.arcticdesignweek.fi\/en\/key-speakers\/\" \/>\n<meta property=\"og:locale\" content=\"en_US\" \/>\n<meta property=\"og:type\" content=\"article\" \/>\n<meta property=\"og:title\" content=\"Key Speakers - Arctic Design Week\" \/>\n<meta property=\"og:description\" content=\"Arctic Design Weekin Arctic AHA! foorumien keskustelijat 2023Tule keskustelemaan kiinnostavien asiantuntijoiden ja toisten yritt\u00e4jien kanssa foorumille liven\u00e4 Tiedekeskus Pilkkeeseen sek\u00e4 luomaan uusia kontakteja! Verkostoidu ja hy\u00f6dynn\u00e4 uudet ideat omassa ty\u00f6ss\u00e4si! &nbsp; Alessandro Colombo, Architect, Professor at Politecnico di Milano, Official Ambassador of Italian Design, Italia Hester van Dijk, Architectural Design Overtreders W, Hollanti Jonne Hellgren, [&hellip;]\" \/>\n<meta property=\"og:url\" content=\"https:\/\/www.arcticdesignweek.fi\/en\/key-speakers\/\" \/>\n<meta property=\"og:site_name\" content=\"Arctic Design Week\" \/>\n<meta property=\"article:publisher\" content=\"https:\/\/www.facebook.com\/arcticdesignweek\" \/>\n<meta property=\"article:modified_time\" content=\"2023-03-20T19:37:24+00:00\" \/>\n<meta property=\"og:image\" content=\"https:\/\/www.arcticdesignweek.fi\/wp-content\/uploads\/2019\/10\/ArcticDesignWeek_Alisivu_1.jpg\" \/>\n\t<meta property=\"og:image:width\" content=\"1400\" \/>\n\t<meta property=\"og:image:height\" content=\"578\" \/>\n\t<meta property=\"og:image:type\" content=\"image\/jpeg\" \/>\n<meta name=\"twitter:card\" content=\"summary_large_image\" \/>\n<meta name=\"twitter:site\" content=\"@Arctic_D_Week\" \/>\n<meta name=\"twitter:label1\" content=\"Est. reading time\" \/>\n\t<meta name=\"twitter:data1\" content=\"54 minutes\" \/>\n<script type=\"application\/ld+json\" class=\"yoast-schema-graph\">{\"@context\":\"https:\/\/schema.org\",\"@graph\":[{\"@type\":\"WebPage\",\"@id\":\"https:\/\/www.arcticdesignweek.fi\/en\/key-speakers\/\",\"url\":\"https:\/\/www.arcticdesignweek.fi\/en\/key-speakers\/\",\"name\":\"Key Speakers - Arctic Design Week\",\"isPartOf\":{\"@id\":\"https:\/\/www.arcticdesignweek.fi\/en\/#website\"},\"datePublished\":\"2020-02-06T11:36:08+00:00\",\"dateModified\":\"2023-03-20T19:37:24+00:00\",\"breadcrumb\":{\"@id\":\"https:\/\/www.arcticdesignweek.fi\/en\/key-speakers\/#breadcrumb\"},\"inLanguage\":\"en-US\",\"potentialAction\":[{\"@type\":\"ReadAction\",\"target\":[\"https:\/\/www.arcticdesignweek.fi\/en\/key-speakers\/\"]}]},{\"@type\":\"BreadcrumbList\",\"@id\":\"https:\/\/www.arcticdesignweek.fi\/en\/key-speakers\/#breadcrumb\",\"itemListElement\":[{\"@type\":\"ListItem\",\"position\":1,\"name\":\"Home\",\"item\":\"https:\/\/www.arcticdesignweek.fi\/en\/\"},{\"@type\":\"ListItem\",\"position\":2,\"name\":\"Key Speakers\"}]},{\"@type\":\"WebSite\",\"@id\":\"https:\/\/www.arcticdesignweek.fi\/en\/#website\",\"url\":\"https:\/\/www.arcticdesignweek.fi\/en\/\",\"name\":\"Arctic Design Week\",\"description\":\"2020\",\"publisher\":{\"@id\":\"https:\/\/www.arcticdesignweek.fi\/en\/#organization\"},\"potentialAction\":[{\"@type\":\"SearchAction\",\"target\":{\"@type\":\"EntryPoint\",\"urlTemplate\":\"https:\/\/www.arcticdesignweek.fi\/en\/?s={search_term_string}\"},\"query-input\":{\"@type\":\"PropertyValueSpecification\",\"valueRequired\":true,\"valueName\":\"search_term_string\"}}],\"inLanguage\":\"en-US\"},{\"@type\":\"Organization\",\"@id\":\"https:\/\/www.arcticdesignweek.fi\/en\/#organization\",\"name\":\"Arctic Design Week\",\"url\":\"https:\/\/www.arcticdesignweek.fi\/en\/\",\"logo\":{\"@type\":\"ImageObject\",\"inLanguage\":\"en-US\",\"@id\":\"https:\/\/www.arcticdesignweek.fi\/en\/#\/schema\/logo\/image\/\",\"url\":\"https:\/\/www.arcticdesignweek.fi\/wp-content\/uploads\/2019\/11\/ArcticDesignWeek_Favicon_600px.jpg\",\"contentUrl\":\"https:\/\/www.arcticdesignweek.fi\/wp-content\/uploads\/2019\/11\/ArcticDesignWeek_Favicon_600px.jpg\",\"width\":600,\"height\":600,\"caption\":\"Arctic Design Week\"},\"image\":{\"@id\":\"https:\/\/www.arcticdesignweek.fi\/en\/#\/schema\/logo\/image\/\"},\"sameAs\":[\"https:\/\/www.facebook.com\/arcticdesignweek\",\"https:\/\/x.com\/Arctic_D_Week\",\"https:\/\/www.instagram.com\/arcticdesignweek\/\",\"https:\/\/www.youtube.com\/channel\/UCvGHdF2zXScI_wKMCswPbUQ\"]}]}<\/script>\n<!-- \/ Yoast SEO plugin. -->","yoast_head_json":{"title":"Key Speakers - Arctic Design Week","robots":{"index":"index","follow":"follow","max-snippet":"max-snippet:-1","max-image-preview":"max-image-preview:large","max-video-preview":"max-video-preview:-1"},"canonical":"https:\/\/www.arcticdesignweek.fi\/en\/key-speakers\/","og_locale":"en_US","og_type":"article","og_title":"Key Speakers - Arctic Design Week","og_description":"Arctic Design Weekin Arctic AHA! foorumien keskustelijat 2023Tule keskustelemaan kiinnostavien asiantuntijoiden ja toisten yritt\u00e4jien kanssa foorumille liven\u00e4 Tiedekeskus Pilkkeeseen sek\u00e4 luomaan uusia kontakteja! Verkostoidu ja hy\u00f6dynn\u00e4 uudet ideat omassa ty\u00f6ss\u00e4si! &nbsp; Alessandro Colombo, Architect, Professor at Politecnico di Milano, Official Ambassador of Italian Design, Italia Hester van Dijk, Architectural Design Overtreders W, Hollanti Jonne Hellgren, [&hellip;]","og_url":"https:\/\/www.arcticdesignweek.fi\/en\/key-speakers\/","og_site_name":"Arctic Design Week","article_publisher":"https:\/\/www.facebook.com\/arcticdesignweek","article_modified_time":"2023-03-20T19:37:24+00:00","og_image":[{"width":1400,"height":578,"url":"https:\/\/www.arcticdesignweek.fi\/wp-content\/uploads\/2019\/10\/ArcticDesignWeek_Alisivu_1.jpg","type":"image\/jpeg"}],"twitter_card":"summary_large_image","twitter_site":"@Arctic_D_Week","twitter_misc":{"Est. reading time":"54 minutes"},"schema":{"@context":"https:\/\/schema.org","@graph":[{"@type":"WebPage","@id":"https:\/\/www.arcticdesignweek.fi\/en\/key-speakers\/","url":"https:\/\/www.arcticdesignweek.fi\/en\/key-speakers\/","name":"Key Speakers - Arctic Design Week","isPartOf":{"@id":"https:\/\/www.arcticdesignweek.fi\/en\/#website"},"datePublished":"2020-02-06T11:36:08+00:00","dateModified":"2023-03-20T19:37:24+00:00","breadcrumb":{"@id":"https:\/\/www.arcticdesignweek.fi\/en\/key-speakers\/#breadcrumb"},"inLanguage":"en-US","potentialAction":[{"@type":"ReadAction","target":["https:\/\/www.arcticdesignweek.fi\/en\/key-speakers\/"]}]},{"@type":"BreadcrumbList","@id":"https:\/\/www.arcticdesignweek.fi\/en\/key-speakers\/#breadcrumb","itemListElement":[{"@type":"ListItem","position":1,"name":"Home","item":"https:\/\/www.arcticdesignweek.fi\/en\/"},{"@type":"ListItem","position":2,"name":"Key Speakers"}]},{"@type":"WebSite","@id":"https:\/\/www.arcticdesignweek.fi\/en\/#website","url":"https:\/\/www.arcticdesignweek.fi\/en\/","name":"Arctic Design Week","description":"2020","publisher":{"@id":"https:\/\/www.arcticdesignweek.fi\/en\/#organization"},"potentialAction":[{"@type":"SearchAction","target":{"@type":"EntryPoint","urlTemplate":"https:\/\/www.arcticdesignweek.fi\/en\/?s={search_term_string}"},"query-input":{"@type":"PropertyValueSpecification","valueRequired":true,"valueName":"search_term_string"}}],"inLanguage":"en-US"},{"@type":"Organization","@id":"https:\/\/www.arcticdesignweek.fi\/en\/#organization","name":"Arctic Design Week","url":"https:\/\/www.arcticdesignweek.fi\/en\/","logo":{"@type":"ImageObject","inLanguage":"en-US","@id":"https:\/\/www.arcticdesignweek.fi\/en\/#\/schema\/logo\/image\/","url":"https:\/\/www.arcticdesignweek.fi\/wp-content\/uploads\/2019\/11\/ArcticDesignWeek_Favicon_600px.jpg","contentUrl":"https:\/\/www.arcticdesignweek.fi\/wp-content\/uploads\/2019\/11\/ArcticDesignWeek_Favicon_600px.jpg","width":600,"height":600,"caption":"Arctic Design Week"},"image":{"@id":"https:\/\/www.arcticdesignweek.fi\/en\/#\/schema\/logo\/image\/"},"sameAs":["https:\/\/www.facebook.com\/arcticdesignweek","https:\/\/x.com\/Arctic_D_Week","https:\/\/www.instagram.com\/arcticdesignweek\/","https:\/\/www.youtube.com\/channel\/UCvGHdF2zXScI_wKMCswPbUQ"]}]}},"_links":{"self":[{"href":"https:\/\/www.arcticdesignweek.fi\/en\/wp-json\/wp\/v2\/pages\/5496","targetHints":{"allow":["GET"]}}],"collection":[{"href":"https:\/\/www.arcticdesignweek.fi\/en\/wp-json\/wp\/v2\/pages"}],"about":[{"href":"https:\/\/www.arcticdesignweek.fi\/en\/wp-json\/wp\/v2\/types\/page"}],"author":[{"embeddable":true,"href":"https:\/\/www.arcticdesignweek.fi\/en\/wp-json\/wp\/v2\/users\/3"}],"replies":[{"embeddable":true,"href":"https:\/\/www.arcticdesignweek.fi\/en\/wp-json\/wp\/v2\/comments?post=5496"}],"version-history":[{"count":68,"href":"https:\/\/www.arcticdesignweek.fi\/en\/wp-json\/wp\/v2\/pages\/5496\/revisions"}],"predecessor-version":[{"id":12346,"href":"https:\/\/www.arcticdesignweek.fi\/en\/wp-json\/wp\/v2\/pages\/5496\/revisions\/12346"}],"wp:attachment":[{"href":"https:\/\/www.arcticdesignweek.fi\/en\/wp-json\/wp\/v2\/media?parent=5496"}],"curies":[{"name":"wp","href":"https:\/\/api.w.org\/{rel}","templated":true}]}}